{"id":36,"date":"2025-06-05T08:43:06","date_gmt":"2025-06-05T06:43:06","guid":{"rendered":"https:\/\/www.biokari.sk\/?page_id=36"},"modified":"2025-10-28T13:44:02","modified_gmt":"2025-10-28T12:44:02","slug":"obchodne-a-reklamacne-podmienky","status":"publish","type":"page","link":"https:\/\/www.biokari.sk\/hu\/ertekesitesi-feltetelek-es-kovetelesek\/","title":{"rendered":"\u00c9rt\u00e9kes\u00edt\u00e9si felt\u00e9telek \u00e9s panaszok"},"content":{"rendered":"<div data-elementor-type=\"wp-page\" data-elementor-id=\"36\" class=\"elementor elementor-36\" data-elementor-post-type=\"page\">\n\t\t\t\t<div class=\"elementor-element elementor-element-247bb4d e-flex e-con-boxed e-con e-parent\" data-id=\"247bb4d\" data-element_type=\"container\">\n\t\t\t\t\t<div class=\"e-con-inner\">\n\t\t\t\t<div class=\"elementor-element elementor-element-0f2fa8e elementor-widget elementor-widget-n-accordion\" data-id=\"0f2fa8e\" data-element_type=\"widget\" data-settings=\"{&quot;default_state&quot;:&quot;expanded&quot;,&quot;max_items_expended&quot;:&quot;one&quot;,&quot;n_accordion_animation_duration&quot;:{&quot;unit&quot;:&quot;ms&quot;,&quot;size&quot;:400,&quot;sizes&quot;:[]}}\" data-widget_type=\"nested-accordion.default\">\n\t\t\t\t<div class=\"elementor-widget-container\">\n\t\t\t\t\t\t\t<div class=\"e-n-accordion\" aria-label=\"Harmonika. A linkeket az Enter vagy a sz\u00f3k\u00f6z billenty\u0171vel nyithatja meg, az Escape billenty\u0171vel z\u00e1rhatja be, \u00e9s a ny\u00edlbillenty\u0171kkel navig\u00e1lhat.\">\n\t\t\t\t\t\t<details id=\"e-n-accordion-item-1590\" class=\"e-n-accordion-item\" open>\n\t\t\t\t<summary class=\"e-n-accordion-item-title\" data-accordion-index=\"1\" tabindex=\"0\" aria-expanded=\"true\" aria-controls=\"e-n-accordion-item-1590\" >\n\t\t\t\t\t<span class='e-n-accordion-item-title-header'><h4 class=\"e-n-accordion-item-title-text\"> Art. 1 Bevezet\u0151 rendelkez\u00e9sek <\/h4><\/span>\n\t\t\t\t\t\t\t<span class='e-n-accordion-item-title-icon'>\n\t\t\t<span class='e-opened' ><svg aria-hidden=\"true\" class=\"e-font-icon-svg e-fas-minus\" viewbox=\"0 0 448 512\" xmlns=\"http:\/\/www.w3.org\/2000\/svg\"><path d=\"M416 208H32c-17.67 0-32 14.33-32 32v32c0 17.67 14.33 32 32 32h384c17.67 0 32-14.33 32-32v-32c0-17.67-14.33-32-32-32z\"><\/path><\/svg><\/span>\n\t\t\t<span class='e-closed'><svg aria-hidden=\"true\" class=\"e-font-icon-svg e-fas-plus\" viewbox=\"0 0 448 512\" xmlns=\"http:\/\/www.w3.org\/2000\/svg\"><path d=\"M416 208H272V64c0-17.67-14.33-32-32-32h-32c-17.67 0-32 14.33-32 32v144H32c-17.67 0-32 14.33-32 32v32c0 17.67 14.33 32 32 32h144v144c0 17.67 14.33 32 32 32h32c17.67 0 32-14.33 32-32V304h144c17.67 0 32-14.33 32-32v-32c0-17.67-14.33-32-32-32z\"><\/path><\/svg><\/span>\n\t\t<\/span>\n\n\t\t\t\t\t\t<\/summary>\n\t\t\t\t<div role=\"region\" aria-labelledby=\"e-n-accordion-item-1590\" class=\"elementor-element elementor-element-e567e23 e-con-full e-flex e-con e-child\" data-id=\"e567e23\" data-element_type=\"container\">\n\t\t\t\t<div class=\"elementor-element elementor-element-78edd45 elementor-widget elementor-widget-text-editor\" data-id=\"78edd45\" data-element_type=\"widget\" data-widget_type=\"text-editor.default\">\n\t\t\t\t<div class=\"elementor-widget-container\">\n\t\t\t\t\t\t\t\t\t<p>1.1 Tieto v\u0161eobecn\u00e9 obchodn\u00e9 podmienky, ktor\u00fdch s\u00fa\u010das\u0165ou je reklama\u010dn\u00fd poriadok (\u010falej ako \u201eobchodn\u00e9 podmienky\u201c) upravuj\u00fa pr\u00e1va a povinnosti zmluvn\u00fdch str\u00e1n vypl\u00fdvaj\u00face z k\u00fapnej zmluvy uzatvorenej medzi obchodn\u00edkom, ktor\u00fdm je spolo\u010dnos\u0165: MIRACLE BIOKARI s. r. o., s\u00eddlo: Korzo B\u00e9lu Bart\u00f3ka 789\/3, 929 01 Dunajsk\u00e1 Streda, I\u010cO: 36275743, DI\u010c: 2022069731, I\u010c DPH: SK2022069731, zap\u00edsan\u00e1 v: Obchodn\u00fd register Okresn\u00e9ho s\u00fadu Trnava, oddiel: Sro, vlo\u017eka \u010d. 17598\/T (\u010falej len \u201eobchodn\u00edk\u201c) a kupuj\u00facim, ktorej predmetom je k\u00fapa a predaj tovaru na internetovej str\u00e1nke <strong>www.biokari.sk<\/strong> a keresked\u0151 elektronikus boltjak\u00e9nt (a tov\u00e1bbiakban: \"web\u00e1ruh\u00e1z\").<\/p><p>1.2 A keresked\u0151 el\u00e9rhet\u0151s\u00e9gei:<\/p><table><tbody><tr><td>C\u00e9gn\u00e9v:<\/td><td>MIRACLE BIOKARI s. r. o.<\/td><\/tr><tr><td>Levelez\u00e9s:<\/td><td>Hlavn\u00e1 75, 929 01 Dunajsk\u00e1 Streda (Tesco Gal\u00e9ria)<\/td><\/tr><tr><td>Tel. el\u00e9rhet\u0151s\u00e9g:<\/td><td>+421 908 851 140<\/td><\/tr><tr><td>E-mail:<\/td><td>info@biokari.sk<\/td><\/tr><tr><td>IBAN:<\/td><td>SK57 0900 0000 0001 9349 5547<\/td><\/tr><\/tbody><\/table><p>1.3 A jelen felt\u00e9telek alkalmaz\u00e1s\u00e1ban:<\/p><p>(a) fogyaszt\u00f3: olyan term\u00e9szetes szem\u00e9ly, aki fogyaszt\u00f3i szerz\u0151d\u00e9ssel, abb\u00f3l ered\u0151 k\u00f6telezetts\u00e9ggel vagy kereskedelmi gyakorlattal \u00f6sszef\u00fcgg\u00e9sben nem \u00fczleti vagy szakmai tev\u00e9kenys\u00e9ge sor\u00e1n j\u00e1r el,<\/p><p>(b) v\u00e1llalkoz\u00f3: az a szem\u00e9ly, aki kereskedelmi enged\u00e9ly alapj\u00e1n v\u00e1llalkoz\u00e1st folytat, vagy aki k\u00fcl\u00f6n jogszab\u00e1ly alapj\u00e1n a kereskedelmi enged\u00e9lyt\u0151l elt\u00e9r\u0151 enged\u00e9ly alapj\u00e1n v\u00e1llalkoz\u00e1st folytat, vagy aki mez\u0151gazdas\u00e1gi termel\u00e9st folytat, \u00e9s k\u00fcl\u00f6n jogszab\u00e1ly alapj\u00e1n szerepel a nyilv\u00e1ntart\u00e1sban, \u00e9s aki v\u00e1llalkoz\u00e1si tev\u00e9kenys\u00e9ge keret\u00e9ben j\u00e1r el, \u00e9s a v\u00e1llalkoz\u00e1si tev\u00e9kenys\u00e9g\u00e9vel \u00f6sszef\u00fcgg\u00e9sben \u00e1rut v\u00e1s\u00e1rol,<\/p><p>(c) vev\u0151: olyan fogyaszt\u00f3 vagy v\u00e1llalkoz\u00e1s, aki \u00e1rut v\u00e1s\u00e1rol a keresked\u0151t\u0151l,<\/p><p>(d) ad\u00e1sv\u00e9teli szerz\u0151d\u00e9s: b\u00e1rmely szerz\u0151d\u00e9s, amely a keresked\u0151 \u00e9s a vev\u0151 k\u00f6z\u00f6tt j\u00f6n l\u00e9tre, f\u00fcggetlen\u00fcl a jogi form\u00e1t\u00f3l,<\/p><p>(e) \u00e1ru: a v\u00e1s\u00e1rl\u00e1s t\u00e1rgya, kiv\u00e9ve, ha a v\u00e1s\u00e1rl\u00e1s t\u00e1rgya szolg\u00e1ltat\u00e1s<\/p><p>1.4 Ha a fogyaszt\u00f3 a szerz\u0151d\u00e9s egyik fele, a jelen szerz\u0151d\u00e9si felt\u00e9telekben nem szab\u00e1lyozott kapcsolatokra a 108\/2024 sz. t\u00f6rv\u00e9ny (Coll. 40\/1964 Coll. sz\u00e1m\u00fa, m\u00f3dos\u00edtott Polg\u00e1ri T\u00f6rv\u00e9nyk\u00f6nyv.<\/p><p>1.5 Amennyiben a szerz\u0151d\u0151 f\u00e9l v\u00e1llalkoz\u00f3, a jelen felt\u00e9telekben nem szab\u00e1lyozott kapcsolatokra a m\u00f3dos\u00edtott 513\/1991. sz. t\u00f6rv\u00e9ny, a Kereskedelmi t\u00f6rv\u00e9nyk\u00f6nyv az ir\u00e1nyad\u00f3.<\/p><p>1.6 Az \u00c1ltal\u00e1nos Szerz\u0151d\u00e9si Felt\u00e9telek a megk\u00f6t\u00f6tt ad\u00e1sv\u00e9teli szerz\u0151d\u00e9s r\u00e9sz\u00e9t k\u00e9pezik egyr\u00e9szr\u0151l a keresked\u0151, m\u00e1sr\u00e9szr\u0151l a vev\u0151 k\u00f6z\u00f6tt. Ezekre a felt\u00e9telekre kiz\u00e1r\u00f3lag a Szlov\u00e1k K\u00f6zt\u00e1rsas\u00e1g \u00e9rv\u00e9nyes \u00e9s hat\u00e1lyos jogszab\u00e1lyai az ir\u00e1nyad\u00f3k. Minden szerz\u0151d\u00e9ses kapcsolat a Szlov\u00e1k K\u00f6zt\u00e1rsas\u00e1g joga szerint j\u00f6n l\u00e9tre. A megrendel\u00e9s lead\u00e1s\u00e1val a Vev\u0151 elfogadja, hogy a jelen felt\u00e9telek \u00e9s rendelkez\u00e9sek az online \u00e1ruh\u00e1zon kereszt\u00fcl k\u00f6t\u00f6tt valamennyi ad\u00e1sv\u00e9teli szerz\u0151d\u00e9sre, valamint a keresked\u0151 \u00e9s a Vev\u0151 k\u00f6z\u00f6tti valamennyi kapcsolatra vonatkoznak, amelyek k\u00fcl\u00f6n\u00f6sen az ad\u00e1sv\u00e9teli szerz\u0151d\u00e9s megk\u00f6t\u00e9s\u00e9n\u00e9l \u00e9s a term\u00e9k hib\u00e1j\u00e1n\u00e1l mer\u00fclnek fel.<\/p><p>1.7 A keresked\u0151t\u0151l t\u00f6rt\u00e9n\u0151 \u00e1rubeszerz\u00e9ssel a vev\u0151 elfogadja ezeket a felt\u00e9teleket az\u00e1ltal, hogy a megrendel\u0151lap v\u00e9g\u00e9n tal\u00e1lhat\u00f3 \"Elolvastam \u00e9s elfogadom ezeket a felt\u00e9teleket\" felirat\u00fa n\u00e9gyzetet kipip\u00e1lja.<\/p><p>1.8 A keresked\u0151 a megrendel\u00e9s elk\u00fcld\u00e9se el\u0151tt vil\u00e1gos, egy\u00e9rtelm\u0171, \u00e9rthet\u0151 \u00e9s f\u00e9lre\u00e9rthetetlen m\u00f3don t\u00e1j\u00e9koztatta a vev\u0151t a szerz\u0151d\u00e9sk\u00f6t\u00e9st megel\u0151z\u0151 inform\u00e1ci\u00f3kr\u00f3l, k\u00fcl\u00f6n\u00f6sen a hib\u00e1k\u00e9rt val\u00f3 felel\u0151ss\u00e9gre, a fizet\u00e9si, kereskedelmi, sz\u00e1ll\u00edt\u00e1si \u00e9s egy\u00e9b felt\u00e9telekre vonatkoz\u00f3an:<\/p><p>(a) a term\u00e9k t\u00edpus\u00e1nak \u00e9s jelleg\u00e9nek megfelel\u0151 m\u00e9rt\u00e9kben t\u00e1j\u00e9koztat az \u00e1ru f\u0151bb jellemz\u0151ir\u0151l a web\u00e1ruh\u00e1z vonatkoz\u00f3 katal\u00f3gusoldal\u00e1n,<\/p><p>b) a keresked\u0151 neve \u00e9s a keresked\u0151 egy\u00e9b sz\u00fcks\u00e9ges azonos\u00edt\u00f3 adatai, amelyekr\u0151l a web\u00e1ruh\u00e1z vonatkoz\u00f3 aloldal\u00e1n \u00e9s a jelen \u00e1ltal\u00e1nos szerz\u0151d\u00e9si felt\u00e9telek 1.1. pontj\u00e1ban t\u00e1j\u00e9koztatjuk, \u00e9s amelyek a web\u00e1ruh\u00e1z vonatkoz\u00f3 aloldal\u00e1n tal\u00e1lhat\u00f3k,<\/p><p>c) a keresked\u0151 telefonsz\u00e1m\u00e1t \u00e9s e-mail c\u00edm\u00e9t, valamint a vev\u0151 \u00e9s a keresked\u0151 k\u00f6z\u00f6tti kapcsolattart\u00e1s szempontj\u00e1b\u00f3l fontos egy\u00e9b adatokat a web\u00e1ruh\u00e1z megfelel\u0151 aloldal\u00e1n \u00e9s a jelen \u00e1ltal\u00e1nos szerz\u0151d\u00e9si felt\u00e9telek 1.2. pontj\u00e1ban, a web\u00e1ruh\u00e1z megfelel\u0151 aloldal\u00e1n tal\u00e1lhat\u00f3,<\/p><p>d) a keresked\u0151 c\u00edme, amelyen a vev\u0151 gyakorolhatja a term\u00e9khib\u00e1k\u00e9rt val\u00f3 felel\u0151ss\u00e9ggel kapcsolatos, a jelen \u00e1ltal\u00e1nos szerz\u0151d\u00e9si felt\u00e9telek 6.5. pontj\u00e1ban t\u00e1j\u00e9koztatott jogait, amelyek a web\u00e1ruh\u00e1z megfelel\u0151 aloldal\u00e1n tal\u00e1lhat\u00f3k,<\/p><p>e) a panasz vagy egy\u00e9b panasz beny\u00fajt\u00e1s\u00e1nak joga, valamint a fogyaszt\u00f3 azon jog\u00e1ra vonatkoz\u00f3 utas\u00edt\u00e1sok, hogy a keresked\u0151h\u00f6z alternat\u00edv vitarendez\u00e9s \u00fatj\u00e1n jogorvoslati k\u00e9relmet ny\u00fajtson be, bele\u00e9rtve annak a weboldalnak a linkj\u00e9t, amelyen a web\u00e1ruh\u00e1z megfelel\u0151 aloldal\u00e1n tal\u00e1lhat\u00f3, a jelen \u00e1ltal\u00e1nos szerz\u0151d\u00e9si felt\u00e9telek 8. cikk\u00e9ben szerepl\u0151, az adott alternat\u00edv vitarendez\u00e9si szervezetre vonatkoz\u00f3 inform\u00e1ci\u00f3kat k\u00f6zz\u00e9teszik,<\/p><p>f) az egyes \u00e1ruk elad\u00e1si \u00e1ra, bele\u00e9rtve a hozz\u00e1adott\u00e9rt\u00e9k-ad\u00f3t \u00e9s minden egy\u00e9b ad\u00f3t, amely egy\u00e9rtelm\u0171en \u00e9s k\u00f6nnyen olvashat\u00f3an fel van t\u00fcntetve a web\u00e1ruh\u00e1z vonatkoz\u00f3 katal\u00f3gusoldal\u00e1n, valamint a megrendel\u00e9s v\u00e9gs\u0151 \u00e1ra, bele\u00e9rtve a hozz\u00e1adott\u00e9rt\u00e9k-ad\u00f3t \u00e9s minden egy\u00e9b ad\u00f3t, a sz\u00e1ll\u00edt\u00e1si d\u00edjat \u00e9s a megrendel\u00e9shez kapcsol\u00f3d\u00f3 minden egy\u00e9b d\u00edjat, a web\u00e1ruh\u00e1zon kereszt\u00fcl l\u00e9trehozott megrendel\u00e9sen bel\u00fcl a megrendel\u0151lapon, majd ezt k\u00f6vet\u0151en a megrendel\u00e9s visszaigazol\u00e1s\u00e1ban,<\/p><p>(g) a fizet\u00e9si felt\u00e9telekr\u0151l, a sz\u00e1ll\u00edt\u00e1si felt\u00e9telekr\u0151l \u00e9s arr\u00f3l a hat\u00e1rid\u0151r\u0151l, ameddig a keresked\u0151 v\u00e1llalja az \u00e1ru lesz\u00e1ll\u00edt\u00e1s\u00e1t, a jelen \u00e1ltal\u00e1nos szerz\u0151d\u00e9si felt\u00e9telek 3. \u00e9s 4. cikke ad t\u00e1j\u00e9koztat\u00e1st, amelyek az online \u00e1ruh\u00e1z megfelel\u0151 aloldal\u00e1n tal\u00e1lhat\u00f3k,<\/p><p>h) a szerz\u0151d\u0151 felek hibafelel\u0151ss\u00e9ggel kapcsolatos jogair\u00f3l \u00e9s k\u00f6telezetts\u00e9geir\u0151l, valamint a keresked\u0151 t\u00f6rv\u00e9nyes hibafelel\u0151ss\u00e9g\u00e9nek fenn\u00e1ll\u00e1s\u00e1r\u00f3l \u00e9s id\u0151tartam\u00e1r\u00f3l a jelen \u00e1ltal\u00e1nos szerz\u0151d\u00e9si felt\u00e9telek 6. cikke t\u00e1j\u00e9koztatja, amely a web\u00e1ruh\u00e1z vonatkoz\u00f3 aloldal\u00e1n tal\u00e1lhat\u00f3; a keresked\u0151 a jelen \u00e1ltal\u00e1nos szerz\u0151d\u00e9si felt\u00e9telek 1. mell\u00e9kletek\u00e9nt mag\u00e1t a hibabejelent\u0151 nyomtatv\u00e1nyt is rendelkez\u00e9sre bocs\u00e1totta, amely a web\u00e1ruh\u00e1z vonatkoz\u00f3 aloldal\u00e1n tal\u00e1lhat\u00f3,<\/p><p>i) a fogyaszt\u00f3nak a fogyaszt\u00f3v\u00e9delemr\u0151l, valamint egyes t\u00f6rv\u00e9nyek m\u00f3dos\u00edt\u00e1s\u00e1r\u00f3l \u00e9s kieg\u00e9sz\u00edt\u00e9s\u00e9r\u0151l sz\u00f3l\u00f3 108\/2024. sz. t\u00f6rv\u00e9ny \u00e9rtelm\u00e9ben a fogyaszt\u00f3nak az ad\u00e1sv\u00e9teli szerz\u0151d\u00e9st\u0151l val\u00f3 el\u00e1ll\u00e1si jog\u00e1r\u00f3l sz\u00f3l\u00f3 t\u00e1j\u00e9koztat\u00e1s, a jelen \u00e1ltal\u00e1nos szerz\u0151d\u00e9si felt\u00e9telek 5. cikk\u00e9ben foglaltak szerinti el\u00e1ll\u00e1si jog gyakorl\u00e1s\u00e1ra vonatkoz\u00f3 felt\u00e9telek, hat\u00e1rid\u0151k \u00e9s elj\u00e1r\u00e1s, amelyek a web\u00e1ruh\u00e1z megfelel\u0151 aloldal\u00e1n tal\u00e1lhat\u00f3k. A keresked\u0151 az el\u00e1ll\u00e1si jog gyakorl\u00e1s\u00e1r\u00f3l a fogyaszt\u00f3t a kit\u00f6lt\u00f6tt, a jelen \u00e1ltal\u00e1nos szerz\u0151d\u00e9si felt\u00e9telek 2. sz\u00e1m\u00fa mell\u00e9kletek\u00e9nt megtal\u00e1lhat\u00f3, a web\u00e1ruh\u00e1z vonatkoz\u00f3 aloldal\u00e1n tal\u00e1lhat\u00f3 eligaz\u00edt\u00e1ssal is megfelel\u0151en t\u00e1j\u00e9koztatta,<\/p><p>j) a fogyaszt\u00f3nak az ad\u00e1sv\u00e9teli szerz\u0151d\u00e9st\u0151l val\u00f3 el\u00e1ll\u00e1si jog\u00e1r\u00f3l sz\u00f3l\u00f3, a Polg\u00e1ri T\u00f6rv\u00e9nyk\u00f6nyvr\u0151l sz\u00f3l\u00f3 40\/1964. sz. t\u00f6rv\u00e9ny szerinti t\u00e1j\u00e9koztat\u00e1s, a jelen \u00e1ltal\u00e1nos szerz\u0151d\u00e9si felt\u00e9telek 6. cikk\u00e9ben t\u00e1j\u00e9koztatott, a szerz\u0151d\u00e9st\u0151l val\u00f3 el\u00e1ll\u00e1si jog gyakorl\u00e1s\u00e1nak felt\u00e9teleir\u0151l, felt\u00e9teleir\u0151l \u00e9s elj\u00e1r\u00e1s\u00e1r\u00f3l, amelyek a web\u00e1ruh\u00e1z megfelel\u0151 aloldal\u00e1n tal\u00e1lhat\u00f3k,<\/p><p>k) a fogyaszt\u00f3v\u00e9delemr\u0151l \u00e9s egyes t\u00f6rv\u00e9nyek m\u00f3dos\u00edt\u00e1s\u00e1r\u00f3l \u00e9s kieg\u00e9sz\u00edt\u00e9s\u00e9r\u0151l sz\u00f3l\u00f3 108\/2024. sz. t\u00f6rv\u00e9nynek megfelel\u0151en az ad\u00e1sv\u00e9teli szerz\u0151d\u00e9st\u0151l val\u00f3 el\u00e1ll\u00e1sra szolg\u00e1l\u00f3 nyomtatv\u00e1ny rendelkez\u00e9sre bocs\u00e1t\u00e1sa, amelyr\u0151l a jelen \u00e1ltal\u00e1nos szerz\u0151d\u00e9si felt\u00e9telek 5.4. cikk\u00e9ben t\u00e1j\u00e9koztatjuk, \u00e9s amely a web\u00e1ruh\u00e1z vonatkoz\u00f3 aloldal\u00e1n tal\u00e1lhat\u00f3; a keresked\u0151 mag\u00e1t az el\u00e1ll\u00e1si nyomtatv\u00e1nyt is rendelkez\u00e9sre bocs\u00e1totta a jelen \u00e1ltal\u00e1nos szerz\u0151d\u00e9si felt\u00e9telek 3. mell\u00e9kletek\u00e9nt, amely a web\u00e1ruh\u00e1z vonatkoz\u00f3 aloldal\u00e1n tal\u00e1lhat\u00f3,<\/p><p>l) a t\u00e1j\u00e9koztat\u00e1s arr\u00f3l, hogy amennyiben a fogyaszt\u00f3 el\u00e1ll az ad\u00e1sv\u00e9teli szerz\u0151d\u00e9st\u0151l, \u0151 viseli az \u00e1ru keresked\u0151nek t\u00f6rt\u00e9n\u0151 visszak\u00fcld\u00e9s\u00e9nek k\u00f6lts\u00e9geit, \u00e9s amennyiben a fogyaszt\u00f3 el\u00e1ll a t\u00e1vollev\u0151k k\u00f6z\u00f6tt k\u00f6t\u00f6tt szerz\u0151d\u00e9st\u0151l, a term\u00e9szet\u00fckn\u00e9l fogva postai \u00faton nem visszak\u00fcldhet\u0151 \u00e1ruk visszak\u00fcld\u00e9s\u00e9nek k\u00f6lts\u00e9geit, a jelen \u00e1ltal\u00e1nos szerz\u0151d\u00e9si felt\u00e9telek 5.5. pontja tartalmazza, amely a web\u00e1ruh\u00e1z vonatkoz\u00f3 aloldal\u00e1n tal\u00e1lhat\u00f3,<\/p><p>m) a jelen \u00e1ltal\u00e1nos szerz\u0151d\u00e9si felt\u00e9telek 5.8. pontj\u00e1ban t\u00e1j\u00e9koztatott, a web\u00e1ruh\u00e1z vonatkoz\u00f3 aloldal\u00e1n tal\u00e1lhat\u00f3 k\u00f6r\u00fclm\u00e9nyek, amelyek alapj\u00e1n a fogyaszt\u00f3 elvesz\u00edti a szerz\u0151d\u00e9st\u0151l val\u00f3 el\u00e1ll\u00e1si jog\u00e1t,<\/p><p>n) az ad\u00e1sv\u00e9teli szerz\u0151d\u00e9s megk\u00f6t\u00e9s\u00e9hez sz\u00fcks\u00e9ges cselekm\u00e9nyek, az\u00e1ltal, hogy ezeket a cselekm\u00e9nyeket a jelen \u00e1ltal\u00e1nos szerz\u0151d\u00e9si felt\u00e9telek 2. cikk\u00e9ben ismerteti, amelyek a web\u00e1ruh\u00e1z megfelel\u0151 aloldal\u00e1n tal\u00e1lhat\u00f3k.<\/p>\t\t\t\t\t\t\t\t<\/div>\n\t\t\t\t<\/div>\n\t\t\t\t<\/div>\n\t\t\t\t\t<\/details>\n\t\t\t\t\t\t<details id=\"e-n-accordion-item-1591\" class=\"e-n-accordion-item\" >\n\t\t\t\t<summary class=\"e-n-accordion-item-title\" data-accordion-index=\"2\" tabindex=\"-1\" aria-expanded=\"false\" aria-controls=\"e-n-accordion-item-1591\" >\n\t\t\t\t\t<span class='e-n-accordion-item-title-header'><h4 class=\"e-n-accordion-item-title-text\"> Art. 2 Az ad\u00e1sv\u00e9teli szerz\u0151d\u00e9s megk\u00f6t\u00e9s\u00e9nek m\u00f3dja <\/h4><\/span>\n\t\t\t\t\t\t\t<span class='e-n-accordion-item-title-icon'>\n\t\t\t<span class='e-opened' ><svg aria-hidden=\"true\" class=\"e-font-icon-svg e-fas-minus\" viewbox=\"0 0 448 512\" xmlns=\"http:\/\/www.w3.org\/2000\/svg\"><path d=\"M416 208H32c-17.67 0-32 14.33-32 32v32c0 17.67 14.33 32 32 32h384c17.67 0 32-14.33 32-32v-32c0-17.67-14.33-32-32-32z\"><\/path><\/svg><\/span>\n\t\t\t<span class='e-closed'><svg aria-hidden=\"true\" class=\"e-font-icon-svg e-fas-plus\" viewbox=\"0 0 448 512\" xmlns=\"http:\/\/www.w3.org\/2000\/svg\"><path d=\"M416 208H272V64c0-17.67-14.33-32-32-32h-32c-17.67 0-32 14.33-32 32v144H32c-17.67 0-32 14.33-32 32v32c0 17.67 14.33 32 32 32h144v144c0 17.67 14.33 32 32 32h32c17.67 0 32-14.33 32-32V304h144c17.67 0 32-14.33 32-32v-32c0-17.67-14.33-32-32-32z\"><\/path><\/svg><\/span>\n\t\t<\/span>\n\n\t\t\t\t\t\t<\/summary>\n\t\t\t\t<div role=\"region\" aria-labelledby=\"e-n-accordion-item-1591\" class=\"elementor-element elementor-element-92f7c5c e-con-full e-flex e-con e-child\" data-id=\"92f7c5c\" data-element_type=\"container\">\n\t\t\t\t<div class=\"elementor-element elementor-element-e80dff8 elementor-widget elementor-widget-text-editor\" data-id=\"e80dff8\" data-element_type=\"widget\" data-widget_type=\"text-editor.default\">\n\t\t\t\t<div class=\"elementor-widget-container\">\n\t\t\t\t\t\t\t\t\t<p>2.1 A keresked\u0151 az egyes \u00e1ruknak az online \u00e1ruh\u00e1zban t\u00f6rt\u00e9n\u0151 k\u00f6zz\u00e9t\u00e9tel\u00e9vel tesz javaslatot az ad\u00e1sv\u00e9teli szerz\u0151d\u00e9s megk\u00f6t\u00e9s\u00e9re. A Vev\u0151 ezt az aj\u00e1nlatot a web\u00e1ruh\u00e1zban tal\u00e1lhat\u00f3 megrendel\u0151lap kit\u00f6lt\u00e9s\u00e9vel \u00e9s elk\u00fcld\u00e9s\u00e9vel fogadja el, ez\u00e1ltal a Keresked\u0151vel ad\u00e1sv\u00e9teli szerz\u0151d\u00e9st k\u00f6t, amelynek t\u00e1rgya a Vev\u0151 \u00e1ltal megjel\u00f6lt \u00e1ru ellen\u00e9rt\u00e9k fej\u00e9ben t\u00f6rt\u00e9n\u0151 tulajdonjog\u00e1nak \u00e1truh\u00e1z\u00e1sa a jelen megrendel\u00e9sben meghat\u00e1rozott v\u00e9tel\u00e1ron \u00e9s felt\u00e9telekkel (a tov\u00e1bbiakban: \"Megrendel\u00e9s\"). A Megrendel\u00e9s k\u00e9zhezv\u00e9tel\u00e9t k\u00f6vet\u0151en a Keresked\u0151 halad\u00e9ktalanul \u00e1tadja a Vev\u0151nek a Megrendel\u00e9s k\u00e9zhezv\u00e9tel\u00e9r\u0151l sz\u00f3l\u00f3 visszaigazol\u00e1st, amely nem \u00e9rinti az ad\u00e1sv\u00e9teli szerz\u0151d\u00e9s l\u00e9trej\u00f6tt\u00e9t.<\/p><p>2.2 A rendel\u00e9s visszaigazol\u00e1sa tartalmazza k\u00fcl\u00f6n\u00f6sen az \u00e1ru nev\u00e9t \u00e9s specifik\u00e1ci\u00f3j\u00e1t, amelynek elad\u00e1sa az ad\u00e1sv\u00e9teli szerz\u0151d\u00e9s t\u00e1rgy\u00e1t k\u00e9pezi, az \u00e1ru \u00e1r\u00e1t, az \u00e1ru sz\u00e1ll\u00edt\u00e1si idej\u00e9t, az \u00e1ru sz\u00e1ll\u00edt\u00e1si hely\u00e9nek nev\u00e9t \u00e9s adatait, illetve az alkalmazand\u00f3 jogszab\u00e1lyoknak megfelel\u0151 egy\u00e9b kieg\u00e9sz\u00edt\u0151 inform\u00e1ci\u00f3kat.<\/p><p>2.3 A Vev\u0151 e-mail c\u00edm\u00e9re sz\u00fcks\u00e9g eset\u00e9n minden tov\u00e1bbi inform\u00e1ci\u00f3t elk\u00fcld\u00fcnk a megrendel\u00e9s\u00e9vel kapcsolatban.<\/p><p>2.4 A 222\/2004 sz. t\u00f6rv\u00e9ny m\u00f3dos\u00edt\u00e1sa \u00e9rtelm\u00e9ben a 222\/2004 sz. Az ad\u00f3\u00fcgyi dokumentum (sz\u00e1mla) adatai csak akkor m\u00f3dos\u00edthat\u00f3k, ha a vev\u0151 m\u00e9g nem vette \u00e1t a term\u00e9ket \u00e9s nem fizette ki azt.<\/p>\t\t\t\t\t\t\t\t<\/div>\n\t\t\t\t<\/div>\n\t\t\t\t<\/div>\n\t\t\t\t\t<\/details>\n\t\t\t\t\t\t<details id=\"e-n-accordion-item-1592\" class=\"e-n-accordion-item\" >\n\t\t\t\t<summary class=\"e-n-accordion-item-title\" data-accordion-index=\"3\" tabindex=\"-1\" aria-expanded=\"false\" aria-controls=\"e-n-accordion-item-1592\" >\n\t\t\t\t\t<span class='e-n-accordion-item-title-header'><h4 class=\"e-n-accordion-item-title-text\"> Art. 3 Az \u00e1ruk sz\u00e1ll\u00edt\u00e1sa <\/h4><\/span>\n\t\t\t\t\t\t\t<span class='e-n-accordion-item-title-icon'>\n\t\t\t<span class='e-opened' ><svg aria-hidden=\"true\" class=\"e-font-icon-svg e-fas-minus\" viewbox=\"0 0 448 512\" xmlns=\"http:\/\/www.w3.org\/2000\/svg\"><path d=\"M416 208H32c-17.67 0-32 14.33-32 32v32c0 17.67 14.33 32 32 32h384c17.67 0 32-14.33 32-32v-32c0-17.67-14.33-32-32-32z\"><\/path><\/svg><\/span>\n\t\t\t<span class='e-closed'><svg aria-hidden=\"true\" class=\"e-font-icon-svg e-fas-plus\" viewbox=\"0 0 448 512\" xmlns=\"http:\/\/www.w3.org\/2000\/svg\"><path d=\"M416 208H272V64c0-17.67-14.33-32-32-32h-32c-17.67 0-32 14.33-32 32v144H32c-17.67 0-32 14.33-32 32v32c0 17.67 14.33 32 32 32h144v144c0 17.67 14.33 32 32 32h32c17.67 0 32-14.33 32-32V304h144c17.67 0 32-14.33 32-32v-32c0-17.67-14.33-32-32-32z\"><\/path><\/svg><\/span>\n\t\t<\/span>\n\n\t\t\t\t\t\t<\/summary>\n\t\t\t\t<div role=\"region\" aria-labelledby=\"e-n-accordion-item-1592\" class=\"elementor-element elementor-element-d2d887f e-con-full e-flex e-con e-child\" data-id=\"d2d887f\" data-element_type=\"container\">\n\t\t\t\t<div class=\"elementor-element elementor-element-7a5ec92 elementor-widget elementor-widget-text-editor\" data-id=\"7a5ec92\" data-element_type=\"widget\" data-widget_type=\"text-editor.default\">\n\t\t\t\t<div class=\"elementor-widget-container\">\n\t\t\t\t\t\t\t\t\t<p>3.1. Az ad\u00e1sv\u00e9teli szerz\u0151d\u00e9s alapj\u00e1n a keresked\u0151 k\u00f6teles a v\u00e9tel t\u00e1rgy\u00e1t a vev\u0151nek \u00e1tadni, a vev\u0151 pedig k\u00f6teles a v\u00e9tel t\u00e1rgy\u00e1t \u00e1tvenni \u00e9s a v\u00e9tel\u00e1rat a keresked\u0151nek megfizetni.<\/p><p>3.2 A keresked\u0151 k\u00f6teles az eladott \u00e1rut indokolatlan k\u00e9sedelem n\u00e9lk\u00fcl, de legk\u00e9s\u0151bb a szerz\u0151d\u00e9sk\u00f6t\u00e9st\u0151l sz\u00e1m\u00edtott 30 napon bel\u00fcl a vev\u0151nek \u00e1tadni. Az egyedi \u00e1ruk eset\u00e9ben a szok\u00e1sos sz\u00e1ll\u00edt\u00e1si hat\u00e1rid\u0151 2-5 munkanap.<\/p><p>3.3 Az \u00e1ruk sz\u00e1ll\u00edt\u00e1si helye a vev\u0151 \u00e1ltal a megrendel\u0151lapon megadott hely.<\/p><p>3.4 Az \u00e1ru akkor ker\u00fcl \u00e1tad\u00e1sra, amikor azt a Vev\u0151 vagy a Vev\u0151 \u00e1ltal kijel\u00f6lt szem\u00e9ly \u00e1tveszi, vagy amikor a Keresked\u0151 \u00e1tadja azt a Vev\u0151 \u00e1ltal kijel\u00f6lt fuvaroz\u00f3nak a Keresked\u0151 \u00e1ltal a Vev\u0151nek felaj\u00e1nlott sz\u00e1ll\u00edt\u00e1si lehet\u0151s\u00e9geken k\u00edv\u00fcl.<\/p><p>3.5 Az \u00e1rut tov\u00e1bb\u00e1 akkor tekintj\u00fck lesz\u00e1ll\u00edtottnak, amikor a Vev\u0151 vagy a Vev\u0151 \u00e1ltal kijel\u00f6lt harmadik szem\u00e9ly, aki nem a sz\u00e1ll\u00edt\u00f3, \u00e1tveszi a megrendelt \u00e1ru minden r\u00e9sz\u00e9t, vagy ha:<\/p><p>a) az egy megrendel\u00e9sben megrendelt \u00e1rukat k\u00fcl\u00f6n-k\u00fcl\u00f6n, az utolj\u00e1ra lesz\u00e1ll\u00edtott \u00e1ruk \u00e1tv\u00e9tel\u00e9nek pillanat\u00e1ban sz\u00e1ll\u00edtj\u00e1k ki,<\/p><p>(b) t\u00f6bb r\u00e9szb\u0151l vagy darabb\u00f3l \u00e1ll\u00f3 \u00e1rut sz\u00e1ll\u00edt, az utols\u00f3 r\u00e9sz vagy darab \u00e1tv\u00e9telekor,<\/p><p>(c) az \u00e1rut egy bizonyos id\u0151n kereszt\u00fcl ism\u00e9telten sz\u00e1ll\u00edtja, az els\u0151 \u00e1ru \u00e1tv\u00e9telekor.<\/p><p>3.6 A megrendel\u00e9s lead\u00e1sakor a Vev\u0151 a Keresked\u0151 \u00e1ltal felk\u00edn\u00e1lt lehet\u0151s\u00e9gek k\u00f6z\u00fcl v\u00e1lasztja ki az \u00e1ru v\u00e9tel\u00e1r\u00e1nak megfelel\u0151 fizet\u00e9si m\u00f3dj\u00e1t \u00e9s az \u00e1ru kisz\u00e1ll\u00edt\u00e1s\u00e1nak megfelel\u0151 m\u00f3dj\u00e1t, amelyek a web\u00e1ruh\u00e1z fel\u00fclet\u00e9n a megrendel\u00e9s l\u00e9trehoz\u00e1s\u00e1ra szolg\u00e1l\u00f3 r\u00e9szben (a kos\u00e1rban) jelennek meg.<\/p><p>3.7 Ha a \"szem\u00e9lyes \u00e1tv\u00e9tel\" opci\u00f3t v\u00e1lasztja, az \u00e1ru \u00e1tv\u00e9tel\u00e9nek helye a k\u00f6vetkez\u0151 c\u00edm: Hlavn\u00e1 75, 929 01 Dunajsk\u00e1 Streda (Tesco Gal\u00e9ria), annak nyitvatart\u00e1si ideje alatt. A szem\u00e9lyes \u00e1tv\u00e9telkor az \u00fczletben a fizet\u00e9s (i) k\u00e9szp\u00e9nzzel vagy (ii) hitelk\u00e1rty\u00e1val lehets\u00e9ges.<\/p><p>3.8 Az \u00e1ru \u00e1tad\u00e1sakor az eladott \u00e1ru tulajdonjoga, a v\u00e9letlen megsemmis\u00fcl\u00e9s, a v\u00e9letlen roml\u00e1s \u00e9s az elvesz\u00e9s kock\u00e1zata a vev\u0151re sz\u00e1ll.<\/p>\t\t\t\t\t\t\t\t<\/div>\n\t\t\t\t<\/div>\n\t\t\t\t<\/div>\n\t\t\t\t\t<\/details>\n\t\t\t\t\t\t<details id=\"e-n-accordion-item-1593\" class=\"e-n-accordion-item\" >\n\t\t\t\t<summary class=\"e-n-accordion-item-title\" data-accordion-index=\"4\" tabindex=\"-1\" aria-expanded=\"false\" aria-controls=\"e-n-accordion-item-1593\" >\n\t\t\t\t\t<span class='e-n-accordion-item-title-header'><h4 class=\"e-n-accordion-item-title-text\"> Art. 4 V\u00e9tel\u00e1r \u00e9s az \u00e1ruv\u00e1s\u00e1rl\u00e1ssal kapcsolatos d\u00edjak <\/h4><\/span>\n\t\t\t\t\t\t\t<span class='e-n-accordion-item-title-icon'>\n\t\t\t<span class='e-opened' ><svg aria-hidden=\"true\" class=\"e-font-icon-svg e-fas-minus\" viewbox=\"0 0 448 512\" xmlns=\"http:\/\/www.w3.org\/2000\/svg\"><path d=\"M416 208H32c-17.67 0-32 14.33-32 32v32c0 17.67 14.33 32 32 32h384c17.67 0 32-14.33 32-32v-32c0-17.67-14.33-32-32-32z\"><\/path><\/svg><\/span>\n\t\t\t<span class='e-closed'><svg aria-hidden=\"true\" class=\"e-font-icon-svg e-fas-plus\" viewbox=\"0 0 448 512\" xmlns=\"http:\/\/www.w3.org\/2000\/svg\"><path d=\"M416 208H272V64c0-17.67-14.33-32-32-32h-32c-17.67 0-32 14.33-32 32v144H32c-17.67 0-32 14.33-32 32v32c0 17.67 14.33 32 32 32h144v144c0 17.67 14.33 32 32 32h32c17.67 0 32-14.33 32-32V304h144c17.67 0 32-14.33 32-32v-32c0-17.67-14.33-32-32-32z\"><\/path><\/svg><\/span>\n\t\t<\/span>\n\n\t\t\t\t\t\t<\/summary>\n\t\t\t\t<div role=\"region\" aria-labelledby=\"e-n-accordion-item-1593\" class=\"elementor-element elementor-element-c9bc9a3 e-flex e-con-boxed e-con e-child\" data-id=\"c9bc9a3\" data-element_type=\"container\">\n\t\t\t\t\t<div class=\"e-con-inner\">\n\t\t\t\t<div class=\"elementor-element elementor-element-c0006e3 elementor-widget elementor-widget-text-editor\" data-id=\"c0006e3\" data-element_type=\"widget\" data-widget_type=\"text-editor.default\">\n\t\t\t\t<div class=\"elementor-widget-container\">\n\t\t\t\t\t\t\t\t\t4.1 A Vev\u0151 \u00e1ltal kiv\u00e1lasztott \u00e1ru v\u00e9gleges, v\u00e9gleges v\u00e9tel\u00e1ra az online \u00e1ruh\u00e1zon kereszt\u00fcl t\u00f6rt\u00e9n\u0151 megrendel\u00e9s r\u00e9szek\u00e9nt l\u00e9trehozott megrendel\u0151lap v\u00e9g\u00e9n szerepel, \u00e9s tartalmazza az \u00e1ltal\u00e1nos forgalmi ad\u00f3t \u00e9s minden egy\u00e9b ad\u00f3t, a sz\u00e1ll\u00edt\u00e1si d\u00edjat \u00e9s a megrendel\u00e9ssel kapcsolatos minden egy\u00e9b k\u00f6lts\u00e9get. Ez a v\u00e9gleges v\u00e9gleges v\u00e9tel\u00e1r az elektronikus rendel\u00e9s visszaigazol\u00e1s\u00e1ban is szerepel.\n\n4.2. A Vev\u0151 k\u00f6teles az ad\u00e1sv\u00e9teli szerz\u0151d\u00e9s szerinti hat\u00e1rid\u0151n bel\u00fcl, de legk\u00e9s\u0151bb az \u00e1ru \u00e1tv\u00e9telekor megfizetni a Keresked\u0151nek a meg\u00e1llap\u00edtott \u00c1ruk v\u00e9tel\u00e1r\u00e1t.\n\n4.3 Ha a Vev\u0151 a v\u00e9tel\u00e1rat \u00e1tutal\u00e1ssal fizeti meg a Keresked\u0151nek, a fizet\u00e9s id\u0151pontj\u00e1nak az a nap tekintend\u0151, amikor a teljes v\u00e9tel\u00e1rat j\u00f3v\u00e1\u00edrt\u00e1k a Keresked\u0151 sz\u00e1ml\u00e1j\u00e1n.\n\n4.4 Ha a Vev\u0151 nem fizeti ki a Keresked\u0151nek a teljes v\u00e9tel\u00e1rat az \u00c1ruknak a Vev\u0151 \u00e1ltal meghat\u00e1rozott helyre t\u00f6rt\u00e9n\u0151 lesz\u00e1ll\u00edt\u00e1s\u00e1ig, \u00e9s a felek nem \u00e1llapodtak meg az \u00c1ruk v\u00e9tel\u00e1r\u00e1nak r\u00e9szletekben t\u00f6rt\u00e9n\u0151 megfizet\u00e9s\u00e9r\u0151l, a Keresked\u0151 jogosult megtagadni az \u00c1ruk \u00e1tad\u00e1s\u00e1t a Vev\u0151nek.\t\t\t\t\t\t\t\t<\/div>\n\t\t\t\t<\/div>\n\t\t\t\t\t<\/div>\n\t\t\t\t<\/div>\n\t\t\t\t\t<\/details>\n\t\t\t\t\t\t<details id=\"e-n-accordion-item-1594\" class=\"e-n-accordion-item\" >\n\t\t\t\t<summary class=\"e-n-accordion-item-title\" data-accordion-index=\"5\" tabindex=\"-1\" aria-expanded=\"false\" aria-controls=\"e-n-accordion-item-1594\" >\n\t\t\t\t\t<span class='e-n-accordion-item-title-header'><h4 class=\"e-n-accordion-item-title-text\"> Art. 5 El\u00e1ll\u00e1s az ad\u00e1sv\u00e9teli szerz\u0151d\u00e9st\u0151l <\/h4><\/span>\n\t\t\t\t\t\t\t<span class='e-n-accordion-item-title-icon'>\n\t\t\t<span class='e-opened' ><svg aria-hidden=\"true\" class=\"e-font-icon-svg e-fas-minus\" viewbox=\"0 0 448 512\" xmlns=\"http:\/\/www.w3.org\/2000\/svg\"><path d=\"M416 208H32c-17.67 0-32 14.33-32 32v32c0 17.67 14.33 32 32 32h384c17.67 0 32-14.33 32-32v-32c0-17.67-14.33-32-32-32z\"><\/path><\/svg><\/span>\n\t\t\t<span class='e-closed'><svg aria-hidden=\"true\" class=\"e-font-icon-svg e-fas-plus\" viewbox=\"0 0 448 512\" xmlns=\"http:\/\/www.w3.org\/2000\/svg\"><path d=\"M416 208H272V64c0-17.67-14.33-32-32-32h-32c-17.67 0-32 14.33-32 32v144H32c-17.67 0-32 14.33-32 32v32c0 17.67 14.33 32 32 32h144v144c0 17.67 14.33 32 32 32h32c17.67 0 32-14.33 32-32V304h144c17.67 0 32-14.33 32-32v-32c0-17.67-14.33-32-32-32z\"><\/path><\/svg><\/span>\n\t\t<\/span>\n\n\t\t\t\t\t\t<\/summary>\n\t\t\t\t<div role=\"region\" aria-labelledby=\"e-n-accordion-item-1594\" class=\"elementor-element elementor-element-6eaef30 e-flex e-con-boxed e-con e-child\" data-id=\"6eaef30\" data-element_type=\"container\">\n\t\t\t\t\t<div class=\"e-con-inner\">\n\t\t\t\t<div class=\"elementor-element elementor-element-f26dbc9 elementor-widget elementor-widget-text-editor\" data-id=\"f26dbc9\" data-element_type=\"widget\" data-widget_type=\"text-editor.default\">\n\t\t\t\t<div class=\"elementor-widget-container\">\n\t\t\t\t\t\t\t\t\t<p>5.1 A fogyaszt\u00f3nak joga van el\u00e1llni az online \u00e1ruh\u00e1zon kereszt\u00fcl k\u00f6t\u00f6tt szerz\u0151d\u00e9st\u0151l az \u00e1ru fogyaszt\u00f3 \u00e1ltali \u00e1tv\u00e9tel\u00e9t\u0151l sz\u00e1m\u00edtott 14 napon bel\u00fcl, a jelen \u00e1ltal\u00e1nos szerz\u0151d\u00e9si felt\u00e9telek 3.4. \u00e9s 3.5. pontja szerint.<\/p><p>5.2. A jelen \u00e1ltal\u00e1nos szerz\u0151d\u00e9si felt\u00e9telek 5.1. pontja szerinti el\u00e1ll\u00e1si hat\u00e1rid\u0151t akkor kell betartottnak tekinteni, ha a fogyaszt\u00f3 legk\u00e9s\u0151bb az id\u0151szak utols\u00f3 napj\u00e1n el\u00e1ll\u00e1si nyilatkozatot k\u00fcld a keresked\u0151nek.<\/p><p>5.3. A fogyaszt\u00f3 az el\u00e1ll\u00e1si hat\u00e1rid\u0151 kezdete el\u0151tt is el\u00e1llhat a t\u00e1volr\u00f3l k\u00f6t\u00f6tt szerz\u0151d\u00e9st\u0151l vagy a keresked\u0151 telephely\u00e9n k\u00edv\u00fcl k\u00f6t\u00f6tt szerz\u0151d\u00e9st\u0151l, amelynek t\u00e1rgya az \u00e1ruk sz\u00e1ll\u00edt\u00e1sa.<\/p><p>5.4. A keresked\u0151 k\u00f6teles az el\u00e1ll\u00e1si nyilatkozat k\u00e9zhezv\u00e9tel\u00e9t\u0151l sz\u00e1m\u00edtott 14 napon bel\u00fcl visszat\u00e9r\u00edteni a fogyaszt\u00f3nak a t\u00e1vollev\u0151k k\u00f6z\u00f6tt k\u00f6t\u00f6tt szerz\u0151d\u00e9s, a keresked\u0151 telephely\u00e9n k\u00edv\u00fcl k\u00f6t\u00f6tt szerz\u0151d\u00e9s vagy kieg\u00e9sz\u00edt\u0151 szerz\u0151d\u00e9s alapj\u00e1n vagy azzal \u00f6sszef\u00fcgg\u00e9sben a fogyaszt\u00f3t\u00f3l kapott valamennyi kifizet\u00e9st, bele\u00e9rtve a sz\u00e1ll\u00edt\u00e1si, k\u00e9zbes\u00edt\u00e9si, postak\u00f6lts\u00e9geket \u00e9s egy\u00e9b k\u00f6lts\u00e9geket \u00e9s d\u00edjakat. A keresked\u0151 az ilyen kifizet\u00e9seket ugyanolyan m\u00f3don t\u00e9r\u00edti meg a fogyaszt\u00f3nak, mint ahogyan a fogyaszt\u00f3 fizette azokat; ez nem \u00e9rinti a keresked\u0151 azon jog\u00e1t, hogy a fogyaszt\u00f3val m\u00e1s fizet\u00e9si m\u00f3dban \u00e1llapodjon meg, felt\u00e9ve, hogy a fogyaszt\u00f3t a fizet\u00e9ssel kapcsolatban semmilyen d\u00edj nem terheli. A keresked\u0151 azonban nem k\u00f6teles megt\u00e9r\u00edteni a fogyaszt\u00f3nak a t\u00f6bbletk\u00f6lts\u00e9geket, ha a fogyaszt\u00f3 kifejezetten a keresked\u0151 \u00e1ltal k\u00edn\u00e1lt legolcs\u00f3bb szok\u00e1sos sz\u00e1ll\u00edt\u00e1si m\u00f3dt\u00f3l elt\u00e9r\u0151 sz\u00e1ll\u00edt\u00e1si m\u00f3dot v\u00e1lasztott. A t\u00f6bbletk\u00f6lts\u00e9g a fogyaszt\u00f3 \u00e1ltal v\u00e1lasztott sz\u00e1ll\u00edt\u00e1si m\u00f3d \u00e9s a keresked\u0151 \u00e1ltal k\u00edn\u00e1lt legolcs\u00f3bb szok\u00e1sos sz\u00e1ll\u00edt\u00e1si m\u00f3d k\u00f6lts\u00e9ge k\u00f6z\u00f6tti k\u00fcl\u00f6nbs\u00e9g.<\/p><p>5.5. A Fogyaszt\u00f3 a t\u00e1vollev\u0151k k\u00f6z\u00f6tt k\u00f6t\u00f6tt szerz\u0151d\u00e9st\u0151l vagy a keresked\u0151 telephely\u00e9n k\u00edv\u00fcl k\u00f6t\u00f6tt szerz\u0151d\u00e9st\u0151l val\u00f3 el\u00e1ll\u00e1s jog\u00e1t pap\u00edron, m\u00e1s tart\u00f3s adathordoz\u00f3n r\u00f6gz\u00edtett felv\u00e9tel form\u00e1j\u00e1ban vagy a jelen \u00e1ltal\u00e1nos szerz\u0151d\u00e9si felt\u00e9telek 1.2. pontj\u00e1ban megadott c\u00edmre k\u00fcld\u00f6tt e-mailben gyakorolhatja. A Fogyaszt\u00f3 erre a c\u00e9lra a jelen \u00e1ltal\u00e1nos szerz\u0151d\u00e9si felt\u00e9telek v\u00e9g\u00e9n tal\u00e1lhat\u00f3, a web\u00e1ruh\u00e1z megfelel\u0151 aloldal\u00e1n k\u00f6zz\u00e9tett, let\u00f6lthet\u0151 el\u00e1ll\u00e1si nyilatkozatmint\u00e1t haszn\u00e1lhatja.<\/p><p>5.6. T\u00e1vollev\u0151k k\u00f6z\u00f6tt k\u00f6t\u00f6tt szerz\u0151d\u00e9st\u0151l vagy a keresked\u0151 telephely\u00e9n k\u00edv\u00fcl k\u00f6t\u00f6tt szerz\u0151d\u00e9st\u0151l val\u00f3 el\u00e1ll\u00e1s eset\u00e9n a fogyaszt\u00f3 csak az \u00e1ruknak a keresked\u0151h\u00f6z vagy a keresked\u0151 \u00e1ltal az \u00e1ru \u00e1tv\u00e9tel\u00e9re kijel\u00f6lt szem\u00e9lyhez t\u00f6rt\u00e9n\u0151 visszak\u00fcld\u00e9s\u00e9nek k\u00f6lts\u00e9geit viseli. Ha a fogyaszt\u00f3 el\u00e1ll a t\u00e1vollev\u0151k k\u00f6z\u00f6tt k\u00f6t\u00f6tt szerz\u0151d\u00e9st\u0151l, a fogyaszt\u00f3 viseli azon \u00e1ruk visszak\u00fcld\u00e9s\u00e9nek k\u00f6lts\u00e9geit is, amelyeket jelleg\u00fckn\u00e9l fogva nem lehet postai \u00faton visszak\u00fcldeni.<\/p><p>5.7 A t\u00e1vollev\u0151k k\u00f6z\u00f6tt k\u00f6t\u00f6tt szerz\u0151d\u00e9st\u0151l vagy a keresked\u0151 telephely\u00e9n k\u00edv\u00fcl k\u00f6t\u00f6tt szerz\u0151d\u00e9st\u0151l val\u00f3 el\u00e1ll\u00e1st\u00f3l sz\u00e1m\u00edtott 14 napon bel\u00fcl a fogyaszt\u00f3 k\u00f6teles az \u00e1rut visszak\u00fcldeni vagy \u00e1tadni a keresked\u0151nek vagy a keresked\u0151 \u00e1ltal az \u00e1ru \u00e1tv\u00e9tel\u00e9re kijel\u00f6lt szem\u00e9lynek; ez nem vonatkozik arra az esetre, ha a keresked\u0151 az \u00e1ru szem\u00e9lyes vagy a keresked\u0151 \u00e1ltal kijel\u00f6lt szem\u00e9ly \u00e1ltali \u00e1tv\u00e9tel\u00e9t javasolja. Az els\u0151 mondatban eml\u00edtett hat\u00e1rid\u0151 betartottnak tekintend\u0151, ha a fogyaszt\u00f3 az \u00e1rut legk\u00e9s\u0151bb a hat\u00e1rid\u0151 utols\u00f3 napj\u00e1n elk\u00fcldi a keresked\u0151nek.<\/p><p>5.8 A keresked\u0151 nem k\u00f6teles visszat\u00e9r\u00edteni a fogyaszt\u00f3nak a t\u00e1vollev\u0151k k\u00f6z\u00f6tt k\u00f6t\u00f6tt szerz\u0151d\u00e9st\u0151l vagy a keresked\u0151 telephely\u00e9n k\u00edv\u00fcl k\u00f6t\u00f6tt olyan szerz\u0151d\u00e9st\u0151l val\u00f3 el\u00e1ll\u00e1s eset\u00e9n, amelynek t\u00e1rgya az \u00e1ru \u00e1tad\u00e1sa, miel\u0151tt az \u00e1rut a fogyaszt\u00f3nak \u00e1tadj\u00e1k, vagy am\u00edg a fogyaszt\u00f3 nem bizony\u00edtja, hogy az \u00e1rut visszak\u00fcldt\u00e9k a keresked\u0151nek, kiv\u00e9ve, ha a keresked\u0151 javasolja az \u00e1ru szem\u00e9lyes vagy a keresked\u0151 \u00e1ltal kijel\u00f6lt szem\u00e9ly \u00fatj\u00e1n t\u00f6rt\u00e9n\u0151 \u00e1tv\u00e9tel\u00e9t.<\/p><p>5.9 A Fogyaszt\u00f3 nem jogosult el\u00e1llni a Szerz\u0151d\u00e9st\u0151l, amelynek felt\u00e9telei:<\/p><p>(a) a gyors roml\u00e1snak vagy romland\u00f3s\u00e1gnak kitett \u00e1ruk sz\u00e1ll\u00edt\u00e1sa,<\/p><p>(b) olyan v\u00e9d\u0151csomagol\u00e1sba z\u00e1rt \u00e1ruk sz\u00e1ll\u00edt\u00e1sa, amelyek eg\u00e9szs\u00e9g\u00fcgyi vagy higi\u00e9niai okokb\u00f3l nem alkalmasak a visszak\u00fcld\u00e9sre, ha a v\u00e9d\u0151csomagol\u00e1s a sz\u00e1ll\u00edt\u00e1st k\u00f6vet\u0151en s\u00e9r\u00fclt.<\/p><p>5.10 A fogyaszt\u00f3 felel az \u00e1ru \u00e9rt\u00e9k\u00e9nek minden olyan cs\u00f6kken\u00e9s\u00e9\u00e9rt, amely az \u00e1ru olyan kezel\u00e9s\u00e9b\u0151l ered, amely meghaladja az \u00e1ru tulajdons\u00e1gainak \u00e9s m\u0171k\u00f6d\u0151k\u00e9pess\u00e9g\u00e9nek meg\u00e1llap\u00edt\u00e1s\u00e1hoz sz\u00fcks\u00e9ges kezel\u00e9st;<\/p><p>5.11 A t\u00e1vollev\u0151k k\u00f6z\u00f6tt k\u00f6t\u00f6tt szerz\u0151d\u00e9st\u0151l vagy a keresked\u0151 \u00fczlethelyis\u00e9g\u00e9n k\u00edv\u00fcl k\u00f6t\u00f6tt szerz\u0151d\u00e9st\u0151l val\u00f3 el\u00e1ll\u00e1s hat\u00e1sai a fogyaszt\u00f3 \u00e1ltal el\u00e1llt szerz\u0151d\u00e9shez kapcsol\u00f3d\u00f3 minden kieg\u00e9sz\u00edt\u0151 szerz\u0151d\u00e9sre is vonatkoznak; ez nem vonatkozik arra az esetre, ha a felek kifejezetten meg\u00e1llapodtak a kieg\u00e9sz\u00edt\u0151 szerz\u0151d\u00e9s folytat\u00e1s\u00e1ban.<\/p>\t\t\t\t\t\t\t\t<\/div>\n\t\t\t\t<\/div>\n\t\t\t\t\t<\/div>\n\t\t\t\t<\/div>\n\t\t\t\t\t<\/details>\n\t\t\t\t\t\t<details id=\"e-n-accordion-item-1595\" class=\"e-n-accordion-item\" >\n\t\t\t\t<summary class=\"e-n-accordion-item-title\" data-accordion-index=\"6\" tabindex=\"-1\" aria-expanded=\"false\" aria-controls=\"e-n-accordion-item-1595\" >\n\t\t\t\t\t<span class='e-n-accordion-item-title-header'><h4 class=\"e-n-accordion-item-title-text\"> Art. 6 Hib\u00e1k\u00e9rt \u00e9s hib\u00e1k\u00e9rt val\u00f3 felel\u0151ss\u00e9g (panaszelj\u00e1r\u00e1s) <\/h4><\/span>\n\t\t\t\t\t\t\t<span class='e-n-accordion-item-title-icon'>\n\t\t\t<span class='e-opened' ><svg aria-hidden=\"true\" class=\"e-font-icon-svg e-fas-minus\" viewbox=\"0 0 448 512\" xmlns=\"http:\/\/www.w3.org\/2000\/svg\"><path d=\"M416 208H32c-17.67 0-32 14.33-32 32v32c0 17.67 14.33 32 32 32h384c17.67 0 32-14.33 32-32v-32c0-17.67-14.33-32-32-32z\"><\/path><\/svg><\/span>\n\t\t\t<span class='e-closed'><svg aria-hidden=\"true\" class=\"e-font-icon-svg e-fas-plus\" viewbox=\"0 0 448 512\" xmlns=\"http:\/\/www.w3.org\/2000\/svg\"><path d=\"M416 208H272V64c0-17.67-14.33-32-32-32h-32c-17.67 0-32 14.33-32 32v144H32c-17.67 0-32 14.33-32 32v32c0 17.67 14.33 32 32 32h144v144c0 17.67 14.33 32 32 32h32c17.67 0 32-14.33 32-32V304h144c17.67 0 32-14.33 32-32v-32c0-17.67-14.33-32-32-32z\"><\/path><\/svg><\/span>\n\t\t<\/span>\n\n\t\t\t\t\t\t<\/summary>\n\t\t\t\t<div role=\"region\" aria-labelledby=\"e-n-accordion-item-1595\" class=\"elementor-element elementor-element-f7a4ee9 e-flex e-con-boxed e-con e-child\" data-id=\"f7a4ee9\" data-element_type=\"container\">\n\t\t\t\t\t<div class=\"e-con-inner\">\n\t\t\t\t<div class=\"elementor-element elementor-element-56ee659 elementor-widget elementor-widget-text-editor\" data-id=\"56ee659\" data-element_type=\"widget\" data-widget_type=\"text-editor.default\">\n\t\t\t\t<div class=\"elementor-widget-container\">\n\t\t\t\t\t\t\t\t\t<p>6.1 A keresked\u0151 felel a fogyaszt\u00f3nak az eladott \u00e1ru minden olyan hib\u00e1j\u00e1\u00e9rt, amely az \u00e1ru \u00e1tv\u00e9tel\u00e9t\u0151l sz\u00e1m\u00edtott k\u00e9t \u00e9ven bel\u00fcl v\u00e1lik nyilv\u00e1nval\u00f3v\u00e1. Ha a vev\u0151 v\u00e1llalkoz\u00e1s, a j\u00f3t\u00e1ll\u00e1si id\u0151 a v\u00e1s\u00e1rolt \u00e1rukra az \u00e1ru \u00e1tad\u00e1s\u00e1t\u00f3l sz\u00e1m\u00edtott egy \u00e9v. Ha a megv\u00e1s\u00e1rolt \u00e1ru haszn\u00e1lt, a keresked\u0151 felel az eladott \u00e1ru minden olyan hib\u00e1j\u00e1\u00e9rt, amely az \u00e1ru \u00e1tv\u00e9telekor az \u00e1ru \u00e1tad\u00e1s\u00e1t\u00f3l sz\u00e1m\u00edtott egy \u00e9ven bel\u00fcl jelentkezik. Az olyan \u00e1ruk eset\u00e9ben, amelyeken a gy\u00e1rt\u00f3 felt\u00fcntetett egy lej\u00e1rati vagy felhaszn\u00e1lhat\u00f3s\u00e1gi id\u0151t, a j\u00f3t\u00e1ll\u00e1si id\u0151 ezen id\u0151szak lej\u00e1rt\u00e1val j\u00e1r le.<\/p><p>6.2 A keresked\u0151 teljes\u00edti az \u00e1rukra vonatkoz\u00f3 \u00e1ltal\u00e1nos k\u00f6vetelm\u00e9nyeket az\u00e1ltal, hogy biztos\u00edtja, hogy az \u00e1ruk k\u00fcl\u00f6n\u00f6sen:<\/p><p>(a) alkalmasak minden olyan c\u00e9lra, amelyre az azonos fajt\u00e1j\u00fa \u00e1rukat \u00e1ltal\u00e1ban haszn\u00e1lj\u00e1k, figyelembe v\u00e9ve k\u00fcl\u00f6n\u00f6sen az \u00e9rintett \u00e1gazatra vonatkoz\u00f3 jogszab\u00e1lyokat, m\u0171szaki szabv\u00e1nyokat vagy magatart\u00e1si k\u00f3dexeket, amennyiben nem dolgoztak ki m\u0171szaki szabv\u00e1nyokat,<\/p><p>(b) megfelel a keresked\u0151 \u00e1ltal a fogyaszt\u00f3nak a szerz\u0151d\u00e9s megk\u00f6t\u00e9se el\u0151tt megadott le\u00edr\u00e1snak \u00e9s min\u0151s\u00e9gnek,<\/p><p>(c) a fogyaszt\u00f3 \u00e1ltal \u00e9sszer\u0171en elv\u00e1rhat\u00f3 tartoz\u00e9kokkal, csomagol\u00e1ssal \u00e9s haszn\u00e1lati utas\u00edt\u00e1sokkal, bele\u00e9rtve az \u00f6sszeszerel\u00e9si \u00e9s telep\u00edt\u00e9si utas\u00edt\u00e1sokat is; \u00e9s<\/p><p>(d) olyan mennyis\u00e9gben, min\u0151s\u00e9gben \u00e9s olyan jellemz\u0151kkel - bele\u00e9rtve a funkcionalit\u00e1st, a kompatibilit\u00e1st, a biztons\u00e1got, valamint azt a k\u00e9pess\u00e9get, hogy norm\u00e1l haszn\u00e1lat mellett meg\u0151rizz\u00e9k funkcionalit\u00e1sukat \u00e9s teljes\u00edtm\u00e9ny\u00fcket - sz\u00e1ll\u00edtj\u00e1k, amelyek az azonos t\u00edpus\u00fa dolog eset\u00e9ben szok\u00e1sosak, \u00e9s amelyeket a fogyaszt\u00f3 \u00e9sszer\u0171en elv\u00e1rhat, figyelembe v\u00e9ve az \u00e9rt\u00e9kes\u00edtett dolog jelleg\u00e9t, valamint a keresked\u0151 vagy az azonos ell\u00e1t\u00e1si l\u00e1ncban r\u00e9szt vev\u0151 b\u00e1rmely m\u00e1s szem\u00e9ly - bele\u00e9rtve a gy\u00e1rt\u00f3t - \u00e1ltal vagy nev\u00e9ben tett b\u00e1rmely nyilv\u00e1nos nyilatkozatot, k\u00fcl\u00f6n\u00f6sen a dolog rekl\u00e1moz\u00e1s\u00e1ban vagy a c\u00edmk\u00e9z\u00e9s\u00e9n; gy\u00e1rt\u00f3nak min\u0151s\u00fcl a dolog v\u00e1llalkoz\u00f3ja, a dolognak az Eur\u00f3pai Uni\u00f3 piac\u00e1n harmadik orsz\u00e1gb\u00f3l t\u00f6rt\u00e9n\u0151 import\u0151re vagy b\u00e1rmely m\u00e1s szem\u00e9ly, aki mag\u00e1t gy\u00e1rt\u00f3k\u00e9nt azonos\u00edtja az\u00e1ltal, hogy nev\u00e9t, v\u00e9djegy\u00e9t vagy m\u00e1s megk\u00fcl\u00f6nb\u00f6ztet\u0151 jel\u00e9t a dologra helyezi.<\/p><p>6.3 A keresked\u0151 az \u00e1ruval szemben t\u00e1masztott elfogadott k\u00f6vetelm\u00e9nyeket az al\u00e1bbiak szerint teljes\u00edti:<\/p><p>(a) megfelel az ad\u00e1sv\u00e9teli szerz\u0151d\u00e9sben meghat\u00e1rozott le\u00edr\u00e1snak, t\u00edpusnak, mennyis\u00e9gnek \u00e9s min\u0151s\u00e9gnek,<\/p><p>(b) az alkalmas egy meghat\u00e1rozott c\u00e9lra, amelyet a vev\u0151 legk\u00e9s\u0151bb a szerz\u0151d\u00e9s megk\u00f6t\u00e9sekor a keresked\u0151 tudom\u00e1s\u00e1ra hozott, \u00e9s amelyhez a keresked\u0151 hozz\u00e1j\u00e1rult,<\/p><p>(c) a szerz\u0151d\u00e9sben meghat\u00e1rozott funkci\u00f3k ell\u00e1t\u00e1s\u00e1ra val\u00f3 k\u00e9pess\u00e9g jellemzi a c\u00e9lj\u00e1ra tekintettel,<\/p><p>(d) az ad\u00e1sv\u00e9teli szerz\u0151d\u00e9sben meghat\u00e1rozott egy\u00e9b jellemz\u0151k jellemzik,<\/p><p>(e) az ad\u00e1sv\u00e9teli szerz\u0151d\u00e9sben meghat\u00e1rozott \u00f6sszes tartoz\u00e9kkal egy\u00fctt sz\u00e1ll\u00edtj\u00e1k,<\/p><p>(f) az ad\u00e1sv\u00e9teli szerz\u0151d\u00e9sben meghat\u00e1rozottak szerint haszn\u00e1lati utas\u00edt\u00e1ssal, bele\u00e9rtve az \u00f6sszeszerel\u00e9si \u00e9s telep\u00edt\u00e9si utas\u00edt\u00e1sokat is.<\/p><p>6.4 Az eladott \u00e1ruk hib\u00e1sak, ha nem felelnek meg az \u00e1ltal\u00e1nos k\u00f6vetelm\u00e9nyeknek \u00e9s az elfogadott k\u00f6vetelm\u00e9nyeknek. Az eladott \u00e1ruk hib\u00e1sak tov\u00e1bb\u00e1, ha haszn\u00e1latuk megakad\u00e1lyozza vagy korl\u00e1tozza harmadik f\u00e9l jogait, bele\u00e9rtve a szellemi tulajdonjogokat is. Az \u00e1runak nem kell megfelelnie az \u00e1ltal\u00e1nos k\u00f6vetelm\u00e9nyeknek, ha a keresked\u0151 a szerz\u0151d\u00e9s megk\u00f6t\u00e9sekor kifejezetten t\u00e1j\u00e9koztatta a fogyaszt\u00f3t arr\u00f3l, hogy az \u00e1ru bizonyos jellemz\u0151je nem felel meg az \u00e1ltal\u00e1nos k\u00f6vetelm\u00e9nyeknek, \u00e9s a fogyaszt\u00f3 kifejezetten \u00e9s kifejezetten beleegyezett a nem megfelel\u00e9sbe.<\/p><p>6.5 A fogyaszt\u00f3 a hib\u00e1t \u00edr\u00e1sban a keresked\u0151 c\u00edm\u00e9n: Hlavn\u00e1 75, 929 01 Dunajsk\u00e1 Streda (Tesco Gal\u00e9ria), vagy elektronikus \u00faton a jelen \u00e1ltal\u00e1nos szerz\u0151d\u00e9si felt\u00e9telek 1.2. pontj\u00e1ban megadott el\u00e9rhet\u0151s\u00e9geken kereszt\u00fcl reklam\u00e1lhatja. E c\u00e9lb\u00f3l a fogyaszt\u00f3 haszn\u00e1lhatja a jelen \u00e1ltal\u00e1nos szerz\u0151d\u00e9si felt\u00e9telek v\u00e9g\u00e9n tal\u00e1lhat\u00f3, a web\u00e1ruh\u00e1z megfelel\u0151 aloldal\u00e1n k\u00f6zz\u00e9tett, let\u00f6lthet\u0151 mintanyomtatv\u00e1nyt.<\/p><p>6.6 Ha a fogyaszt\u00f3 \u00e9l a hiba kifog\u00e1sol\u00e1s\u00e1nak jog\u00e1val, a keresked\u0151 halad\u00e9ktalanul \u00edr\u00e1sbeli visszaigazol\u00e1st ad a fogyaszt\u00f3nak a hiba kifog\u00e1s\u00e1r\u00f3l. A keresked\u0151 a hiba visszaigazol\u00e1s\u00e1ban meghat\u00e1rozza azt a hat\u00e1rid\u0151t, amelyen bel\u00fcl a hib\u00e1t ki kell jav\u00edtani. Az el\u0151z\u0151 mondat szerint k\u00f6z\u00f6lt hat\u00e1rid\u0151 nem lehet hosszabb, mint a hiba jelz\u00e9se napj\u00e1t\u00f3l sz\u00e1m\u00edtott 30 nap, kiv\u00e9ve, ha a hosszabb hat\u00e1rid\u0151t a keresked\u0151n k\u00edv\u00fcl \u00e1ll\u00f3 objekt\u00edv ok indokolja.<\/p><p>6.7 Ha a fogyaszt\u00f3 postai \u00faton kifog\u00e1solta a hib\u00e1t, amelyet a keresked\u0151 megtagadott, a csomagot az elutas\u00edt\u00e1s napj\u00e1n k\u00e9zbes\u00edtettnek kell tekinteni.<\/p><p>6.8 A fogyaszt\u00f3 csak akkor \u00e9rv\u00e9nyes\u00edtheti a hib\u00e1k\u00e9rt val\u00f3 felel\u0151ss\u00e9g\u00e9t, ha a hib\u00e1t a hiba felfedez\u00e9s\u00e9t\u0151l sz\u00e1m\u00edtott k\u00e9t h\u00f3napon bel\u00fcl, de legk\u00e9s\u0151bb a keresked\u0151nek az \u00e1ru hib\u00e1ira vonatkoz\u00f3 felel\u0151ss\u00e9gi id\u0151szak\u00e1nak lej\u00e1rt\u00e1ig jelezte.<\/p><p>6.9 A fogyaszt\u00f3 a hiba kijav\u00edt\u00e1s\u00e1ra vonatkoz\u00f3 ig\u00e9nye \u00e9rv\u00e9nyes\u00edt\u00e9s\u00e9hez t\u00f6bbek k\u00f6z\u00f6tt a k\u00f6vetkez\u0151kre jogosult:<\/p><p>(a) az \u00e1ru hib\u00e1j\u00e1nak kijav\u00edt\u00e1sa jav\u00edt\u00e1s \u00fatj\u00e1n<\/p><p>(b) \u00e1rucsere<\/p><p>(c) \u00e9sszer\u0171 \u00e1rengedm\u00e9ny a v\u00e9tel\u00e1rb\u00f3l<\/p><p>(d) az ad\u00e1sv\u00e9teli szerz\u0151d\u00e9st\u0151l val\u00f3 el\u00e1ll\u00e1s<\/p><p>6.10 A fogyaszt\u00f3nak joga van v\u00e1lasztani, hogy a hib\u00e1t az \u00e1ru kicser\u00e9l\u00e9s\u00e9vel vagy jav\u00edt\u00e1s\u00e1val orvosolja. A fogyaszt\u00f3 nem v\u00e1laszthatja a hiba kijav\u00edt\u00e1s\u00e1nak olyan m\u00f3dj\u00e1t, amely nem lehets\u00e9ges, vagy amely a hiba kijav\u00edt\u00e1s\u00e1nak m\u00e1s m\u00f3dj\u00e1hoz k\u00e9pest ar\u00e1nytalan k\u00f6lts\u00e9gekkel j\u00e1rna a keresked\u0151 sz\u00e1m\u00e1ra, figyelembe v\u00e9ve az \u00f6sszes k\u00f6r\u00fclm\u00e9nyt, k\u00fcl\u00f6n\u00f6sen azt az \u00e9rt\u00e9ket, amellyel a dolog a hiba n\u00e9lk\u00fcl rendelkezett volna, a hiba s\u00falyoss\u00e1g\u00e1t \u00e9s azt, hogy a hiba kijav\u00edt\u00e1s\u00e1nak m\u00e1s m\u00f3dja jelent\u0151s neh\u00e9zs\u00e9geket okozott volna-e a keresked\u0151nek.<\/p><p>6.11 A keresked\u0151 v\u00e1llalja, hogy a hib\u00e1s \u00e1rut a lehet\u0151 leghamarabb kijav\u00edtja vagy kicser\u00e9li, miut\u00e1n a fogyaszt\u00f3 r\u00e1mutatott a hib\u00e1ra, figyelembe v\u00e9ve az \u00e1ru jelleg\u00e9t, valamint a hiba jelleg\u00e9t \u00e9s s\u00falyoss\u00e1g\u00e1t. A keresked\u0151 v\u00e1llalja tov\u00e1bb\u00e1, hogy a hib\u00e1s \u00e1rut ingyenesen, saj\u00e1t k\u00f6lts\u00e9g\u00e9n \u00e9s a fogyaszt\u00f3nak okozott s\u00falyos kellemetlens\u00e9gek n\u00e9lk\u00fcl kijav\u00edtja vagy kicser\u00e9li, figyelembe v\u00e9ve az \u00e1ru jelleg\u00e9t \u00e9s azt a c\u00e9lt, amelyre a fogyaszt\u00f3 az \u00e1rut k\u00e9rte.<\/p><p>6.12 Jav\u00edt\u00e1s vagy csere c\u00e9lj\u00e1b\u00f3l a fogyaszt\u00f3nak \u00e1t kell adnia vagy a keresked\u0151 rendelkez\u00e9s\u00e9re kell bocs\u00e1tania az \u00e1rut. Az \u00e1ru \u00e1tv\u00e9tel\u00e9nek k\u00f6lts\u00e9gei a keresked\u0151t terhelik.<\/p><p>6.13 A keresked\u0151 a kijav\u00edtott \u00e1rut a saj\u00e1t k\u00f6lts\u00e9g\u00e9n ugyanolyan vagy hasonl\u00f3 m\u00f3don adja \u00e1t a fogyaszt\u00f3nak, mint ahogyan a fogyaszt\u00f3 a hib\u00e1s \u00e1rut \u00e1tadta neki, kiv\u00e9ve, ha a felek m\u00e1sk\u00e9nt \u00e1llapodnak meg.<\/p><p>6.14 A Keresked\u0151 megtagadhatja a hiba kijav\u00edt\u00e1s\u00e1t, ha a jav\u00edt\u00e1s vagy a csere nem lehets\u00e9ges, vagy az \u00f6sszes k\u00f6r\u00fclm\u00e9nyt figyelembe v\u00e9ve ar\u00e1nytalan k\u00f6lts\u00e9geket ig\u00e9nyelne, bele\u00e9rtve a jelen \u00c1ltal\u00e1nos Szerz\u0151d\u00e9si Felt\u00e9telek 6.10. pontj\u00e1nak m\u00e1sodik mondata szerinti k\u00f6r\u00fclm\u00e9nyeket is.<\/p><p>6.15 A fogyaszt\u00f3nak joga van a v\u00e9tel\u00e1rb\u00f3l \u00e9sszer\u0171 \u00e1rengedm\u00e9nyt kapni, vagy az ad\u00e1sv\u00e9teli szerz\u0151d\u00e9st\u0151l \u00e9sszer\u0171 p\u00f3that\u00e1rid\u0151 megad\u00e1sa n\u00e9lk\u00fcl el\u00e1llni, ha:<\/p><p>(a) a keresked\u0151 nem jav\u00edtotta ki vagy cser\u00e9lte ki az \u00e1rut,<\/p><p>(b) a keresked\u0151 nem jav\u00edtotta ki vagy cser\u00e9lte ki az \u00e1rut a jelen felt\u00e9telek 6.12. pontj\u00e1nak megfelel\u0151en,<\/p><p>c) a keresked\u0151 megtagadta a hiba kijav\u00edt\u00e1s\u00e1t a jelen felt\u00e9telek 6.14. pontja szerint,<\/p><p>d) az \u00e1ru a jav\u00edt\u00e1s vagy csere ellen\u00e9re is ugyanolyan hib\u00e1s,<\/p><p>(e) a hiba olyan s\u00falyos, hogy az a v\u00e9tel\u00e1r azonnali cs\u00f6kkent\u00e9s\u00e9t vagy az ad\u00e1sv\u00e9teli szerz\u0151d\u00e9st\u0151l val\u00f3 el\u00e1ll\u00e1st indokolja; vagy<\/p><p>(f) a keresked\u0151 kijelentette, vagy a k\u00f6r\u00fclm\u00e9nyekb\u0151l kit\u0171nik, hogy nem fogja a hib\u00e1t \u00e9sszer\u0171 id\u0151n bel\u00fcl vagy a fogyaszt\u00f3nak okozott s\u00falyos kellemetlens\u00e9gek n\u00e9lk\u00fcl kijav\u00edtani.<\/p><p>6.16 A fogyaszt\u00f3nak a v\u00e9tel\u00e1rb\u00f3l val\u00f3 engedm\u00e9nyre vagy az ad\u00e1sv\u00e9teli szerz\u0151d\u00e9st\u0151l val\u00f3 el\u00e1ll\u00e1sra val\u00f3 jog\u00e1nak a jelen felt\u00e9telek 6.15. bekezd\u00e9s\u00e9nek d) \u00e9s e) pontja szerinti meg\u00edt\u00e9l\u00e9se sor\u00e1n minden k\u00f6r\u00fclm\u00e9nyt figyelembe kell venni, k\u00fcl\u00f6n\u00f6sen az \u00e1ru t\u00edpus\u00e1t \u00e9s \u00e9rt\u00e9k\u00e9t, a hiba jelleg\u00e9t \u00e9s s\u00falyoss\u00e1g\u00e1t, valamint a fogyaszt\u00f3 azon k\u00e9pess\u00e9g\u00e9t, hogy objekt\u00edven megk\u00f6vetelhet\u0151 legyen a keresked\u0151nek a hiba kijav\u00edt\u00e1s\u00e1ra vonatkoz\u00f3 k\u00e9pess\u00e9g\u00e9be vetett bizalma.<\/p><p>6.17 A fogyaszt\u00f3 nem \u00e1llhat el az ad\u00e1sv\u00e9teli szerz\u0151d\u00e9st\u0151l a jelen \u00e1ltal\u00e1nos szerz\u0151d\u00e9si felt\u00e9telek 6.15. pontja alapj\u00e1n, ha a fogyaszt\u00f3 r\u00e9szt vett a hiba l\u00e9trej\u00f6tt\u00e9ben, vagy ha a hiba elhanyagolhat\u00f3. A keresked\u0151t terheli annak bizony\u00edt\u00e1sa, hogy a fogyaszt\u00f3 hozz\u00e1j\u00e1rult a hiba l\u00e9trej\u00f6tt\u00e9hez, illetve hogy a hiba elhanyagolhat\u00f3,<\/p><p>6.18 Ha a szerz\u0151d\u00e9s egyn\u00e9l t\u00f6bb \u00e1ru megv\u00e1s\u00e1rl\u00e1s\u00e1ra vonatkozik, a fogyaszt\u00f3 csak a hib\u00e1s \u00e1ru tekintet\u00e9ben \u00e1llhat el a szerz\u0151d\u00e9st\u0151l. A t\u00f6bbi megv\u00e1s\u00e1rolt \u00e1ruval kapcsolatban csak akkor \u00e1llhat el a szerz\u0151d\u00e9st\u0151l, ha \u00e9sszer\u0171en nem v\u00e1rhat\u00f3 el t\u0151le, hogy a t\u00f6bbi \u00e1rut a hib\u00e1s \u00e1ru n\u00e9lk\u00fcl k\u00edv\u00e1nja megtartani.<\/p><p>6.19 A szerz\u0151d\u00e9st\u0151l val\u00f3, a jelen \u00e1ltal\u00e1nos szerz\u0151d\u00e9si felt\u00e9telek 6.15. pontja szerinti el\u00e1ll\u00e1st k\u00f6vet\u0151en a keresked\u0151 legk\u00e9s\u0151bb az \u00e1ru keresked\u0151h\u00f6z t\u00f6rt\u00e9n\u0151 visszak\u00fcld\u00e9s\u00e9nek id\u0151pontj\u00e1t\u00f3l sz\u00e1m\u00edtott 14 napon bel\u00fcl, vagy annak igazol\u00e1sa eset\u00e9n, hogy a fogyaszt\u00f3 elk\u00fcldte az \u00e1rut a keresked\u0151nek, att\u00f3l f\u00fcgg\u0151en, hogy melyik a kor\u00e1bbi id\u0151pont, k\u00f6teles a v\u00e9tel\u00e1rat a fogyaszt\u00f3nak visszafizetni. A keresked\u0151 visszat\u00e9r\u00edti a fogyaszt\u00f3nak a v\u00e9tel\u00e1rat, vagy a fogyaszt\u00f3nak a v\u00e9tel\u00e1rb\u00f3l engedm\u00e9nyt fizet, ugyanazon a m\u00f3don, amelyet a fogyaszt\u00f3 a v\u00e9tel\u00e1r kifizet\u00e9sekor haszn\u00e1lt, kiv\u00e9ve, ha a fogyaszt\u00f3 kifejezetten m\u00e1s fizet\u00e9si m\u00f3dhoz j\u00e1rul hozz\u00e1. A fizet\u00e9ssel kapcsolatos valamennyi k\u00f6lts\u00e9g a keresked\u0151t terheli.<\/p><p>6.20 Miut\u00e1n a fogyaszt\u00f3 a 6.15. pont szerint el\u00e1llt a szerz\u0151d\u00e9st\u0151l, a keresked\u0151 nem jogosult az \u00e1ru szok\u00e1sos elhaszn\u00e1l\u00f3d\u00e1sa \u00e1ltal okozott k\u00e1rok megt\u00e9r\u00edt\u00e9s\u00e9re, valamint az \u00e1ru az ad\u00e1sv\u00e9teli szerz\u0151d\u00e9st\u0151l val\u00f3 el\u00e1ll\u00e1s el\u0151tti szok\u00e1sos haszn\u00e1lat\u00e1\u00e9rt j\u00e1r\u00f3 d\u00edjaz\u00e1sra.<\/p><p>6.21 Ha a keresked\u0151 megtagadja a hib\u00e1k\u00e9rt val\u00f3 felel\u0151ss\u00e9get, a megtagad\u00e1s okair\u00f3l \u00edr\u00e1sban \u00e9rtes\u00edti a fogyaszt\u00f3t. Ha a fogyaszt\u00f3 akkredit\u00e1lt szem\u00e9ly, meghatalmazott szem\u00e9ly vagy bejelentett szem\u00e9ly \u00e1ltal ki\u00e1ll\u00edtott szak\u00e9rt\u0151i vagy szakmai v\u00e9lem\u00e9nnyel bizony\u00edtja a keresked\u0151 hib\u00e1\u00e9rt val\u00f3 felel\u0151ss\u00e9g\u00e9t, a fogyaszt\u00f3 ism\u00e9telten felhozhatja a hib\u00e1t, \u00e9s a keresked\u0151 nem tagadhatja meg a hib\u00e1\u00e9rt val\u00f3 felel\u0151ss\u00e9get; a jelen felt\u00e9telek 6.8. pontj\u00e1ban meghat\u00e1rozott felt\u00e9tel nem vonatkozik a hiba ism\u00e9telt felhozatal\u00e1ra. A fogyaszt\u00f3 jogosult tov\u00e1bb\u00e1 a keresked\u0151t\u0151l a keresked\u0151 \u00e1ltal felr\u00f3hat\u00f3 hib\u00e1ra val\u00f3 r\u00e1mutat\u00e1ssal \u00e9s a felel\u0151ss\u00e9gi jogok gyakorl\u00e1s\u00e1val kapcsolatban felmer\u00fclt \u00e9sszer\u0171 k\u00f6lts\u00e9gek megt\u00e9r\u00edt\u00e9s\u00e9re. A fogyaszt\u00f3nak ezt a jogot legk\u00e9s\u0151bb a kijav\u00edtott vagy kicser\u00e9lt \u00e1ru lesz\u00e1ll\u00edt\u00e1s\u00e1t\u00f3l, az \u00e1rengedm\u00e9ny kifizet\u00e9s\u00e9t\u0151l vagy a szerz\u0151d\u00e9st\u0151l val\u00f3 el\u00e1ll\u00e1st k\u00f6vet\u0151 \u00e1rvisszat\u00e9r\u00edt\u00e9st\u0151l sz\u00e1m\u00edtott k\u00e9t h\u00f3napon bel\u00fcl kell gyakorolnia a keresked\u0151n\u00e9l, ellenkez\u0151 esetben a jog megsz\u0171nik.<\/p>\t\t\t\t\t\t\t\t<\/div>\n\t\t\t\t<\/div>\n\t\t\t\t\t<\/div>\n\t\t\t\t<\/div>\n\t\t\t\t\t<\/details>\n\t\t\t\t\t\t<details id=\"e-n-accordion-item-1596\" class=\"e-n-accordion-item\" >\n\t\t\t\t<summary class=\"e-n-accordion-item-title\" data-accordion-index=\"7\" tabindex=\"-1\" aria-expanded=\"false\" aria-controls=\"e-n-accordion-item-1596\" >\n\t\t\t\t\t<span class='e-n-accordion-item-title-header'><h4 class=\"e-n-accordion-item-title-text\"> Art. 7 Fogyaszt\u00f3i garancia <\/h4><\/span>\n\t\t\t\t\t\t\t<span class='e-n-accordion-item-title-icon'>\n\t\t\t<span class='e-opened' ><svg aria-hidden=\"true\" class=\"e-font-icon-svg e-fas-minus\" viewbox=\"0 0 448 512\" xmlns=\"http:\/\/www.w3.org\/2000\/svg\"><path d=\"M416 208H32c-17.67 0-32 14.33-32 32v32c0 17.67 14.33 32 32 32h384c17.67 0 32-14.33 32-32v-32c0-17.67-14.33-32-32-32z\"><\/path><\/svg><\/span>\n\t\t\t<span class='e-closed'><svg aria-hidden=\"true\" class=\"e-font-icon-svg e-fas-plus\" viewbox=\"0 0 448 512\" xmlns=\"http:\/\/www.w3.org\/2000\/svg\"><path d=\"M416 208H272V64c0-17.67-14.33-32-32-32h-32c-17.67 0-32 14.33-32 32v144H32c-17.67 0-32 14.33-32 32v32c0 17.67 14.33 32 32 32h144v144c0 17.67 14.33 32 32 32h32c17.67 0 32-14.33 32-32V304h144c17.67 0 32-14.33 32-32v-32c0-17.67-14.33-32-32-32z\"><\/path><\/svg><\/span>\n\t\t<\/span>\n\n\t\t\t\t\t\t<\/summary>\n\t\t\t\t<div role=\"region\" aria-labelledby=\"e-n-accordion-item-1596\" class=\"elementor-element elementor-element-42fd99c e-flex e-con-boxed e-con e-child\" data-id=\"42fd99c\" data-element_type=\"container\">\n\t\t\t\t\t<div class=\"e-con-inner\">\n\t\t\t\t<div class=\"elementor-element elementor-element-e2a35cd elementor-widget elementor-widget-text-editor\" data-id=\"e2a35cd\" data-element_type=\"widget\" data-widget_type=\"text-editor.default\">\n\t\t\t\t<div class=\"elementor-widget-container\">\n\t\t\t\t\t\t\t\t\t<p>7.1. A gy\u00e1rt\u00f3 vagy keresked\u0151 a fogyaszt\u00f3nak fogyaszt\u00f3i garanci\u00e1t ny\u00fajthat, amelyben v\u00e1llalja a v\u00e9tel\u00e1r visszat\u00e9r\u00edt\u00e9s\u00e9t, az eladott \u00e1ru kicser\u00e9l\u00e9s\u00e9t vagy kijav\u00edt\u00e1s\u00e1t, illetve a hib\u00e1k\u00e9rt val\u00f3 felel\u0151ss\u00e9gb\u0151l ered\u0151 jogok k\u00f6r\u00e9n t\u00falmen\u0151en annak karbantart\u00e1s\u00e1t. A fogyaszt\u00f3 jogosult a fogyaszt\u00f3i garanci\u00e1t ny\u00fajt\u00f3 gy\u00e1rt\u00f3t\u00f3l vagy keresked\u0151t\u0151l a fogyaszt\u00f3i garancia teljes\u00edt\u00e9s\u00e9t k\u00f6vetelni az ad\u00e1sv\u00e9teli szerz\u0151d\u00e9s megk\u00f6t\u00e9sekor vagy annak megk\u00f6t\u00e9se el\u0151tt rendelkez\u00e9sre \u00e1ll\u00f3 j\u00f3t\u00e1ll\u00e1si jegyben vagy a kapcsol\u00f3d\u00f3 rekl\u00e1mban meghat\u00e1rozott felt\u00e9telek szerint.<\/p><p>7.2 A fogyaszt\u00f3i j\u00f3t\u00e1ll\u00e1s id\u0151tartama alatt a fogyaszt\u00f3nak joga van a hiba kijav\u00edt\u00e1s\u00e1ra a jelen felt\u00e9telek 6.9. pontja szerint, kiv\u00e9ve, ha a gy\u00e1rt\u00f3 vagy a keresked\u0151 a fogyaszt\u00f3i \u00e9lethosszig tart\u00f3 j\u00f3t\u00e1ll\u00e1sban kedvez\u0151bb felt\u00e9teleket biztos\u00edtott.<\/p>\t\t\t\t\t\t\t\t<\/div>\n\t\t\t\t<\/div>\n\t\t\t\t\t<\/div>\n\t\t\t\t<\/div>\n\t\t\t\t\t<\/details>\n\t\t\t\t\t\t<details id=\"e-n-accordion-item-1597\" class=\"e-n-accordion-item\" >\n\t\t\t\t<summary class=\"e-n-accordion-item-title\" data-accordion-index=\"8\" tabindex=\"-1\" aria-expanded=\"false\" aria-controls=\"e-n-accordion-item-1597\" >\n\t\t\t\t\t<span class='e-n-accordion-item-title-header'><h4 class=\"e-n-accordion-item-title-text\"> Art. 8.  Alternat\u00edv vitarendez\u00e9s \u00e9s panaszok <\/h4><\/span>\n\t\t\t\t\t\t\t<span class='e-n-accordion-item-title-icon'>\n\t\t\t<span class='e-opened' ><svg aria-hidden=\"true\" class=\"e-font-icon-svg e-fas-minus\" viewbox=\"0 0 448 512\" xmlns=\"http:\/\/www.w3.org\/2000\/svg\"><path d=\"M416 208H32c-17.67 0-32 14.33-32 32v32c0 17.67 14.33 32 32 32h384c17.67 0 32-14.33 32-32v-32c0-17.67-14.33-32-32-32z\"><\/path><\/svg><\/span>\n\t\t\t<span class='e-closed'><svg aria-hidden=\"true\" class=\"e-font-icon-svg e-fas-plus\" viewbox=\"0 0 448 512\" xmlns=\"http:\/\/www.w3.org\/2000\/svg\"><path d=\"M416 208H272V64c0-17.67-14.33-32-32-32h-32c-17.67 0-32 14.33-32 32v144H32c-17.67 0-32 14.33-32 32v32c0 17.67 14.33 32 32 32h144v144c0 17.67 14.33 32 32 32h32c17.67 0 32-14.33 32-32V304h144c17.67 0 32-14.33 32-32v-32c0-17.67-14.33-32-32-32z\"><\/path><\/svg><\/span>\n\t\t<\/span>\n\n\t\t\t\t\t\t<\/summary>\n\t\t\t\t<div role=\"region\" aria-labelledby=\"e-n-accordion-item-1597\" class=\"elementor-element elementor-element-c7e1b9f e-flex e-con-boxed e-con e-child\" data-id=\"c7e1b9f\" data-element_type=\"container\">\n\t\t\t\t\t<div class=\"e-con-inner\">\n\t\t\t\t<div class=\"elementor-element elementor-element-4857eea elementor-widget elementor-widget-text-editor\" data-id=\"4857eea\" data-element_type=\"widget\" data-widget_type=\"text-editor.default\">\n\t\t\t\t<div class=\"elementor-widget-container\">\n\t\t\t\t\t\t\t\t\t<p>8.1 A fogyaszt\u00f3nak joga van a keresked\u0151h\u00f6z fordulni jogorvoslat\u00e9rt, ha el\u00e9gedetlen azzal, ahogyan a keresked\u0151 az \u00e1ru hib\u00e1j\u00e1val kapcsolatos panasz\u00e1t kezelte, vagy ha \u00fagy v\u00e9li, hogy a keresked\u0151 megs\u00e9rtette a jogait. Ha a keresked\u0151 e k\u00e9relemre nemleges v\u00e1laszt ad, vagy a k\u00e9relem elk\u00fcld\u00e9s\u00e9t\u0151l sz\u00e1m\u00edtott 30 napon bel\u00fcl nem v\u00e1laszol, a fogyaszt\u00f3nak joga van alternat\u00edv vitarendez\u00e9si elj\u00e1r\u00e1s kezdem\u00e9nyez\u00e9s\u00e9re ir\u00e1nyul\u00f3 k\u00e9relmet beny\u00fajtani egy alternat\u00edv vitarendez\u00e9si szervezethez a 391\/2015 sz. t\u00f6rv\u00e9ny alapj\u00e1n. Az alternat\u00edv vitarendez\u00e9s alanyai a 391\/2015 Coll. sz. t\u00f6rv\u00e9ny 3. cikke szerinti hat\u00f3s\u00e1gok \u00e9s felhatalmazott jogi szem\u00e9lyek. A fogyaszt\u00f3 a 391\/2015 Coll. sz. t\u00f6rv\u00e9ny 12. cikke szerint meghat\u00e1rozott m\u00f3don ny\u00fajthat be javaslatot. A fogyaszt\u00f3 az online alternat\u00edv vitarendez\u00e9si platformon kereszt\u00fcl is beny\u00fajthat panaszt, amely online a k\u00f6vetkez\u0151 linken \u00e9rhet\u0151 el: https:\/\/ec.europa.eu\/consumers\/odr\/main\/index.cfm?event=main.home2.show&amp;lng=SK.<\/p><p>8.2 Az alternat\u00edv vitarendez\u00e9s kiz\u00e1r\u00f3lag a fogyaszt\u00f3 \u00e9s a keresked\u0151 k\u00f6z\u00f6tti, ad\u00e1sv\u00e9teli szerz\u0151d\u00e9sb\u0151l ered\u0151 vagy azzal kapcsolatos vit\u00e1kra vonatkozik.<\/p><p>8.3 Az alternat\u00edv vitarendez\u00e9si test\u00fclet elutas\u00edthatja a javaslatot, ha a vita sz\u00e1mszer\u0171s\u00edthet\u0151 \u00e9rt\u00e9ke nem haladja meg a 20,- eur\u00f3t. Az eg\u00e9sz k\u00e9rd\u00e9ssel kapcsolatos r\u00e9szletesebb inform\u00e1ci\u00f3k a 391\/2015 sz. t\u00f6rv\u00e9nyben tal\u00e1lhat\u00f3k. A fogyaszt\u00f3i jogvit\u00e1k alternat\u00edv vitarendez\u00e9s\u00e9r\u0151l vagy az 524\/2013\/EU eur\u00f3pai parlamenti \u00e9s tan\u00e1csi rendeletben, illetve b\u0151vebben a k\u00f6vetkez\u0151 linken olvashat: https:\/\/ec.europa.eu\/consumers\/odr\/main\/?event=main.home.howitworks#heading-3.<\/p><p>8.4 A fogyaszt\u00f3nak joga van tov\u00e1bb\u00e1 panaszt tenni a fogyaszt\u00f3v\u00e9delmi fel\u00fcgyeleti hat\u00f3s\u00e1gn\u00e1l, ha \u00fagy v\u00e9li, hogy a fogyaszt\u00f3 jogai vagy jogilag v\u00e9dett \u00e9rdekei s\u00e9r\u00fcltek. A fel\u00fcgyeleti hat\u00f3s\u00e1g el\u00e9rhet\u0151s\u00e9gei a k\u00f6vetkez\u0151k:<\/p><p>A trnavai r\u00e9gi\u00f3 SOI fel\u00fcgyel\u0151s\u00e9ge<br \/>Pek\u00e1rska 23, 917 01 Trnava 1<br \/>Fel\u00fcgyeleti oszt\u00e1ly<br \/>tt@soi.sk<br \/>tel. 033\/321 25 27, 033\/321 25 21<br \/>http:\/\/www.soi.sk<br \/>A panaszok beny\u00fajt\u00e1s\u00e1ra szolg\u00e1l\u00f3 internetes link: https:\/\/www.soi.sk\/sk\/Podavanie-podnetov-staznosti-navrhov-a-ziadosti\/Podajte-podnet.soi<\/p>\t\t\t\t\t\t\t\t<\/div>\n\t\t\t\t<\/div>\n\t\t\t\t\t<\/div>\n\t\t\t\t<\/div>\n\t\t\t\t\t<\/details>\n\t\t\t\t\t\t<details id=\"e-n-accordion-item-1598\" class=\"e-n-accordion-item\" >\n\t\t\t\t<summary class=\"e-n-accordion-item-title\" data-accordion-index=\"9\" tabindex=\"-1\" aria-expanded=\"false\" aria-controls=\"e-n-accordion-item-1598\" >\n\t\t\t\t\t<span class='e-n-accordion-item-title-header'><h4 class=\"e-n-accordion-item-title-text\"> Art. 9 Az elektronikus sz\u00e1ml\u00e1k k\u00fcld\u00e9s\u00e9nek felt\u00e9telei <\/h4><\/span>\n\t\t\t\t\t\t\t<span class='e-n-accordion-item-title-icon'>\n\t\t\t<span class='e-opened' ><svg aria-hidden=\"true\" class=\"e-font-icon-svg e-fas-minus\" viewbox=\"0 0 448 512\" xmlns=\"http:\/\/www.w3.org\/2000\/svg\"><path d=\"M416 208H32c-17.67 0-32 14.33-32 32v32c0 17.67 14.33 32 32 32h384c17.67 0 32-14.33 32-32v-32c0-17.67-14.33-32-32-32z\"><\/path><\/svg><\/span>\n\t\t\t<span class='e-closed'><svg aria-hidden=\"true\" class=\"e-font-icon-svg e-fas-plus\" viewbox=\"0 0 448 512\" xmlns=\"http:\/\/www.w3.org\/2000\/svg\"><path d=\"M416 208H272V64c0-17.67-14.33-32-32-32h-32c-17.67 0-32 14.33-32 32v144H32c-17.67 0-32 14.33-32 32v32c0 17.67 14.33 32 32 32h144v144c0 17.67 14.33 32 32 32h32c17.67 0 32-14.33 32-32V304h144c17.67 0 32-14.33 32-32v-32c0-17.67-14.33-32-32-32z\"><\/path><\/svg><\/span>\n\t\t<\/span>\n\n\t\t\t\t\t\t<\/summary>\n\t\t\t\t<div role=\"region\" aria-labelledby=\"e-n-accordion-item-1598\" class=\"elementor-element elementor-element-9507c5f e-flex e-con-boxed e-con e-child\" data-id=\"9507c5f\" data-element_type=\"container\">\n\t\t\t\t\t<div class=\"e-con-inner\">\n\t\t\t\t<div class=\"elementor-element elementor-element-2c533e4 elementor-widget elementor-widget-text-editor\" data-id=\"2c533e4\" data-element_type=\"widget\" data-widget_type=\"text-editor.default\">\n\t\t\t\t<div class=\"elementor-widget-container\">\n\t\t\t\t\t\t\t\t\t<p>9.1 Az elektronikus sz\u00e1mla a hozz\u00e1adott\u00e9rt\u00e9k-ad\u00f3r\u00f3l sz\u00f3l\u00f3 222\/2004. sz. t\u00f6rv\u00e9ny 71. szakasza (1) bekezd\u00e9s\u00e9nek b) pontja \u00e9rtelm\u00e9ben ad\u00f3\u00fcgyi dokumentumnak min\u0151s\u00fcl.<\/p><p>9.2 Az elektronikus sz\u00e1mla a hozz\u00e1adott\u00e9rt\u00e9k-ad\u00f3r\u00f3l sz\u00f3l\u00f3 222\/2004. sz. t\u00f6rv\u00e9ny 74. \u00a7-a alapj\u00e1n ki\u00e1ll\u00edtott szab\u00e1lyos sz\u00e1mla, amelyet a keresked\u0151 elektronikusan \u00e1ll\u00edt ki, \u00e9s kiz\u00e1r\u00f3lag elektronikus lev\u00e9lben, k\u00fcl\u00f6n\u00e1ll\u00f3 f\u00e1jlk\u00e9nt .pdf vagy .xml form\u00e1tumban vagy a keresked\u0151 \u00e1ltal meghat\u00e1rozott m\u00e1s megfelel\u0151 form\u00e1tumban k\u00fcld a vev\u0151nek (a tov\u00e1bbiakban: \"elektronikus sz\u00e1mla\").<\/p><p>9.3 A jelen felt\u00e9telek elfogad\u00e1s\u00e1val a Vev\u0151 beleegyezik, hogy a fizet\u00e9s be\u00e9rkez\u00e9s\u00e9t k\u00f6vet\u0151en azonnal elektronikus sz\u00e1ml\u00e1t k\u00fcld\u00fcnk a Vev\u0151 \u00e1ltal a megrendel\u0151lapon megadott e-mail c\u00edmre.<\/p><p>9.4 Az elektronikus sz\u00e1ml\u00e1t a felad\u00e1s napj\u00e1n kell k\u00e9zbes\u00edtettnek tekinteni. K\u00e9ts\u00e9g eset\u00e9n az elektronikus sz\u00e1ml\u00e1t az elektronikus sz\u00e1mla elektronikus lev\u00e9lben t\u00f6rt\u00e9n\u0151 bizony\u00edthat\u00f3 elk\u00fcld\u00e9s\u00e9t\u0151l sz\u00e1m\u00edtott h\u00e1rom munkanap eltelt\u00e9vel kell k\u00e9zbes\u00edtettnek tekinteni.<\/p><p>9.5 A Vev\u0151 jogosult az elektronikus sz\u00e1mla k\u00fcld\u00e9s\u00e9hez val\u00f3 hozz\u00e1j\u00e1rul\u00e1s\u00e1t a Keresked\u0151nek k\u00fcld\u00f6tt \u00edr\u00e1sbeli vagy elektronikus \u00e9rtes\u00edt\u00e9ssel visszavonni. A visszavon\u00e1s az \u00e9rtes\u00edt\u00e9s k\u00e9zhezv\u00e9tel\u00e9nek napj\u00e1n l\u00e9p hat\u00e1lyba.<\/p>\t\t\t\t\t\t\t\t<\/div>\n\t\t\t\t<\/div>\n\t\t\t\t\t<\/div>\n\t\t\t\t<\/div>\n\t\t\t\t\t<\/details>\n\t\t\t\t\t\t<details id=\"e-n-accordion-item-1599\" class=\"e-n-accordion-item\" >\n\t\t\t\t<summary class=\"e-n-accordion-item-title\" data-accordion-index=\"10\" tabindex=\"-1\" aria-expanded=\"false\" aria-controls=\"e-n-accordion-item-1599\" >\n\t\t\t\t\t<span class='e-n-accordion-item-title-header'><h4 class=\"e-n-accordion-item-title-text\"> Art. 10 Felhaszn\u00e1l\u00f3i fi\u00f3k l\u00e9trehoz\u00e1sa <\/h4><\/span>\n\t\t\t\t\t\t\t<span class='e-n-accordion-item-title-icon'>\n\t\t\t<span class='e-opened' ><svg aria-hidden=\"true\" class=\"e-font-icon-svg e-fas-minus\" viewbox=\"0 0 448 512\" xmlns=\"http:\/\/www.w3.org\/2000\/svg\"><path d=\"M416 208H32c-17.67 0-32 14.33-32 32v32c0 17.67 14.33 32 32 32h384c17.67 0 32-14.33 32-32v-32c0-17.67-14.33-32-32-32z\"><\/path><\/svg><\/span>\n\t\t\t<span class='e-closed'><svg aria-hidden=\"true\" class=\"e-font-icon-svg e-fas-plus\" viewbox=\"0 0 448 512\" xmlns=\"http:\/\/www.w3.org\/2000\/svg\"><path d=\"M416 208H272V64c0-17.67-14.33-32-32-32h-32c-17.67 0-32 14.33-32 32v144H32c-17.67 0-32 14.33-32 32v32c0 17.67 14.33 32 32 32h144v144c0 17.67 14.33 32 32 32h32c17.67 0 32-14.33 32-32V304h144c17.67 0 32-14.33 32-32v-32c0-17.67-14.33-32-32-32z\"><\/path><\/svg><\/span>\n\t\t<\/span>\n\n\t\t\t\t\t\t<\/summary>\n\t\t\t\t<div role=\"region\" aria-labelledby=\"e-n-accordion-item-1599\" class=\"elementor-element elementor-element-d34abf6 e-flex e-con-boxed e-con e-child\" data-id=\"d34abf6\" data-element_type=\"container\">\n\t\t\t\t\t<div class=\"e-con-inner\">\n\t\t\t\t<div class=\"elementor-element elementor-element-a307587 elementor-widget elementor-widget-text-editor\" data-id=\"a307587\" data-element_type=\"widget\" data-widget_type=\"text-editor.default\">\n\t\t\t\t<div class=\"elementor-widget-container\">\n\t\t\t\t\t\t\t\t\t<p>10.1 A felhaszn\u00e1l\u00f3i fi\u00f3k l\u00e9trehoz\u00e1sa a Keresked\u0151 web\u00e1ruh\u00e1z\u00e1n kereszt\u00fcl t\u00f6rt\u00e9n\u0151 egy\u00e9ni felhaszn\u00e1l\u00f3i fi\u00f3k regisztr\u00e1ci\u00f3j\u00e1t jelenti (a tov\u00e1bbiakban: \"regisztr\u00e1ci\u00f3\"). A regisztr\u00e1ci\u00f3 \u00f6nk\u00e9ntes \u00e9s ingyenes. A regisztr\u00e1ci\u00f3 nem el\u0151felt\u00e9tele a megrendel\u00e9s l\u00e9trehoz\u00e1s\u00e1nak \u00e9s az ad\u00e1sv\u00e9teli szerz\u0151d\u00e9s megk\u00f6t\u00e9s\u00e9nek, \u00e9s semmilyen m\u00f3don nem befoly\u00e1solja a v\u00e9gs\u0151 v\u00e9tel\u00e1rat.<\/p><p>10.2 A regisztr\u00e1lt felhaszn\u00e1l\u00f3 b\u00e1rmikor k\u00e9rheti a keresked\u0151t\u0151l a felhaszn\u00e1l\u00f3i fi\u00f3k t\u00f6rl\u00e9s\u00e9t, ehhez a keresked\u0151nek a jelen \u00e1ltal\u00e1nos szerz\u0151d\u00e9si felt\u00e9telek 1.2. pontj\u00e1ban megadott el\u00e9rhet\u0151s\u00e9gein kell megjelennie.<\/p>\t\t\t\t\t\t\t\t<\/div>\n\t\t\t\t<\/div>\n\t\t\t\t\t<\/div>\n\t\t\t\t<\/div>\n\t\t\t\t\t<\/details>\n\t\t\t\t\t\t<details id=\"e-n-accordion-item-15910\" class=\"e-n-accordion-item\" >\n\t\t\t\t<summary class=\"e-n-accordion-item-title\" data-accordion-index=\"11\" tabindex=\"-1\" aria-expanded=\"false\" aria-controls=\"e-n-accordion-item-15910\" >\n\t\t\t\t\t<span class='e-n-accordion-item-title-header'><h4 class=\"e-n-accordion-item-title-text\"> Art. 11 Term\u00e9k\u00e9rt\u00e9kel\u00e9sek (V\u00e9lem\u00e9nyek) <\/h4><\/span>\n\t\t\t\t\t\t\t<span class='e-n-accordion-item-title-icon'>\n\t\t\t<span class='e-opened' ><svg aria-hidden=\"true\" class=\"e-font-icon-svg e-fas-minus\" viewbox=\"0 0 448 512\" xmlns=\"http:\/\/www.w3.org\/2000\/svg\"><path d=\"M416 208H32c-17.67 0-32 14.33-32 32v32c0 17.67 14.33 32 32 32h384c17.67 0 32-14.33 32-32v-32c0-17.67-14.33-32-32-32z\"><\/path><\/svg><\/span>\n\t\t\t<span class='e-closed'><svg aria-hidden=\"true\" class=\"e-font-icon-svg e-fas-plus\" viewbox=\"0 0 448 512\" xmlns=\"http:\/\/www.w3.org\/2000\/svg\"><path d=\"M416 208H272V64c0-17.67-14.33-32-32-32h-32c-17.67 0-32 14.33-32 32v144H32c-17.67 0-32 14.33-32 32v32c0 17.67 14.33 32 32 32h144v144c0 17.67 14.33 32 32 32h32c17.67 0 32-14.33 32-32V304h144c17.67 0 32-14.33 32-32v-32c0-17.67-14.33-32-32-32z\"><\/path><\/svg><\/span>\n\t\t<\/span>\n\n\t\t\t\t\t\t<\/summary>\n\t\t\t\t<div role=\"region\" aria-labelledby=\"e-n-accordion-item-15910\" class=\"elementor-element elementor-element-4324515 e-flex e-con-boxed e-con e-child\" data-id=\"4324515\" data-element_type=\"container\">\n\t\t\t\t\t<div class=\"e-con-inner\">\n\t\t\t\t<div class=\"elementor-element elementor-element-7fb6759 elementor-widget elementor-widget-text-editor\" data-id=\"7fb6759\" data-element_type=\"widget\" data-widget_type=\"text-editor.default\">\n\t\t\t\t<div class=\"elementor-widget-container\">\n\t\t\t\t\t\t\t\t\t11.1 Amennyiben fogyaszt\u00f3i \u00e9rt\u00e9kel\u00e9seket tesznek k\u00f6zz\u00e9, a keresked\u0151 ellen\u0151rzi ezeket az \u00e9rt\u00e9kel\u00e9seket, \u00e9s megfelel\u0151 elj\u00e1r\u00e1sokat alkalmaz a hiteless\u00e9g\u00fck \u00e9rt\u00e9kel\u00e9s\u00e9re. Az elad\u00f3 minden egyes k\u00f6zz\u00e9tett \u00e9rt\u00e9kel\u00e9st k\u00fcl\u00f6n-k\u00fcl\u00f6n ellen\u0151riz, \u00e9s annak hiteless\u00e9g\u00e9t az adott \u00e1ru megv\u00e1s\u00e1rl\u00e1s\u00e1hoz beny\u00fajtott dokumentumok alapj\u00e1n ellen\u0151rzi. Ha kider\u00fcl, hogy az \u00e9rt\u00e9kel\u00e9sben szerepl\u0151 \u00e9s az ellen\u0151rz\u00e9s sor\u00e1n kapott inform\u00e1ci\u00f3k nem kapcsol\u00f3dnak az adott megrendel\u00e9shez, az ilyen \u00e9rt\u00e9kel\u00e9st t\u00f6r\u00f6lni kell. A keresked\u0151 az \u00e9rt\u00e9kel\u00e9s kiad\u00e1s\u00e1\u00e9rt vagy visszavon\u00e1s\u00e1\u00e9rt semmilyen el\u0151nyt nem aj\u00e1nlhat fel. A fentiekre tekintettel a keresked\u0151 garant\u00e1lja, hogy a web\u00e1ruh\u00e1zban el\u00e9rhet\u0151 \u00e9rt\u00e9kel\u00e9sek ellen\u0151rz\u00f6ttek \u00e9s hitelesek, \u00e9s val\u00f3s v\u00e1s\u00e1rl\u00e1si tapasztalatokat t\u00fckr\u00f6znek. A web\u00e1ruh\u00e1z \u00e9rt\u00e9kel\u00e9sei m\u00e1s szervezetek oldalain is megjelenhetnek. Ezekben az esetekben az \u00e9rt\u00e9kel\u00e9sek hiteless\u00e9g\u00e9t \u00e9s hiteless\u00e9g\u00e9t ezek a szervezetek saj\u00e1t szab\u00e1lyaik szerint \u00edt\u00e9lik meg.\t\t\t\t\t\t\t\t<\/div>\n\t\t\t\t<\/div>\n\t\t\t\t\t<\/div>\n\t\t\t\t<\/div>\n\t\t\t\t\t<\/details>\n\t\t\t\t\t\t<details id=\"e-n-accordion-item-15911\" class=\"e-n-accordion-item\" >\n\t\t\t\t<summary class=\"e-n-accordion-item-title\" data-accordion-index=\"12\" tabindex=\"-1\" aria-expanded=\"false\" aria-controls=\"e-n-accordion-item-15911\" >\n\t\t\t\t\t<span class='e-n-accordion-item-title-header'><h4 class=\"e-n-accordion-item-title-text\"> Art. 12 Adatv\u00e9delmi szab\u00e1lyzat <\/h4><\/span>\n\t\t\t\t\t\t\t<span class='e-n-accordion-item-title-icon'>\n\t\t\t<span class='e-opened' ><svg aria-hidden=\"true\" class=\"e-font-icon-svg e-fas-minus\" viewbox=\"0 0 448 512\" xmlns=\"http:\/\/www.w3.org\/2000\/svg\"><path d=\"M416 208H32c-17.67 0-32 14.33-32 32v32c0 17.67 14.33 32 32 32h384c17.67 0 32-14.33 32-32v-32c0-17.67-14.33-32-32-32z\"><\/path><\/svg><\/span>\n\t\t\t<span class='e-closed'><svg aria-hidden=\"true\" class=\"e-font-icon-svg e-fas-plus\" viewbox=\"0 0 448 512\" xmlns=\"http:\/\/www.w3.org\/2000\/svg\"><path d=\"M416 208H272V64c0-17.67-14.33-32-32-32h-32c-17.67 0-32 14.33-32 32v144H32c-17.67 0-32 14.33-32 32v32c0 17.67 14.33 32 32 32h144v144c0 17.67 14.33 32 32 32h32c17.67 0 32-14.33 32-32V304h144c17.67 0 32-14.33 32-32v-32c0-17.67-14.33-32-32-32z\"><\/path><\/svg><\/span>\n\t\t<\/span>\n\n\t\t\t\t\t\t<\/summary>\n\t\t\t\t<div role=\"region\" aria-labelledby=\"e-n-accordion-item-15911\" class=\"elementor-element elementor-element-53752b5 e-flex e-con-boxed e-con e-child\" data-id=\"53752b5\" data-element_type=\"container\">\n\t\t\t\t\t<div class=\"e-con-inner\">\n\t\t\t\t<div class=\"elementor-element elementor-element-4c9d5fb elementor-widget elementor-widget-text-editor\" data-id=\"4c9d5fb\" data-element_type=\"widget\" data-widget_type=\"text-editor.default\">\n\t\t\t\t<div class=\"elementor-widget-container\">\n\t\t\t\t\t\t\t\t\t<p>12.1 Teljes m\u00e9rt\u00e9kben tiszteletben tartjuk \u00fcgyfeleink mag\u00e1n\u00e9let\u00e9t. A megrendel\u00e9s feldolgoz\u00e1s\u00e1hoz azonban sz\u00fcks\u00e9ges bizonyos szem\u00e9lyes adatok feldolgoz\u00e1sa. Az online \u00e1ruh\u00e1z s\u00fctiket is feldolgoz. Annak jobb meg\u00e9rt\u00e9s\u00e9hez, hogy milyen c\u00e9lb\u00f3l \u00e9s milyen jogalapon kezelj\u00fck az \u00d6n szem\u00e9lyes adatait, k\u00e9rj\u00fck, olvassa el a term\u00e9szetes szem\u00e9lyeknek a szem\u00e9lyes adatok kezel\u00e9se tekintet\u00e9ben t\u00f6rt\u00e9n\u0151 v\u00e9delm\u00e9r\u0151l \u00e9s az ilyen adatok szabad \u00e1raml\u00e1s\u00e1r\u00f3l, valamint a 95\/46\/EK ir\u00e1nyelv hat\u00e1lyon k\u00edv\u00fcl helyez\u00e9s\u00e9r\u0151l sz\u00f3l\u00f3, 2016. \u00e1prilis 27-i (EU) 2016\/679 eur\u00f3pai parlamenti \u00e9s tan\u00e1csi rendelet \u00e9s a szem\u00e9lyes adatok v\u00e9delm\u00e9r\u0151l, valamint egyes t\u00f6rv\u00e9nyek m\u00f3dos\u00edt\u00e1s\u00e1r\u00f3l \u00e9s kieg\u00e9sz\u00edt\u00e9s\u00e9r\u0151l sz\u00f3l\u00f3 18\/2018. sz. t\u00f6rv\u00e9ny szerinti teljes adatv\u00e9delmi nyilatkozatot, amely a linken tal\u00e1lhat\u00f3: <a href=\"https:\/\/www.biokari.sk\/hu\/a-sucromia-vedelme\/\">www.biokari.sk\/ochrana-sukromia\/<\/a><\/p><p>12.2 K\u00e9rd\u0151\u00edvek k\u00fcld\u00e9se a \"Verified by Customers\" program keret\u00e9ben - (e-mailben t\u00f6rt\u00e9n\u0151 k\u00f6zvetlen marketing)<\/p><p><span style=\"text-decoration: underline;\"><strong>A szem\u00e9lyes adatok feldolgoz\u00e1s\u00e1nak c\u00e9lja:<\/strong><\/span><br \/>A szolg\u00e1ltat\u00e1sunk jav\u00edt\u00e1sa \u00e9s az \u00d6n ig\u00e9nyeinek meg\u00e9rt\u00e9se ir\u00e1nti elk\u00f6telezetts\u00e9g\u00fcnk r\u00e9szek\u00e9nt minden egyes, a web\u00e1ruh\u00e1zunkban t\u00f6rt\u00e9n\u0151 v\u00e1s\u00e1rl\u00e1s ut\u00e1n e-mailben el\u00e9gedetts\u00e9gi k\u00e9rd\u0151\u00edveket k\u00fcld\u00fcnk \u00d6nnek, v\u00e1s\u00e1rl\u00f3inknak. Ezek a k\u00e9rd\u0151\u00edvek a \"Customer Verified\" program r\u00e9sz\u00e9t k\u00e9pezik, amelyben web\u00e1ruh\u00e1zunk r\u00e9szt vesz, \u00e9s amely lehet\u0151v\u00e9 teszi sz\u00e1munkra, hogy a v\u00e1s\u00e1rl\u00f3i visszajelz\u00e9seket automatiz\u00e1lt elektronikus kommunik\u00e1ci\u00f3n kereszt\u00fcl gy\u0171jts\u00fck \u00e9s feldolgozzuk, olyan k\u00e9rd\u0151\u00edvek form\u00e1j\u00e1ban, amelyeket a v\u00e1s\u00e1rl\u00f3knak k\u00fcld\u00fcnk, majd a v\u00e1s\u00e1rl\u00f3i visszajelz\u00e9sek \u00e9rt\u00e9kel\u00e9se \u00e9rdek\u00e9ben kit\u00f6lt\u00fcnk. Az \u00f6sszegy\u0171jt\u00f6tt inform\u00e1ci\u00f3kat szolg\u00e1ltat\u00e1saink jav\u00edt\u00e1s\u00e1ra \u00e9s piaci poz\u00edci\u00f3nk \u00e9rt\u00e9kel\u00e9s\u00e9re haszn\u00e1ljuk fel.<\/p><p>A k\u00e9rd\u0151\u00edvek kik\u00fcld\u00e9s\u00e9hez, a v\u00e1s\u00e1rl\u00f3i visszajelz\u00e9sek \u00f6sszegy\u0171jt\u00e9s\u00e9hez, \u00e9rt\u00e9kel\u00e9s\u00e9hez \u00e9s a piaci poz\u00edci\u00f3 elemz\u00e9s\u00e9hez a K\u00f6zvet\u00edt\u0151 szolg\u00e1ltat\u00e1sait vessz\u00fck ig\u00e9nybe, amely a Heureka Group a.s. Ez a v\u00e1llalat felel\u0151s a k\u00e9rd\u0151\u00edvek gener\u00e1l\u00e1s\u00e1\u00e9rt \u00e9s a kapott v\u00e1laszok feldolgoz\u00e1s\u00e1\u00e9rt. A K\u00f6zvet\u00edt\u0151 ig\u00e9nybev\u00e9tele lehet\u0151v\u00e9 teszi sz\u00e1munkra a kapott adatok hat\u00e9kony feldolgoz\u00e1s\u00e1t, \u00e9s relev\u00e1ns inform\u00e1ci\u00f3kkal szolg\u00e1l szolg\u00e1ltat\u00e1saink \u00e9s marketingstrat\u00e9gi\u00e1ink jav\u00edt\u00e1sa \u00e9rdek\u00e9ben.<\/p><p><span style=\"text-decoration: underline;\"><strong>\u00c9rintett szem\u00e9lyek vagy az \u00e9rintett szem\u00e9lyek kateg\u00f3ri\u00e1ja:<\/strong><\/span><br \/>Azok az \u00fcgyfelek, akik \u00e1rut vagy szolg\u00e1ltat\u00e1st v\u00e1s\u00e1roltak web\u00e1ruh\u00e1zunkban.<\/p><p><strong><span style=\"text-decoration: underline;\">A szem\u00e9lyes adatok kateg\u00f3ri\u00e1ja:<\/span><\/strong><br \/>K\u00f6z\u00f6s szem\u00e9lyes adatok.<\/p><p><strong><span style=\"text-decoration: underline;\">A szem\u00e9lyes adatok list\u00e1ja vagy k\u00f6re:<\/span><\/strong><br \/>E-mail c\u00edm, a v\u00e1s\u00e1rolt \u00e1ruval kapcsolatos inform\u00e1ci\u00f3k.<\/p><p><span style=\"text-decoration: underline;\"><strong>A szem\u00e9lyes adatok feldolgoz\u00e1s\u00e1nak jogalapja:<\/strong><\/span><br \/>Jogos \u00e9rdek (GDPR 6. cikk (1) bekezd\u00e9s f) pont): a szem\u00e9lyes adatok kezel\u00e9se az Adatkezel\u0151 jogos \u00e9rdeke alapj\u00e1n sz\u00fcks\u00e9ges, amely az Adatkezel\u0151 v\u00e1s\u00e1rl\u00f3inak a web\u00e1ruh\u00e1zban t\u00f6rt\u00e9n\u0151 v\u00e1s\u00e1rl\u00e1ssal kapcsolatos el\u00e9gedetts\u00e9g\u00e9nek meg\u00e1llap\u00edt\u00e1sa.<br \/><strong>A feldolgoz\u00e1s az alkalmazand\u00f3 joggal \u00f6sszhangban t\u00f6rt\u00e9nik:<\/strong><\/p><ul><li>Az elektronikus h\u00edrk\u00f6zl\u00e9sr\u0151l sz\u00f3l\u00f3 t\u00f6rv\u00e9ny, amely a k\u00f6zvetlen \u00fczletszerz\u00e9s megval\u00f3s\u00edt\u00e1s\u00e1nak felt\u00e9teleit szab\u00e1lyozza (az elektronikus h\u00edrk\u00f6zl\u00e9sr\u0151l sz\u00f3l\u00f3 452\/2021. sz. t\u00f6rv\u00e9ny 116. \u00a7-a).<\/li><li>A szem\u00e9lyes adatok v\u00e9delm\u00e9r\u0151l sz\u00f3l\u00f3 18\/2018. sz. t\u00f6rv\u00e9ny.<\/li><li>\u00c1ltal\u00e1nos adatv\u00e9delmi rendelet (GDPR).<\/li><\/ul><p><span style=\"text-decoration: underline;\"><strong>A c\u00edmzettek vagy a c\u00edmzettek kateg\u00f3ri\u00e1ja, akikkel a szem\u00e9lyes adatokat k\u00f6zlik:<\/strong><\/span><br \/>A Heureka Group a.s., Karol\u00ednsk\u00e1 706\/3, 186 00 Praha 8, Cseh K\u00f6zt\u00e1rsas\u00e1g, azonos\u00edt\u00f3sz\u00e1m: 07 822 77 a \"Verified by Customers\" program keret\u00e9ben szem\u00e9lyes adatok feldolgoz\u00f3jak\u00e9nt j\u00e1r el. A v\u00e1llalat a szem\u00e9lyes adatokat az Adatfeldolgoz\u00f3 \u00e1ltal v\u00e9gzett szem\u00e9lyes adatok feldolgoz\u00e1s\u00e1ra vonatkoz\u00f3 szerz\u0151d\u00e9s alapj\u00e1n dolgozza fel, amelynek t\u00e1rgya az Adatfeldolgoz\u00f3 feladatainak ell\u00e1t\u00e1sa. Megadjuk neki a v\u00e1s\u00e1rl\u00f3 e-mail c\u00edm\u00e9t \u00e9s a v\u00e1s\u00e1rolt \u00e1rukra vonatkoz\u00f3 inform\u00e1ci\u00f3kat, amelyeket kiz\u00e1r\u00f3lag k\u00e9rd\u0151\u00edvek k\u00fcld\u00e9se \u00e9s ki\u00e9rt\u00e9kel\u00e9se c\u00e9lj\u00e1b\u00f3l haszn\u00e1lunk fel. Minden tev\u00e9kenys\u00e9get a GDPR rendelet 28. cikk\u00e9vel \u00f6sszhangban v\u00e9gz\u00fcnk.<br \/>Az \u00e9rintettek szem\u00e9lyes adatait az e-mail k\u00e9rd\u0151\u00edvek k\u00fcld\u00e9se sor\u00e1n nem adjuk \u00e1t harmadik f\u00e9lnek saj\u00e1t c\u00e9ljaira.<\/p><p><span style=\"text-decoration: underline;\"><strong>Egy\u00e9b t\u00e1mogathat\u00f3 szervezet:<\/strong><\/span><br \/>A szem\u00e9lyes adatok v\u00e9delm\u00e9r\u0151l \u00e9s a GDPR-r\u00f3l sz\u00f3l\u00f3 18\/2018. sz. t\u00f6rv\u00e9ny 13. szakasza (1) bekezd\u00e9s\u00e9nek c) pontja szerinti felhatalmazott szervezet:<\/p><ul><li><strong>Ellen\u0151rz\u0151 \u00e9s fel\u00fcgyeleti hat\u00f3s\u00e1gok:<\/strong> Hat\u00f3s\u00e1gok, bele\u00e9rtve az Adatv\u00e9delmi Hat\u00f3s\u00e1got is, amelyek ellen\u0151rz\u00e9si \u00e9s fel\u00fcgyeleti feladatok ell\u00e1t\u00e1sa \u00e9rdek\u00e9ben hozz\u00e1f\u00e9r\u00e9st k\u00e9rhetnek a szem\u00e9lyes adatokhoz.<\/li><li><strong>B\u00edr\u00f3s\u00e1gok \u00e9s b\u00fcntet\u0151elj\u00e1r\u00e1si hat\u00f3s\u00e1gok:<\/strong> A szem\u00e9lyes adatokhoz a vizsg\u00e1latokhoz, b\u00edr\u00f3s\u00e1gi elj\u00e1r\u00e1sokhoz \u00e9s jogi elj\u00e1r\u00e1sokhoz sz\u00fcks\u00e9ges m\u00e9rt\u00e9kben f\u00e9rhetnek hozz\u00e1.<\/li><li><strong>Szlov\u00e1k Kereskedelmi Fel\u00fcgyelet:<\/strong> A fogyaszt\u00f3v\u00e9delmi jogszab\u00e1lyok fel\u00fcgyel\u0151 hat\u00f3s\u00e1ga, amely jogosult a szem\u00e9lyes adatok ellen\u0151rz\u00e9s\u00e9re.<\/li><li><strong>Egy\u00e9b, t\u00f6rv\u00e9ny \u00e1ltal enged\u00e9lyezett szervezetek:<\/strong> A szem\u00e9lyes adatok feldolgoz\u00e1s\u00e1ra jogszab\u00e1ly alapj\u00e1n felhatalmaz\u00e1ssal rendelkez\u0151 \u00e1llami \u00e9s k\u00f6zint\u00e9zm\u00e9nyek, p\u00e9ld\u00e1ul az ad\u00f3hat\u00f3s\u00e1gok \u00e9s a t\u00e1rsadalombiztos\u00edt\u00e1s.<\/li><\/ul><p><strong>- harmadik orsz\u00e1gokba:<\/strong> Szem\u00e9lyes adatokat nem adunk \u00e1t harmadik orsz\u00e1goknak.<br \/><strong>- nemzetk\u00f6zi szervezeteknek:<\/strong> Szem\u00e9lyes adatokat nem adunk \u00e1t nemzetk\u00f6zi szervezeteknek.<\/p><p><span style=\"text-decoration: underline;\"><strong>Szem\u00e9lyes adatok k\u00f6zz\u00e9t\u00e9tele:<\/strong><\/span><br \/>Az adatkezel\u0151 nem ad ki szem\u00e9lyes adatokat.<\/p><p><span style=\"text-decoration: underline;\"><strong>Meg\u0151rz\u00e9si id\u0151szak \/ meghat\u00e1roz\u00e1s\u00e1nak krit\u00e9riuma:<\/strong><\/span><br \/><strong>A szem\u00e9lyes adatok feldolgoz\u00e1sa a fenti c\u00e9lokb\u00f3l folytat\u00f3dik:<\/strong><\/p><p>1. A 452\/2021 sz. t\u00f6rv\u00e9ny 116. szakasz\u00e1nak (3) bekezd\u00e9se szerinti, k\u00f6zvetlen \u00fczletszerz\u00e9s c\u00e9lj\u00e1b\u00f3l t\u00f6rt\u00e9n\u0151 elektronikus levelek k\u00fcld\u00e9se elleni tiltakoz\u00e1s beny\u00fajt\u00e1s\u00e1ig. az elektronikus h\u00edrk\u00f6zl\u00e9sr\u0151l. Az \u00fcgyfeleknek b\u00e1rmikor lehet\u0151s\u00e9g\u00fck van arra, hogy egyszer\u0171en \u00e9s ingyenesen elutas\u00edts\u00e1k az ilyen c\u00e9l\u00fa e-mailek k\u00fcld\u00e9s\u00e9t. Ez a lehet\u0151s\u00e9g mag\u00e1ban foglalja a kapcsolattart\u00e1si adataik felhaszn\u00e1l\u00e1s\u00e1nak megtagad\u00e1s\u00e1t m\u00e1r a gy\u0171jt\u00e9skor \u00e9s minden egyes k\u00e9zbes\u00edtett \u00fczenetn\u00e9l, kiv\u00e9ve, ha az \u00fcgyf\u00e9l kor\u00e1bban megtagadta az ilyen felhaszn\u00e1l\u00e1st.<\/p><p>a) Az \u00fczemeltet\u0151 akt\u00edvan \u00e9s egy\u00e9rtelm\u0171en felk\u00edn\u00e1lja ezt a lehet\u0151s\u00e9get a v\u00e1s\u00e1rl\u00f3knak a web\u00e1ruh\u00e1z megrendel\u00e9si folyamat\u00e1nak r\u00e9sz\u00e9t k\u00e9pez\u0151 oldalak legal\u00e1bb egyik\u00e9n.<\/p><p>b) Az \u00fcgyfeleknek lehet\u0151s\u00e9g\u00fck van arra, hogy minden egyes felm\u00e9r\u00e9si e-mailben egy leiratkoz\u00e1si link seg\u00edts\u00e9g\u00e9vel lemondjanak a felm\u00e9r\u00e9sekr\u0151l. Ha ezen a linken kereszt\u00fcl lemondanak a felm\u00e9r\u00e9sekr\u0151l, az e-mail c\u00edm\u00fck azonnal felker\u00fcl a \"leiratkoz\u00e1si list\u00e1ra\", \u00e9s a tov\u00e1bbiakban nem k\u00fcldenek nekik felm\u00e9r\u00e9seket.<\/p><p>2. A szem\u00e9lyes adatok GDPR szerinti feldolgoz\u00e1sa elleni tiltakoz\u00e1s beny\u00fajt\u00e1s\u00e1ig. Ez a kifog\u00e1s b\u00e1rmikor el\u0151terjeszthet\u0151, \u00e9s mag\u00e1ban foglalja az \u00e9rintettet \u00e9rint\u0151, a 6. cikk (1) bekezd\u00e9s\u00e9nek e) vagy f) pontja alapj\u00e1n t\u00f6rt\u00e9n\u0151 adatkezel\u00e9s elleni tiltakoz\u00e1s jog\u00e1t. Ha az \u00e9rintett k\u00f6zvetlen\u00fcl az adatkezel\u0151n\u00e9l tiltakozik a szem\u00e9lyes adatok k\u00f6zvetlen \u00fczletszerz\u00e9si c\u00e9l\u00fa feldolgoz\u00e1sa ellen, ide\u00e9rtve a profilalkot\u00e1st is, a szem\u00e9lyes adatok ilyen c\u00e9l\u00fa feldolgoz\u00e1sa a tov\u00e1bbiakban nem folytathat\u00f3.<\/p><p>3. A szem\u00e9lyes adatok feldolgoz\u00e1s\u00e1nak kezdet\u00e9t\u0151l sz\u00e1m\u00edtott legfeljebb 5 \u00e9vig a megadott feldolgoz\u00e1si c\u00e9lokra.<\/p><p><strong>A szem\u00e9lyes adatok Heureka \u00e1ltali feldolgoz\u00e1s\u00e1nak id\u0151tartama \u00e9s felt\u00e9telei:<\/strong><br \/>A Heureka Group a.s. az egy\u00fcttm\u0171k\u00f6d\u00e9si meg\u00e1llapod\u00e1s id\u0151tartama alatt szem\u00e9lyes adatokat kezel a \"Verified by Customers\" programban. Ha az \u00fcgyf\u00e9l tiltakozik, a k\u00e9rd\u0151\u00edvben tal\u00e1lhat\u00f3 linken kereszt\u00fcl visszautas\u00edtja a tov\u00e1bbi k\u00e9rd\u0151\u00edveket, e-mail c\u00edme azonnal felker\u00fcl az \"Opt-out list\u00e1ra\". A Heureka a szerz\u0151d\u00e9s megsz\u0171n\u00e9s\u00e9t k\u00f6vet\u0151 30 napon bel\u00fcl k\u00f6teles t\u00f6r\u00f6lni vagy anonimiz\u00e1lni minden szem\u00e9lyes adatot, kiv\u00e9ve, ha az \u00fcgyf\u00e9l m\u00e1solatot k\u00e9r az adatokr\u00f3l, vagy a t\u00f6rv\u00e9ny el\u0151\u00edrja azok tov\u00e1bbi meg\u0151rz\u00e9s\u00e9t.<\/p><p><span style=\"text-decoration: underline;\"><strong>Az adatkezel\u0151 v\u00e1llalja, hogy betartja a szem\u00e9lyes adatok feldolgoz\u00e1s\u00e1nak elveit, amelyek a k\u00f6vetkez\u0151k:<\/strong><\/span><\/p><ul><li>Az \u00e9rintett \u00e1ltal megadott szem\u00e9lyes adatok csak a megadott c\u00e9lok el\u00e9r\u00e9s\u00e9hez sz\u00fcks\u00e9ges m\u00e9rt\u00e9kben ker\u00fclnek feldolgoz\u00e1sra. Abban az esetben, ha a szem\u00e9lyes adatok feldolgoz\u00e1s\u00e1nak c\u00e9lja m\u00e1r nem teljes\u00fcl, az adatokat halad\u00e9ktalanul t\u00f6r\u00f6lj\u00fck.<\/li><li>Az adatkezel\u0151 rendszeresen fel\u00fclvizsg\u00e1lja a meg\u0151rz\u00f6tt szem\u00e9lyes adatokat annak biztos\u00edt\u00e1sa \u00e9rdek\u00e9ben, hogy azok meg\u0151rz\u00e9se tov\u00e1bbra is indokolt legyen. Azokat az adatokat, amelyekre m\u00e1r nincs sz\u00fcks\u00e9g, vagy amelyek meg\u0151rz\u00e9si ideje lej\u00e1rt, biztons\u00e1gosan t\u00f6rlik vagy anonimiz\u00e1lj\u00e1k.<\/li><li>Az \u00e9rintettet t\u00e1j\u00e9koztatjuk a szem\u00e9lyes adatok feldolgoz\u00e1s\u00e1nak \u00faj c\u00e9lj\u00e1r\u00f3l \u00e9s jogalapj\u00e1r\u00f3l, ha az eredetileg megadott c\u00e9l megv\u00e1ltozik. Ez biztos\u00edtja, hogy az adatfeldolgoz\u00e1sban bek\u00f6vetkez\u0151 v\u00e1ltoz\u00e1sok teljes m\u00e9rt\u00e9kben \u00e1tl\u00e1that\u00f3ak legyenek az \u00e9rintettek sz\u00e1m\u00e1ra.<\/li><li>A szem\u00e9lyes adatok feldolgoz\u00e1sa kiz\u00e1r\u00f3lag a meghat\u00e1rozott \u00e9s jogszer\u0171 c\u00e9l \u00e9rdek\u00e9ben t\u00f6rt\u00e9nik, \u00e9s nem ker\u00fcl sor a c\u00e9llal \u00f6sszeegyeztethetetlen m\u00f3don t\u00f6rt\u00e9n\u0151 tov\u00e1bbi feldolgoz\u00e1sra.<\/li><li>A szem\u00e9lyes adatoknak pontosnak \u00e9s naprak\u00e9sznek kell lenni\u00fck. Az adatkezel\u0151 gondoskodik a helytelen adatok helyesb\u00edt\u00e9s\u00e9r\u0151l, amint tudom\u00e1st szerez a helytelens\u00e9gr\u0151l.<\/li><li>A szem\u00e9lyes adatokat v\u00e9dik a jogosulatlan hozz\u00e1f\u00e9r\u00e9s, feldolgoz\u00e1s, megsemmis\u00edt\u00e9s vagy elveszt\u00e9s ellen. Az adatkezel\u0151 k\u00f6teles a s\u00falyos incidenseket jelenteni az illet\u00e9kes hat\u00f3s\u00e1gnak.<\/li><li>Az adatkezel\u0151 felel\u0151s a szem\u00e9lyes adatok feldolgoz\u00e1s\u00e1ra vonatkoz\u00f3 elveknek val\u00f3 megfelel\u00e9s\u00e9rt, \u00e9s a Hat\u00f3s\u00e1g k\u00e9r\u00e9s\u00e9re k\u00e9pesnek kell lennie bizony\u00edtani az eml\u00edtett elveknek val\u00f3 megfelel\u00e9st.<\/li><\/ul><p><span style=\"text-decoration: underline;\"><strong>M\u0171szaki \u00e9s szervezeti biztons\u00e1gi int\u00e9zked\u00e9sek:<\/strong><\/span><br \/>Az adatkezel\u0151 a szem\u00e9lyes adatok v\u00e9delme \u00e9rdek\u00e9ben sz\u00e9les k\u00f6r\u0171 szervezeti \u00e9s technikai int\u00e9zked\u00e9seket hajtott v\u00e9gre, amelyeket bels\u0151 szab\u00e1lyzatokban r\u00e9szletesen dokument\u00e1ltak. Ezek az int\u00e9zked\u00e9sek kiterjednek a fizikai \u00e9s t\u00e1rgyi biztons\u00e1gra, az inform\u00e1ci\u00f3biztons\u00e1gra, az inform\u00e1ci\u00f3k kriptogr\u00e1fiai v\u00e9delm\u00e9re, a szem\u00e9lyi \u00e9s adminisztrat\u00edv biztons\u00e1gra, valamint a k\u00fcl\u00f6nleges adatok v\u00e9delm\u00e9re. Az int\u00e9zked\u00e9sek c\u00e9lja, hogy hat\u00e9konyan megakad\u00e1lyozz\u00e1k a jogosulatlan hozz\u00e1f\u00e9r\u00e9st, \u00e9s \u00e1tfog\u00f3 v\u00e9delmet biztos\u00edtsanak a szem\u00e9lyes adatoknak a szervezeten bel\u00fcl. Ezen int\u00e9zked\u00e9sek v\u00e9grehajt\u00e1s\u00e1t j\u00f3l meghat\u00e1rozott hat\u00e1sk\u00f6r\u00f6k \u00e9s felel\u0151ss\u00e9gi k\u00f6r\u00f6k szab\u00e1lyozz\u00e1k, amelyeket az adatkezel\u0151 biztons\u00e1gi politik\u00e1ja hat\u00e1roz meg.<\/p><p><span style=\"text-decoration: underline;\"><strong>Az Adatkezel\u0151 jogos \u00e9rdek\u00e9nek bizony\u00edt\u00e1sa (a GDPR 6. cikke (1) bekezd\u00e9s\u00e9nek f) pontja alapj\u00e1n):<\/strong><\/span><br \/>Az \u00dczemeltet\u0151nek jogos \u00e9rdeke f\u0171z\u0151dik ahhoz, hogy az \"Ellen\u0151rz\u00f6tt v\u00e1s\u00e1rl\u00f3k\" program keret\u00e9ben minden v\u00e1s\u00e1rl\u00e1st k\u00f6vet\u0151en e-mailben k\u00e9rd\u0151\u00edveket k\u00fcldj\u00f6n a v\u00e1s\u00e1rl\u00f3i el\u00e9gedetts\u00e9gr\u0151l. A c\u00e9l a visszajelz\u00e9sek \u00f6sszegy\u0171jt\u00e9se \u00e9s elemz\u00e9se a szolg\u00e1ltat\u00e1s \u00e9s a term\u00e9kk\u00edn\u00e1lat jav\u00edt\u00e1sa \u00e9rdek\u00e9ben. Az \u00fcgyfeleknek lehet\u0151s\u00e9g\u00fck van arra, hogy egy\u00e9rtelm\u0171en \u00e9s kifejezetten tiltakozzanak a k\u00e9rd\u0151\u00edvek k\u00e9zhezv\u00e9tele \u00e9s szem\u00e9lyes adataik e c\u00e9lb\u00f3l t\u00f6rt\u00e9n\u0151 feldolgoz\u00e1sa ellen. Ez az elj\u00e1r\u00e1s teljesen \u00e1tl\u00e1that\u00f3, \u00e9s lehet\u0151s\u00e9get biztos\u00edt az \u00fcgyfeleknek arra, hogy akt\u00edv d\u00f6nt\u00e9st hozzanak, minimaliz\u00e1lva a mag\u00e1n\u00e9let\u00fckre gyakorolt hat\u00e1st, mik\u00f6zben betartj\u00e1k a GDPR adatv\u00e9delmi elveit.<\/p><p><span style=\"text-decoration: underline;\"><strong>T\u00e1j\u00e9koztat\u00e1s az automatiz\u00e1lt egy\u00e9ni d\u00f6nt\u00e9shozatal l\u00e9tez\u00e9s\u00e9r\u0151l, bele\u00e9rtve a profilalkot\u00e1st is:<\/strong><\/span><br \/>Az adatkezel\u0151 kijelenti, hogy a megadott szem\u00e9lyes adatok alapj\u00e1n nem ker\u00fcl sor automatiz\u00e1lt egyedi d\u00f6nt\u00e9shozatalra, bele\u00e9rtve a profilalkot\u00e1st is.<\/p><p><strong><span style=\"text-decoration: underline;\">Az \u00e9rintett jogai:<\/span><\/strong><br \/><strong>Hozz\u00e1f\u00e9r\u00e9si jog<\/strong> - meger\u0151s\u00edt\u00e9st kapjon az adatok feldolgoz\u00e1s\u00e1r\u00f3l \u00e9s hozz\u00e1f\u00e9rjen azokhoz.<br \/><strong>A jav\u00edt\u00e1shoz val\u00f3 jog<\/strong> - a pontatlan vagy hi\u00e1nyos adatok helyesb\u00edt\u00e9se.<br \/><strong>T\u00f6rl\u00e9shez val\u00f3 jog<\/strong> (az elfeledtet\u00e9shez val\u00f3 jog) - az adatok t\u00f6rl\u00e9s\u00e9nek k\u00e9r\u00e9se, kiv\u00e9ve, ha a szem\u00e9lyes adatokat k\u00f6telez\u0151en archiv\u00e1lj\u00e1k.<br \/><strong>Az adatkezel\u00e9s korl\u00e1toz\u00e1s\u00e1hoz val\u00f3 jog<\/strong> - bizonyos helyzetekben k\u00e9rheti az adatfeldolgoz\u00e1s korl\u00e1toz\u00e1s\u00e1t.<br \/><strong>Az adathordozhat\u00f3s\u00e1ghoz val\u00f3 jog<\/strong> - az \u00e9rintett nem rendelkezik ezzel a joggal a GDPR 6. cikke (1) bekezd\u00e9s\u00e9nek c) pontja szerinti adatkezel\u00e9s jogalapja, valamint a GDPR 6. cikke (1) bekezd\u00e9s\u00e9nek f) pontja szerinti jogalap tekintet\u00e9ben.<br \/><strong>Panaszhoz val\u00f3 jog<\/strong> - panaszt ny\u00fajthat be a fel\u00fcgyeleti hat\u00f3s\u00e1gn\u00e1l, ha \u00fagy v\u00e9li, hogy a szem\u00e9lyes adatok feldolgoz\u00e1sa s\u00e9rti a GDPR-t.<br \/><strong>Az \u00e9rintett szem\u00e9lynek b\u00e1rmikor joga van kifog\u00e1st emelni.<\/strong> - a saj\u00e1t helyzet\u00e9vel kapcsolatos okokb\u00f3l a r\u00e1 vonatkoz\u00f3 szem\u00e9lyes adatoknak a 6. cikk (1) bekezd\u00e9s\u00e9nek e) vagy f) pontja alapj\u00e1n t\u00f6rt\u00e9n\u0151 kezel\u00e9se ellen, ide\u00e9rtve a profilalkot\u00e1s elleni, e rendelkez\u00e9seken alapul\u00f3 tiltakoz\u00e1st is. Ha a szem\u00e9lyes adatok kezel\u00e9se k\u00f6zvetlen \u00fczletszerz\u00e9s c\u00e9lj\u00e1b\u00f3l t\u00f6rt\u00e9nik, az \u00e9rintett jogosult arra, hogy b\u00e1rmikor tiltakozzon a szem\u00e9lyes adatok ilyen c\u00e9l\u00fa kezel\u00e9se ellen, ide\u00e9rtve a profilalkot\u00e1st is, amennyiben az ilyen k\u00f6zvetlen \u00fczletszerz\u00e9shez kapcsol\u00f3dik. Ha az \u00e9rintett tiltakozik a k\u00f6zvetlen \u00fczletszerz\u00e9si c\u00e9l\u00fa adatkezel\u00e9s ellen, a szem\u00e9lyes adatok a tov\u00e1bbiakban nem dolgozhat\u00f3k fel ilyen c\u00e9lb\u00f3l.<\/p><p><span style=\"text-decoration: underline;\"><strong>A k\u00e9rd\u0151\u00edvek kik\u00fcld\u00e9se elleni tiltakoz\u00e1s lehet\u0151s\u00e9ge:<\/strong><\/span><br \/>Az \u00fcgyfelek b\u00e1rmikor k\u00f6nnyen \u00e9s ingyenesen tiltakozhatnak az el\u00e9gedetts\u00e9gi k\u00e9rd\u0151\u00edvek k\u00fcld\u00e9se ellen. Ezt a tiltakoz\u00e1si lehet\u0151s\u00e9get egy\u00e9rtelm\u0171en felaj\u00e1nljuk az \u00fcgyfeleknek minden egyes megrendel\u00e9skor a web\u00e1ruh\u00e1zunkban \u00e9s minden k\u00e9rd\u0151\u00edvet tartalmaz\u00f3 e-mailben.<\/p><p><span style=\"text-decoration: underline;\"><strong>A szem\u00e9lyes adatok feldolgoz\u00e1sa elleni tiltakoz\u00e1shoz val\u00f3 joga<\/strong><\/span> b\u00e1rmikor k\u00e9rv\u00e9nyezheti, \u00edr\u00e1sban vagy elektronikus \u00faton, az Adatkezel\u0151 el\u00e9rhet\u0151s\u00e9gein, vagy az egyes marketing e-mailekben vagy k\u00f6zvetlen\u00fcl a k\u00e9rd\u0151\u00edvben tal\u00e1lhat\u00f3 leiratkoz\u00e1si linkre kattintva.<\/p>\t\t\t\t\t\t\t\t<\/div>\n\t\t\t\t<\/div>\n\t\t\t\t\t<\/div>\n\t\t\t\t<\/div>\n\t\t\t\t\t<\/details>\n\t\t\t\t\t\t<details id=\"e-n-accordion-item-15912\" class=\"e-n-accordion-item\" >\n\t\t\t\t<summary class=\"e-n-accordion-item-title\" data-accordion-index=\"13\" tabindex=\"-1\" aria-expanded=\"false\" aria-controls=\"e-n-accordion-item-15912\" >\n\t\t\t\t\t<span class='e-n-accordion-item-title-header'><h4 class=\"e-n-accordion-item-title-text\"> Art. 13 Z\u00e1r\u00f3 rendelkez\u00e9sek <\/h4><\/span>\n\t\t\t\t\t\t\t<span class='e-n-accordion-item-title-icon'>\n\t\t\t<span class='e-opened' ><svg aria-hidden=\"true\" class=\"e-font-icon-svg e-fas-minus\" viewbox=\"0 0 448 512\" xmlns=\"http:\/\/www.w3.org\/2000\/svg\"><path d=\"M416 208H32c-17.67 0-32 14.33-32 32v32c0 17.67 14.33 32 32 32h384c17.67 0 32-14.33 32-32v-32c0-17.67-14.33-32-32-32z\"><\/path><\/svg><\/span>\n\t\t\t<span class='e-closed'><svg aria-hidden=\"true\" class=\"e-font-icon-svg e-fas-plus\" viewbox=\"0 0 448 512\" xmlns=\"http:\/\/www.w3.org\/2000\/svg\"><path d=\"M416 208H272V64c0-17.67-14.33-32-32-32h-32c-17.67 0-32 14.33-32 32v144H32c-17.67 0-32 14.33-32 32v32c0 17.67 14.33 32 32 32h144v144c0 17.67 14.33 32 32 32h32c17.67 0 32-14.33 32-32V304h144c17.67 0 32-14.33 32-32v-32c0-17.67-14.33-32-32-32z\"><\/path><\/svg><\/span>\n\t\t<\/span>\n\n\t\t\t\t\t\t<\/summary>\n\t\t\t\t<div role=\"region\" aria-labelledby=\"e-n-accordion-item-15912\" class=\"elementor-element elementor-element-4eed8a8 e-flex e-con-boxed e-con e-child\" data-id=\"4eed8a8\" data-element_type=\"container\">\n\t\t\t\t\t<div class=\"e-con-inner\">\n\t\t\t\t<div class=\"elementor-element elementor-element-67523a7 elementor-widget elementor-widget-text-editor\" data-id=\"67523a7\" data-element_type=\"widget\" data-widget_type=\"text-editor.default\">\n\t\t\t\t<div class=\"elementor-widget-container\">\n\t\t\t\t\t\t\t\t\t<p>13.1 A Keresked\u0151 fenntartja a jogot a jelen \u00c1ltal\u00e1nos Szerz\u0151d\u00e9si Felt\u00e9telek m\u00f3dos\u00edt\u00e1s\u00e1ra. A jelen felt\u00e9telek v\u00e1ltoz\u00e1s\u00e1r\u00f3l sz\u00f3l\u00f3 \u00edr\u00e1sbeli \u00e9rtes\u00edt\u00e9sre vonatkoz\u00f3 k\u00f6telezetts\u00e9g a Keresked\u0151 web\u00e1ruh\u00e1z\u00e1ban t\u00f6rt\u00e9n\u0151 elhelyez\u00e9ssel teljes\u00fcl.<\/p><p>13.2 A jelen \u00c1ltal\u00e1nos Szerz\u0151d\u00e9si Felt\u00e9telek a Vev\u0151vel szemben a megrendel\u00e9snek az Online Shopon kereszt\u00fcl t\u00f6rt\u00e9n\u0151 lead\u00e1s\u00e1val l\u00e9pnek hat\u00e1lyba.<\/p><p>13.3 Ezek a felt\u00e9telek 2024.7.1-t\u0151l l\u00e9pnek hat\u00e1lyba.<\/p><p>1. mell\u00e9klet: A hibabejelent\u0151 nyomtatv\u00e1nyt itt t\u00f6ltheti le: <a href=\"https:\/\/www.biokari.sk\/wp-content\/uploads\/2025\/06\/Formular-na-vytknutie-vady.pdf\">Hibabejelent\u0151 \u0171rlap<\/a><\/p><p>A 2. mell\u00e9klet: Visszal\u00e9p\u00e9si \u0171rlap let\u00f6lthet\u0151 innen: <a href=\"https:\/\/www.biokari.sk\/wp-content\/uploads\/2025\/06\/Formular-na-odstupenie-od-Zmluvy.pdf\">Visszavon\u00e1si \u0171rlap<\/a><\/p><p>3. mell\u00e9klet: Az el\u00e1ll\u00e1si jog gyakorl\u00e1s\u00e1r\u00f3l sz\u00f3l\u00f3 t\u00e1j\u00e9koztat\u00f3 let\u00f6lthet\u0151 innen: <a href=\"https:\/\/www.biokari.sk\/wp-content\/uploads\/2025\/06\/Poucenie-o-uplatneni-prava-spotrebitela-na-odstupenie-od-zmluvy.pdf\">A fogyaszt\u00f3 el\u00e1ll\u00e1si jog\u00e1nak gyakorl\u00e1s\u00e1ra vonatkoz\u00f3 utas\u00edt\u00e1sok<\/a><\/p>\t\t\t\t\t\t\t\t<\/div>\n\t\t\t\t<\/div>\n\t\t\t\t\t<\/div>\n\t\t\t\t<\/div>\n\t\t\t\t\t<\/details>\n\t\t\t\t\t<\/div>\n\t\t\t\t\t\t<\/div>\n\t\t\t\t<\/div>\n\t\t\t\t\t<\/div>\n\t\t\t\t<\/div>\n\t\t\t\t<\/div>","protected":false},"excerpt":{"rendered":"<p>\u010cl. 1 \u00davodn\u00e9 ustanovenia 1.1 Tieto v\u0161eobecn\u00e9 obchodn\u00e9 podmienky, ktor\u00fdch s\u00fa\u010das\u0165ou je reklama\u010dn\u00fd poriadok (\u010falej ako \u201eobchodn\u00e9 podmienky\u201c) upravuj\u00fa pr\u00e1va a povinnosti zmluvn\u00fdch str\u00e1n vypl\u00fdvaj\u00face z k\u00fapnej zmluvy uzatvorenej medzi obchodn\u00edkom, ktor\u00fdm je spolo\u010dnos\u0165: MIRACLE BIOKARI s. r. o., s\u00eddlo: Korzo B\u00e9lu Bart\u00f3ka 789\/3, 929 01 Dunajsk\u00e1 Streda, I\u010cO: 36275743, DI\u010c: 2022069731, I\u010c DPH: SK2022069731, [&hellip;]<\/p>","protected":false},"author":1,"featured_media":0,"parent":0,"menu_order":0,"comment_status":"closed","ping_status":"closed","template":"","meta":{"inline_featured_image":false,"footnotes":""},"class_list":["post-36","page","type-page","status-publish","hentry"],"aioseo_notices":[],"_links":{"self":[{"href":"https:\/\/www.biokari.sk\/hu\/wp-json\/wp\/v2\/pages\/36","targetHints":{"allow":["GET"]}}],"collection":[{"href":"https:\/\/www.biokari.sk\/hu\/wp-json\/wp\/v2\/pages"}],"about":[{"href":"https:\/\/www.biokari.sk\/hu\/wp-json\/wp\/v2\/types\/page"}],"author":[{"embeddable":true,"href":"https:\/\/www.biokari.sk\/hu\/wp-json\/wp\/v2\/users\/1"}],"replies":[{"embeddable":true,"href":"https:\/\/www.biokari.sk\/hu\/wp-json\/wp\/v2\/comments?post=36"}],"version-history":[{"count":26,"href":"https:\/\/www.biokari.sk\/hu\/wp-json\/wp\/v2\/pages\/36\/revisions"}],"predecessor-version":[{"id":10591,"href":"https:\/\/www.biokari.sk\/hu\/wp-json\/wp\/v2\/pages\/36\/revisions\/10591"}],"wp:attachment":[{"href":"https:\/\/www.biokari.sk\/hu\/wp-json\/wp\/v2\/media?parent=36"}],"curies":[{"name":"wp","href":"https:\/\/api.w.org\/{rel}","templated":true}]}}