{"id":13191,"date":"2026-07-17T16:59:44","date_gmt":"2026-07-17T14:59:44","guid":{"rendered":"https:\/\/www.biokari.sk\/produkt\/wtn-multivitamin-30-davok\/"},"modified":"2026-08-24T14:14:45","modified_gmt":"2026-08-24T12:14:45","slug":"wtn-multivitamin-30-davok","status":"publish","type":"product","link":"https:\/\/www.biokari.sk\/hu\/termek\/wtn-multivitamin-30-adag-2\/","title":{"rendered":"WTN Multivitamin 30 adag"},"content":{"rendered":"<p class=\"wp-block-paragraph\">\ud83c\udf3f <strong>WTN multivitamin-komplex \u2013 akt\u00edv vitaminok, szerves \u00e1sv\u00e1nyi anyagok \u00e9s nyomelemek<\/strong><br>\ud83d\udc9a <strong>A nap k\u00fcl\u00f6nb\u00f6z\u0151 id\u0151szakai szerint felosztott, \u00e1tfog\u00f3 napi kieg\u00e9sz\u00edt\u0151 szed\u00e9s<\/strong><br>\u2b50 <strong>Akt\u00edv vitaminform\u00e1k, szerves \u00e1sv\u00e1nyi anyagok, omega-3 DHA \u00e9s n\u00f6v\u00e9nyi kivonatok<\/strong><br>\ud83d\udce6 <strong>Csomagol\u00e1s: 30 napi adag<\/strong><\/p>\n\n\n\n<p class=\"wp-block-paragraph\">A WTN multivitamin-komplex egy \u00e1tfog\u00f3 rendszer, amely vitaminokat, \u00e1sv\u00e1nyi anyagokat, nyomelemeket, aminosavakat \u00e9s n\u00f6v\u00e9nyi kivonatokat tartalmaz. A napi adagot n\u00e9gy k\u00fcl\u00f6n\u00e1ll\u00f3 k\u00e9sz\u00edtm\u00e9nyre osztj\u00e1k, amelyeket reggel, eb\u00e9did\u0151ben \u00e9s este kell bevenni.<\/p>\n\n\n\n<p class=\"wp-block-paragraph\">Ez az eloszt\u00e1s lehet\u0151v\u00e9 teszi a kiv\u00e1lasztott mikrot\u00e1panyagok id\u0151beli sz\u00e9tv\u00e1laszt\u00e1s\u00e1t, amelyek egyidej\u0171 fogyaszt\u00e1s eset\u00e9n k\u00f6lcs\u00f6n\u00f6sen befoly\u00e1solhatj\u00e1k egym\u00e1s felsz\u00edv\u00f3d\u00e1s\u00e1t. A komplex t\u00f6bbf\u00e9le akt\u00edv vitaminform\u00e1t, szerves \u00e1sv\u00e1nyi vegy\u00fcleteket, term\u00e9szetes tokoferolokat \u00e9s tokotrienolokat, MK-7 form\u00e1j\u00fa K2-vitamint, mikroalg\u00e1kb\u00f3l nyert DHA-t, valamint n\u00f6v\u00e9nyi koncentr\u00e1tumokb\u00f3l k\u00e9sz\u00fclt WTN Fitomatrix\u2122-et tartalmaz.<\/p>\n\n\n\n<p class=\"wp-block-paragraph\"><strong>\u2705 F\u0151bb el\u0151ny\u00f6k<\/strong><\/p>\n\n\n\n<ul class=\"wp-block-list\">\n<li>A B-vitaminok akt\u00edv \u00e9s koenzim form\u00e1i.<\/li>\n\n\n\n<li>V\u00edzben \u00e9s zs\u00edrban old\u00f3d\u00f3 vitaminok.<\/li>\n\n\n\n<li>Az \u00e1sv\u00e1nyi anyagok \u00e9s nyomelemek szerves form\u00e1i.<\/li>\n\n\n\n<li>Magn\u00e9zium bisglicin\u00e1t \u00e9s aszkorb\u00e1t form\u00e1j\u00e1ban.<\/li>\n\n\n\n<li>Cink \u00e9s r\u00e9z glicin-komplexek form\u00e1j\u00e1ban.<\/li>\n\n\n\n<li>Szerves szel\u00e9n szelenometionin form\u00e1j\u00e1ban.<\/li>\n\n\n\n<li>K2-vitamin 100 % transz-menachinon-7 form\u00e1j\u00e1ban.<\/li>\n\n\n\n<li>Term\u00e9szetes tokoferolok \u00e9s tokotrienolok.<\/li>\n\n\n\n<li>Mikroalg\u00e1kb\u00f3l nyert DHA omega-3.<\/li>\n\n\n\n<li>Kolinot, mio-inozitolt \u00e9s aminosavakat tartalmaz.<\/li>\n\n\n\n<li>95 % OPC-tartalm\u00fa sz\u0151l\u0151mag-kivonattal d\u00fas\u00edtva.<\/li>\n\n\n\n<li>N\u00f6v\u00e9nyi koncentr\u00e1tumokb\u00f3l k\u00e9sz\u00fclt WTN Fitomatrix\u2122-et tartalmaz.<\/li>\n\n\n\n<li>A napi adagot a nap egyes szakaszaira osztj\u00e1k el.<\/li>\n\n\n\n<li>Tart\u00f3s\u00edt\u00f3szerek n\u00e9lk\u00fcl.<\/li>\n\n\n\n<li>Magyarorsz\u00e1gon fejlesztett\u00e9k ki \u00e9s gy\u00e1rtott\u00e1k.<\/li>\n\n\n\n<li>A term\u00e9k nem veg\u00e1n.<\/li>\n<\/ul>\n\n\n\n<p class=\"wp-block-paragraph\"><strong>\ud83e\uddec A vitaminok akt\u00edv form\u00e1i<\/strong><br>A k\u00e9sz\u00edtm\u00e9ny t\u00f6bbf\u00e9le biol\u00f3giailag akt\u00edv vagy koenzim form\u00e1j\u00fa vitamint tartalmaz:<\/p>\n\n\n\n<ul class=\"wp-block-list\">\n<li>B1-vitamin tiamin-pirofoszf\u00e1t-klorid form\u00e1j\u00e1ban,<\/li>\n\n\n\n<li>B2-vitamin riboflavin-5\u2019-foszf\u00e1t form\u00e1j\u00e1ban,<\/li>\n\n\n\n<li>B5-vitamin pantetinek \u00e9s kalcium-D-pantoten\u00e1t form\u00e1j\u00e1ban,<\/li>\n\n\n\n<li>B6-vitamin piridoxal-5\u2019-foszf\u00e1t form\u00e1j\u00e1ban,<\/li>\n\n\n\n<li>B9-vitamin L-5-MTHF form\u00e1j\u00e1ban,<\/li>\n\n\n\n<li>a B12-vitamin metilkobalamin \u00e9s adenozilkobalamin form\u00e1j\u00e1ban,<\/li>\n\n\n\n<li>C-vitamin magn\u00e9zium-aszkorb\u00e1t, aszkorbil-palmit\u00e1t \u00e9s acerola form\u00e1j\u00e1ban,<\/li>\n\n\n\n<li>E-vitamin term\u00e9szetes tokoferolok \u00e9s tokotrienolok form\u00e1j\u00e1ban,<\/li>\n\n\n\n<li>K2-vitamin 100 % transz-MK-7 form\u00e1j\u00e1ban.<\/li>\n<\/ul>\n\n\n\n<p class=\"wp-block-paragraph\"><strong>\ud83c\udf3f WTN Fitomatrix\u2122<\/strong><br>A n\u00f6v\u00e9nyi kever\u00e9k a k\u00f6vetkez\u0151 \u00f6sszetev\u0151k kivonatait tartalmazza:<\/p>\n\n\n\n<ul class=\"wp-block-list\">\n<li>petrezselyemz\u00f6ld,<\/li>\n\n\n\n<li>a guava levelei \u00e9s term\u00e9sei,<\/li>\n\n\n\n<li>manga,<\/li>\n\n\n\n<li>citromh\u00e9j,<\/li>\n\n\n\n<li>spen\u00f3tlev\u00e9l,<\/li>\n\n\n\n<li>moring\u00e1k,<\/li>\n\n\n\n<li>szent bazsalikom,<\/li>\n\n\n\n<li>must\u00e1rmag,<\/li>\n\n\n\n<li>c\u00e9kla.<\/li>\n<\/ul>\n\n\n\n<p class=\"wp-block-paragraph\"><strong>\ud83d\udc8a A napi adagban tal\u00e1lhat\u00f3 hat\u00f3anyagok<\/strong><\/p>\n\n\n\n<p class=\"wp-block-paragraph\"><strong>Vitaminok:<\/strong><\/p>\n\n\n\n<ul class=\"wp-block-list\">\n<li>A-vitamin \u2013 <strong>612 \u00b5g RE<\/strong> (76 % RVH)\n<ul class=\"wp-block-list\">\n<li>retinil-palmit\u00e1t \u2013 454 \u00b5g RE<\/li>\n\n\n\n<li>a bio v\u00f6r\u00f6s p\u00e1lm\u00e1b\u00f3l sz\u00e1rmaz\u00f3 karotinoidok \u2013 158 \u00b5g RE<\/li>\n<\/ul>\n<\/li>\n\n\n\n<li>B1-vitamin \u2013 <strong>8 mg<\/strong> (728 % RVH)<\/li>\n\n\n\n<li>B2-vitamin \u2013 <strong>6 mg<\/strong> (428 % RVH)<\/li>\n\n\n\n<li>B3-vitamin \u2013 <strong>18 mg<\/strong> (113 % RVH)<\/li>\n\n\n\n<li>B5-vitamin \u2013 <strong>80 mg<\/strong> (1334 % RVH)<\/li>\n\n\n\n<li>B6-vitamin \u2013 <strong>12 mg<\/strong> (857 % RVH)<\/li>\n\n\n\n<li>Biotin \u2013 <strong>600 \u00b5g<\/strong> (1200 % RVH)<\/li>\n\n\n\n<li>Folsav L-5-MTHF \u2013 <strong>400 \u00b5g<\/strong> (200 % RVH)<\/li>\n\n\n\n<li>B12-vitamin \u2013 <strong>180 \u00b5g<\/strong> (7200 % RVH)\n<ul class=\"wp-block-list\">\n<li>metilkobalamin \u2013 110 \u00b5g<\/li>\n\n\n\n<li>adenozilkobalamin \u2013 70 \u00b5g<\/li>\n<\/ul>\n<\/li>\n\n\n\n<li>C-vitamin \u2013 <strong>463 mg<\/strong> (579 % RVH)<\/li>\n\n\n\n<li>D3-vitamin \u2013 <strong>4000 NE<\/strong> (2000 % RVH)<\/li>\n\n\n\n<li>E-vitamin \u2013 <strong>15,8 mg alfa-TE<\/strong> (132 % RVH)<\/li>\n\n\n\n<li>K2-vitamin (MK-7) \u2013 <strong>100 \u00b5g<\/strong> (134 % RVH)<\/li>\n<\/ul>\n\n\n\n<p class=\"wp-block-paragraph\"><strong>\u00c1sv\u00e1nyi anyagok \u00e9s nyomelemek:<\/strong><\/p>\n\n\n\n<ul class=\"wp-block-list\">\n<li>B\u00f3r \u2013 <strong>2 mg<\/strong><\/li>\n\n\n\n<li>Cink \u2013 <strong>15 mg<\/strong> (150 % RVH)<\/li>\n\n\n\n<li>J\u00f3d \u2013 <strong>230 \u00b5g<\/strong> (153 % RVH)<\/li>\n\n\n\n<li>Kr\u00f3m \u2013 <strong>100 \u00b5g<\/strong> (250 % RVH)<\/li>\n\n\n\n<li>Magn\u00e9zium \u2013 <strong>270 mg<\/strong> (72 % RVH)<\/li>\n\n\n\n<li>Molibd\u00e9n \u2013 <strong>100 \u00b5g<\/strong> (200 % RVH)<\/li>\n\n\n\n<li>R\u00e9z \u2013 <strong>1,5 mg<\/strong> (150 % RVH)<\/li>\n\n\n\n<li>Szel\u00e9n \u2013 <strong>150 \u00b5g<\/strong> (273 % RVH)<\/li>\n\n\n\n<li>Szil\u00edcium \u2013 <strong>15 mg<\/strong><\/li>\n<\/ul>\n\n\n\n<p class=\"wp-block-paragraph\"><strong>Egy\u00e9b hat\u00f3anyagok:<\/strong><\/p>\n\n\n\n<ul class=\"wp-block-list\">\n<li>L-arginin \u2013 <strong>100 mg<\/strong><\/li>\n\n\n\n<li>L-lizin \u2013 <strong>20 mg<\/strong><\/li>\n\n\n\n<li>L-cisztein \u2013 <strong>60 mg<\/strong><\/li>\n\n\n\n<li>Mikroalg\u00e1kb\u00f3l nyert DHA omega-3 \u2013 <strong>160 mg<\/strong><\/li>\n\n\n\n<li>Chol\u00edn \u2013 <strong>373 mg<\/strong><\/li>\n\n\n\n<li>Mio-inozitol \u2013 <strong>100 mg<\/strong><\/li>\n\n\n\n<li>Sz\u0151l\u0151mag-kivonat 95 % OPC-vel \u2013 <strong>50 mg<\/strong><\/li>\n\n\n\n<li>WTN Fitomatrix\u2122 \u2013 <strong>218 mg<\/strong><\/li>\n<\/ul>\n\n\n\n<p class=\"wp-block-paragraph\"><em>RVH \u2013 referen\u010dn\u00e1 v\u00fd\u017eivov\u00e1 hodnota pre dospel\u00fdch.<\/em><\/p>\n\n\n\n<p class=\"wp-block-paragraph\"><strong>\ud83c\udf3f A reggeli kapszul\u00e1k \u00f6sszet\u00e9tele<\/strong><br>kolin-bitartr\u00e1t, magn\u00e9zium-glicin\u00e1t, kr\u00f3m-\u00e9leszt\u0151, zselatin, L-arginin, mio-inozitol, pantetin, mang\u00f3-, spen\u00f3t-, mez\u0151f\u0171-kivonat, kalcium-D-pantoten\u00e1t, guava-, moringa-, must\u00e1rmag-, citromh\u00e9j- \u00e9s szent bazsalikom-kivonat, magn\u00e9zium-aszkorb\u00e1t, n\u00e1trium-borit\u00e1n, r\u00e9z-glicin\u00e1t, nikotinsav, piridoxal-5\u2019-foszf\u00e1t, inozitol-hexanikotin\u00e1t, cink-glicin\u00e1t, aszkorbil-palmit\u00e1t, L-cisztein, L-lizin, tiamin-pirofoszf\u00e1t-klorid, riboflavin-5\u2019-foszf\u00e1t, szelenometionin, retinil-palmit\u00e1t, L-5-MTHF, n\u00e1trium-molibd\u00e1t, metilkobalamin, adenozilkobalamin \u00e9s biotin.<\/p>\n\n\n\n<p class=\"wp-block-paragraph\"><strong>\ud83c\udf3f A reggeli folyad\u00e9k \u00f6sszet\u00e9tele<\/strong><br>Tiszt\u00edtott v\u00edz, bio-glicerin, aszkorbil-palmit\u00e1t, tokoferol-kever\u00e9k, gliceril-citr\u00e1t, gliceril-lakt\u00e1t, gliceril-linole\u00e1t, gliceril-ole\u00e1t, lecitin, transz-menachinon-7, kr\u00f3m-\u00e9leszt\u0151, toko-trienolok kever\u00e9ke, mio-inozitol, B-vitaminok, szelenometionin, n\u00e1trium-bor\u00e1t, r\u00e9z-glicin\u00e1t, magn\u00e9zium-aszkorb\u00e1t, D3-vitamin, xant\u00e1n gumi, n\u00e1trium-hidrog\u00e9n-karbon\u00e1t, bio-karotinoidok, L-5-MTHF, biotin, retinil-palmit\u00e1t, L-lizin, metilkobalamin \u00e9s adenoziilkobalamin.<\/p>\n\n\n\n<p class=\"wp-block-paragraph\"><strong>\ud83c\udf3f Az eb\u00e9dkapszul\u00e1k \u00f6sszet\u00e9tele<\/strong><br>magn\u00e9zium-aszkorb\u00e1t, bio barna tengeri h\u00edn\u00e1r, zselatin, mikroalgakivonat, kolin-bitartr\u00e1t, acerola, cink-glicin\u00e1t, magn\u00e9zium-glicin\u00e1t, v\u00f6r\u00f6sr\u00e9pa-kivonat, L-cisztein, sz\u0151l\u0151mag-kivonat, aszkorbil-palmit\u00e1t, L-lizin, guava-kivonat, mio-inozitol, piridoxal-5\u2019-foszf\u00e1t, retinil-palmit\u00e1t, r\u00e9z-glicin\u00e1t, mez\u0151f\u0171, n\u00e1trium-bor\u00e1t, B-vitaminok, L-arginin, szelenometionin, L-5-MTHF, n\u00e1trium-molibd\u00e1t, metilkobalamin, adenozylkobalamin \u00e9s biotin.<\/p>\n\n\n\n<p class=\"wp-block-paragraph\"><strong>\ud83c\udf3f Az esti kapszul\u00e1k \u00f6sszet\u00e9tele<\/strong><br>magn\u00e9zium-glicin\u00e1t, mikroalgakivonat, zselatin, guajakivonat, kolin-bitartr\u00e1t, mio-inozitol, kr\u00f3m-\u00e9leszt\u0151, petrezselyemlev\u00e9l-kivonat, magn\u00e9zium-aszkorb\u00e1t, piridoxal-5\u2019-foszf\u00e1t, L-lizin, c\u00e9kla-kivonat, bio barna tengeri h\u00edn\u00e1r, retinil-palmit\u00e1t, cink-glicin\u00e1t, L-cisztein, r\u00e9z-glicin\u00e1t, mez\u0151f\u0171, n\u00e1trium-bor\u00e1t, B-vitaminok, L-arginin, szelenometionin, L-5-MTHF, n\u00e1trium-molibd\u00e1t, metilkobalamin, adenozylkobalamin \u00e9s biotin.<\/p>\n\n\n\n<p class=\"wp-block-paragraph\"><strong>\ud83e\udd44 Aj\u00e1nlott adagol\u00e1s<\/strong><br>A napi adag a k\u00f6vetkez\u0151k\u00e9ppen oszlik meg:<\/p>\n\n\n\n<p class=\"wp-block-paragraph\"><strong>I. Reggel, a reggeli k\u00f6zben:<\/strong><br>Haszn\u00e1l <strong>2 kapszula<\/strong>.<\/p>\n\n\n\n<p class=\"wp-block-paragraph\"><strong>II. K\u00f6zvetlen\u00fcl a reggeli ut\u00e1n:<\/strong><br>Alkalmazzon <strong>6 adag folyad\u00e9kot a nyelv al\u00e1 fecskendezni<\/strong>. Haszn\u00e1lat el\u0151tt alaposan r\u00e1zza fel. Tartsa a folyad\u00e9kot k\u00f6r\u00fclbel\u00fcl 30 m\u00e1sodpercig a nyelve alatt, majd nyelje le.<\/p>\n\n\n\n<p class=\"wp-block-paragraph\"><strong>III. Eb\u00e9d ut\u00e1n:<\/strong><br>Haszn\u00e1l <strong>2 kapszula<\/strong>.<\/p>\n\n\n\n<p class=\"wp-block-paragraph\"><strong>IV. Vacsora k\u00f6zben vagy k\u00f6zvetlen\u00fcl ut\u00e1na:<\/strong><br>Haszn\u00e1l <strong>4 kapszula<\/strong>.<\/p>\n\n\n\n<p class=\"wp-block-paragraph\">A reggeli kapszul\u00e1k \u00e9s a reggeli folyad\u00e9k k\u00f6z\u00f6tt nem sz\u00fcks\u00e9ges id\u0151beli t\u00e1vols\u00e1got tartani. A folyad\u00e9kot k\u00f6zvetlen\u00fcl a reggeli befejez\u00e9se ut\u00e1n is be lehet venni.<\/p>\n\n\n\n<p class=\"wp-block-paragraph\">Ha a reggeli \u00e9s az eb\u00e9d ut\u00e1ni adagot hasonl\u00f3 id\u0151pontban szedik, aj\u00e1nlott legal\u00e1bb <strong>30 perces id\u0151k\u00f6z<\/strong>.<\/p>\n\n\n\n<p class=\"wp-block-paragraph\"><strong>\u23f3 Alkalmaz\u00e1s szakaszos b\u00f6jt sor\u00e1n<\/strong><br>Ha id\u0151korl\u00e1tos \u00e9tkez\u00e9si rendet k\u00f6vet, a reggeli term\u00e9keket az els\u0151 \u00e9tkez\u00e9skor vegye be. Az eb\u00e9dre sz\u00e1nt kapszul\u00e1kat legal\u00e1bb 30 perces sz\u00fcnet ut\u00e1n vegye be. Az esti kapszul\u00e1kat az utols\u00f3 \u00e9tkez\u00e9skor vegye be.<\/p>\n\n\n\n<p class=\"wp-block-paragraph\">A multivitamint k\u00faraszer\u0171en aj\u00e1nlott szedni. N\u00e9h\u00e1ny h\u00f3napos szed\u00e9s ut\u00e1n c\u00e9lszer\u0171 sz\u00fcnetet tartani, hacsak a szakember m\u00e1sk\u00e9pp nem rendelkezik.<\/p>\n\n\n\n<p class=\"wp-block-paragraph\"><strong>\u26a0\ufe0f Figyelmeztet\u00e9s<\/strong><\/p>\n\n\n\n<ul class=\"wp-block-list\">\n<li>Ne l\u00e9pje t\u00fal az aj\u00e1nlott napi adagot.<\/li>\n\n\n\n<li>Az \u00e9trend-kieg\u00e9sz\u00edt\u0151 nem helyettes\u00edti a v\u00e1ltozatos, kiegyens\u00falyozott \u00e9trendet \u00e9s az eg\u00e9szs\u00e9ges \u00e9letm\u00f3dot.<\/li>\n\n\n\n<li>Gyermekekt\u0151l elz\u00e1rva tartand\u00f3.<\/li>\n\n\n\n<li>T\u00e1rolja sz\u00e1raz, h\u0171v\u00f6s \u00e9s s\u00f6t\u00e9t helyen.<\/li>\n\n\n\n<li>Ne haszn\u00e1lja a term\u00e9ket, ha allergi\u00e1s vagy t\u00fal\u00e9rz\u00e9keny a term\u00e9k b\u00e1rmely \u00f6sszetev\u0151j\u00e9re.<\/li>\n\n\n\n<li>A term\u00e9k zselatint tartalmaz, ez\u00e9rt veg\u00e1nok sz\u00e1m\u00e1ra nem alkalmas.<\/li>\n\n\n\n<li>Haszn\u00e1lat el\u0151tt alaposan r\u00e1zza fel a folyad\u00e9kot.<\/li>\n\n\n\n<li>A folyad\u00e9k fogyaszt\u00e1sa ut\u00e1n aj\u00e1nlott \u00f6bl\u00edteni a sz\u00e1jat vagy megmosni a fogakat, hogy elker\u00fclhet\u0151 legyen a fogak esetleges elsz\u00ednez\u0151d\u00e9se.<\/li>\n\n\n\n<li>Az \u00e9trend-kieg\u00e9sz\u00edt\u0151 bev\u00e9tel\u00e9t ne egyidej\u0171leg v\u00e9gezze a k\u00e1v\u00e9fogyaszt\u00e1ssal. Aj\u00e1nlott legal\u00e1bb 30 perccel a k\u00e1v\u00e9fogyaszt\u00e1s el\u0151tt, vagy legal\u00e1bb 2 \u00f3r\u00e1val azut\u00e1n bevenni.<\/li>\n\n\n\n<li>Nem aj\u00e1nlott a k\u00e9sz\u00edtm\u00e9nyt tejjel lenyelni, illetve tejterm\u00e9kekkel egy\u00fctt fogyasztani.<\/li>\n\n\n\n<li>Ha t\u00f6bb \u00e9trend-kieg\u00e9sz\u00edt\u0151t szed, k\u00e9rje szakember tan\u00e1cs\u00e1t azok megfelel\u0151 id\u0151beli eloszt\u00e1s\u00e1r\u00f3l.<\/li>\n\n\n\n<li>A magas D-vitamin-, j\u00f3d-, K2-vitamin \u00e9s egy\u00e9b mikrot\u00e1panyagok magas tartalma miatt pajzsmirigybetegs\u00e9gek eset\u00e9n, v\u00e9ralvad\u00e1sg\u00e1tl\u00f3k szed\u00e9se sor\u00e1n, terhess\u00e9g \u00e9s szoptat\u00e1s idej\u00e9n, illetve rendszeres gy\u00f3gyszeres kezel\u00e9s mellett c\u00e9lszer\u0171 orvoshoz fordulni.<\/li>\n\n\n\n<li>A kinyit\u00e1s ut\u00e1n az eg\u00e9sz k\u00e9sz\u00edtm\u00e9nyt fel kell haszn\u00e1lni <strong>3 h\u00f3nap<\/strong>.<\/li>\n<\/ul>\n\n\n\n<p class=\"wp-block-paragraph\"><strong>\ud83c\udf31 A term\u00e9k jellemz\u0151i<\/strong><\/p>\n\n\n\n<ul class=\"wp-block-list\">\n<li>Akt\u00edv vitaminform\u00e1k<\/li>\n\n\n\n<li>Szerves \u00e1sv\u00e1nyi anyagok \u00e9s nyomelemek<\/li>\n\n\n\n<li>K2-vitamin MK-7 form\u00e1ban<\/li>\n\n\n\n<li>Mikroalg\u00e1kb\u00f3l nyert DHA<\/li>\n\n\n\n<li>Term\u00e9szetes tokoferolok \u00e9s tokotrienolok<\/li>\n\n\n\n<li>WTN Fitomatrix\u2122<\/li>\n\n\n\n<li>Tart\u00f3s\u00edt\u00f3szer n\u00e9lk\u00fcl<\/li>\n\n\n\n<li>Hozz\u00e1adott cukor n\u00e9lk\u00fcl, foly\u00e9kony form\u00e1ban<\/li>\n\n\n\n<li>Mesters\u00e9ges \u00e9des\u00edt\u0151szerek \u00e9s szintetikus arom\u00e1k n\u00e9lk\u00fcl<\/li>\n\n\n\n<li>Magyarorsz\u00e1gon fejlesztett\u00e9k ki \u00e9s gy\u00e1rtott\u00e1k<\/li>\n\n\n\n<li>Nem alkalmas veg\u00e1nok sz\u00e1m\u00e1ra<\/li>\n<\/ul>\n\n\n\n<p class=\"wp-block-paragraph\"><strong>\ud83d\udce6 Csomagol\u00e1s:<\/strong> 30 teljes napi adag<\/p>","protected":false},"excerpt":{"rendered":"<p>A WTN multivitamin-komplex egy \u00e1tfog\u00f3 vitamink\u00e9szlet\u2026 <a href=\"#tab-description\" class=\"more-link\">B\u0151vebben<\/a><\/p>","protected":false},"featured_media":13193,"comment_status":"open","ping_status":"closed","template":"","meta":{"_acf_changed":false,"inline_featured_image":false},"product_brand":[289],"product_cat":[402,140,69],"product_tag":[],"class_list":["post-13191","product","type-product","status-publish","has-post-thumbnail","product_brand-wtn","product_cat-kapsuly-posilnenie-imunity","product_cat-posilnenie-imunity","product_cat-vyzivove-doplnky","first","onbackorder","taxable","shipping-taxable","purchasable","product-type-simple"],"acf":[],"aioseo_notices":[],"aioseo_head":"\n\t\t<!-- All in One SEO 5.0.0.1 - aioseo.com -->\n\t<meta name=\"description\" content=\"WTN Multivitam\u00ednov\u00fd komplex je komplexn\u00fd syst\u00e9m vitam\u00ednov... Viac\" \/>\n\t<meta name=\"robots\" content=\"max-image-preview:large\" \/>\n\t<link rel=\"canonical\" href=\"https:\/\/www.biokari.sk\/hu\/termek\/wtn-multivitamin-30-adag-2\/\" \/>\n\t<meta name=\"generator\" content=\"All in One SEO (AIOSEO) 5.0.0.1\" \/>\n\t\t<meta property=\"og:locale\" content=\"hu_HU\" \/>\n\t\t<meta property=\"og:site_name\" content=\"BioKari.sk - K\u00fatik zdravia\" \/>\n\t\t<meta property=\"og:type\" content=\"article\" \/>\n\t\t<meta property=\"og:title\" content=\"WTN Multivitam\u00edn 30 d\u00e1vok - BioKari.sk\" \/>\n\t\t<meta property=\"og:description\" content=\"WTN Multivitam\u00ednov\u00fd komplex je komplexn\u00fd syst\u00e9m vitam\u00ednov... Viac\" \/>\n\t\t<meta property=\"og:url\" content=\"https:\/\/www.biokari.sk\/hu\/termek\/wtn-multivitamin-30-adag-2\/\" \/>\n\t\t<meta property=\"og:image\" content=\"https:\/\/www.biokari.sk\/wp-content\/uploads\/2025\/02\/logo.svg\" \/>\n\t\t<meta property=\"og:image:secure_url\" content=\"https:\/\/www.biokari.sk\/wp-content\/uploads\/2025\/02\/logo.svg\" \/>\n\t\t<meta property=\"article:published_time\" content=\"2026-07-17T14:59:44+00:00\" \/>\n\t\t<meta property=\"article:modified_time\" content=\"2026-08-24T12:14:45+00:00\" \/>\n\t\t<meta name=\"twitter:card\" content=\"summary_large_image\" \/>\n\t\t<meta name=\"twitter:title\" content=\"WTN Multivitam\u00edn 30 d\u00e1vok - BioKari.sk\" \/>\n\t\t<meta name=\"twitter:description\" content=\"WTN Multivitam\u00ednov\u00fd komplex je komplexn\u00fd syst\u00e9m vitam\u00ednov... Viac\" \/>\n\t\t<meta name=\"twitter:image\" content=\"https:\/\/www.biokari.sk\/wp-content\/uploads\/2025\/02\/logo.svg\" \/>\n\t\t<script type=\"application\/ld+json\" class=\"aioseo-schema\">\n\t\t\t{\"@context\":\"https:\\\/\\\/schema.org\",\"@graph\":[{\"@type\":\"BreadcrumbList\",\"@id\":\"https:\\\/\\\/www.biokari.sk\\\/hu\\\/termek\\\/wtn-multivitamin-30-adag-2\\\/#breadcrumblist\",\"itemListElement\":[{\"@type\":\"ListItem\",\"@id\":\"https:\\\/\\\/www.biokari.sk\\\/hu#listItem\",\"position\":1,\"name\":\"Home\",\"item\":\"https:\\\/\\\/www.biokari.sk\\\/hu\",\"nextItem\":{\"@type\":\"ListItem\",\"@id\":\"https:\\\/\\\/www.biokari.sk\\\/hu\\\/obchod\\\/#listItem\",\"name\":\"Obchod\"}},{\"@type\":\"ListItem\",\"@id\":\"https:\\\/\\\/www.biokari.sk\\\/hu\\\/obchod\\\/#listItem\",\"position\":2,\"name\":\"Obchod\",\"item\":\"https:\\\/\\\/www.biokari.sk\\\/hu\\\/obchod\\\/\",\"nextItem\":{\"@type\":\"ListItem\",\"@id\":\"https:\\\/\\\/www.biokari.sk\\\/hu\\\/marka\\\/mi-van\\\/#listItem\",\"name\":\"WTN\"},\"previousItem\":{\"@type\":\"ListItem\",\"@id\":\"https:\\\/\\\/www.biokari.sk\\\/hu#listItem\",\"name\":\"Home\"}},{\"@type\":\"ListItem\",\"@id\":\"https:\\\/\\\/www.biokari.sk\\\/hu\\\/marka\\\/mi-van\\\/#listItem\",\"position\":3,\"name\":\"WTN\",\"item\":\"https:\\\/\\\/www.biokari.sk\\\/hu\\\/marka\\\/mi-van\\\/\",\"nextItem\":{\"@type\":\"ListItem\",\"@id\":\"https:\\\/\\\/www.biokari.sk\\\/hu\\\/termek\\\/wtn-multivitamin-30-adag-2\\\/#listItem\",\"name\":\"WTN Multivitam\\u00edn 30 d\\u00e1vok\"},\"previousItem\":{\"@type\":\"ListItem\",\"@id\":\"https:\\\/\\\/www.biokari.sk\\\/hu\\\/obchod\\\/#listItem\",\"name\":\"Obchod\"}},{\"@type\":\"ListItem\",\"@id\":\"https:\\\/\\\/www.biokari.sk\\\/hu\\\/termek\\\/wtn-multivitamin-30-adag-2\\\/#listItem\",\"position\":4,\"name\":\"WTN Multivitam\\u00edn 30 d\\u00e1vok\",\"previousItem\":{\"@type\":\"ListItem\",\"@id\":\"https:\\\/\\\/www.biokari.sk\\\/hu\\\/marka\\\/mi-van\\\/#listItem\",\"name\":\"WTN\"}}]},{\"@type\":\"ItemPage\",\"@id\":\"https:\\\/\\\/www.biokari.sk\\\/hu\\\/termek\\\/wtn-multivitamin-30-adag-2\\\/#itempage\",\"url\":\"https:\\\/\\\/www.biokari.sk\\\/hu\\\/termek\\\/wtn-multivitamin-30-adag-2\\\/\",\"name\":\"WTN Multivitam\\u00edn 30 d\\u00e1vok - BioKari.sk\",\"description\":\"WTN Multivitam\\u00ednov\\u00fd komplex je komplexn\\u00fd syst\\u00e9m vitam\\u00ednov... Viac\",\"inLanguage\":\"hu-HU\",\"isPartOf\":{\"@id\":\"https:\\\/\\\/www.biokari.sk\\\/hu\\\/#website\"},\"breadcrumb\":{\"@id\":\"https:\\\/\\\/www.biokari.sk\\\/hu\\\/termek\\\/wtn-multivitamin-30-adag-2\\\/#breadcrumblist\"},\"image\":{\"@type\":\"ImageObject\",\"url\":\"https:\\\/\\\/www.biokari.sk\\\/wp-content\\\/uploads\\\/2026\\\/07\\\/wtn-multivitamin-komfort-30-adag.jpg\",\"@id\":\"https:\\\/\\\/www.biokari.sk\\\/hu\\\/termek\\\/wtn-multivitamin-30-adag-2\\\/#mainImage\",\"width\":447,\"height\":447},\"primaryImageOfPage\":{\"@id\":\"https:\\\/\\\/www.biokari.sk\\\/hu\\\/termek\\\/wtn-multivitamin-30-adag-2\\\/#mainImage\"},\"datePublished\":\"2026-07-17T16:59:44+02:00\",\"dateModified\":\"2026-08-24T14:14:45+02:00\"},{\"@type\":\"Organization\",\"@id\":\"https:\\\/\\\/www.biokari.sk\\\/hu\\\/#organization\",\"name\":\"BioKari.sk\",\"description\":\"K\\u00fatik zdravia\",\"url\":\"https:\\\/\\\/www.biokari.sk\\\/hu\\\/\",\"logo\":{\"@type\":\"ImageObject\",\"url\":\"https:\\\/\\\/www.biokari.sk\\\/wp-content\\\/uploads\\\/2025\\\/02\\\/logo.svg\",\"@id\":\"https:\\\/\\\/www.biokari.sk\\\/hu\\\/termek\\\/wtn-multivitamin-30-adag-2\\\/#organizationLogo\",\"width\":350,\"height\":100},\"image\":{\"@id\":\"https:\\\/\\\/www.biokari.sk\\\/hu\\\/termek\\\/wtn-multivitamin-30-adag-2\\\/#organizationLogo\"}},{\"@type\":\"WebSite\",\"@id\":\"https:\\\/\\\/www.biokari.sk\\\/hu\\\/#website\",\"url\":\"https:\\\/\\\/www.biokari.sk\\\/hu\\\/\",\"name\":\"BioKari.sk\",\"description\":\"K\\u00fatik zdravia\",\"inLanguage\":\"hu-HU\",\"publisher\":{\"@id\":\"https:\\\/\\\/www.biokari.sk\\\/hu\\\/#organization\"}}]}\n\t\t<\/script>\n\t\t<!-- All in One SEO -->\n\n","aioseo_head_json":{"title":"WTN Multivitamin 30 adag \u2013 BioKari.sk","description":"A WTN multivitamin-komplex egy \u00e1tfog\u00f3 vitamink\u00e9sz\u00edtm\u00e9ny... Tov\u00e1bb","canonical_url":"https:\/\/www.biokari.sk\/hu\/termek\/wtn-multivitamin-30-adag-2\/","robots":"max-image-preview:large","keywords":"","webmasterTools":{"miscellaneous":""},"schema":{"@context":"https:\/\/schema.org","@graph":[{"@type":"BreadcrumbList","@id":"https:\/\/www.biokari.sk\/hu\/termek\/wtn-multivitamin-30-adag-2\/#breadcrumblist","itemListElement":[{"@type":"ListItem","@id":"https:\/\/www.biokari.sk\/hu#listItem","position":1,"name":"Home","item":"https:\/\/www.biokari.sk\/hu","nextItem":{"@type":"ListItem","@id":"https:\/\/www.biokari.sk\/hu\/obchod\/#listItem","name":"Obchod"}},{"@type":"ListItem","@id":"https:\/\/www.biokari.sk\/hu\/obchod\/#listItem","position":2,"name":"Obchod","item":"https:\/\/www.biokari.sk\/hu\/obchod\/","nextItem":{"@type":"ListItem","@id":"https:\/\/www.biokari.sk\/hu\/marka\/mi-van\/#listItem","name":"WTN"},"previousItem":{"@type":"ListItem","@id":"https:\/\/www.biokari.sk\/hu#listItem","name":"Home"}},{"@type":"ListItem","@id":"https:\/\/www.biokari.sk\/hu\/marka\/mi-van\/#listItem","position":3,"name":"WTN","item":"https:\/\/www.biokari.sk\/hu\/marka\/mi-van\/","nextItem":{"@type":"ListItem","@id":"https:\/\/www.biokari.sk\/hu\/termek\/wtn-multivitamin-30-adag-2\/#listItem","name":"WTN Multivitam\u00edn 30 d\u00e1vok"},"previousItem":{"@type":"ListItem","@id":"https:\/\/www.biokari.sk\/hu\/obchod\/#listItem","name":"Obchod"}},{"@type":"ListItem","@id":"https:\/\/www.biokari.sk\/hu\/termek\/wtn-multivitamin-30-adag-2\/#listItem","position":4,"name":"WTN Multivitam\u00edn 30 d\u00e1vok","previousItem":{"@type":"ListItem","@id":"https:\/\/www.biokari.sk\/hu\/marka\/mi-van\/#listItem","name":"WTN"}}]},{"@type":"ItemPage","@id":"https:\/\/www.biokari.sk\/hu\/termek\/wtn-multivitamin-30-adag-2\/#itempage","url":"https:\/\/www.biokari.sk\/hu\/termek\/wtn-multivitamin-30-adag-2\/","name":"WTN Multivitam\u00edn 30 d\u00e1vok - BioKari.sk","description":"WTN Multivitam\u00ednov\u00fd komplex je komplexn\u00fd syst\u00e9m vitam\u00ednov... Viac","inLanguage":"hu-HU","isPartOf":{"@id":"https:\/\/www.biokari.sk\/hu\/#website"},"breadcrumb":{"@id":"https:\/\/www.biokari.sk\/hu\/termek\/wtn-multivitamin-30-adag-2\/#breadcrumblist"},"image":{"@type":"ImageObject","url":"https:\/\/www.biokari.sk\/wp-content\/uploads\/2026\/07\/wtn-multivitamin-komfort-30-adag.jpg","@id":"https:\/\/www.biokari.sk\/hu\/termek\/wtn-multivitamin-30-adag-2\/#mainImage","width":447,"height":447},"primaryImageOfPage":{"@id":"https:\/\/www.biokari.sk\/hu\/termek\/wtn-multivitamin-30-adag-2\/#mainImage"},"datePublished":"2026-07-17T16:59:44+02:00","dateModified":"2026-08-24T14:14:45+02:00"},{"@type":"Organization","@id":"https:\/\/www.biokari.sk\/hu\/#organization","name":"BioKari.sk","description":"K\u00fatik zdravia","url":"https:\/\/www.biokari.sk\/hu\/","logo":{"@type":"ImageObject","url":"https:\/\/www.biokari.sk\/wp-content\/uploads\/2025\/02\/logo.svg","@id":"https:\/\/www.biokari.sk\/hu\/termek\/wtn-multivitamin-30-adag-2\/#organizationLogo","width":350,"height":100},"image":{"@id":"https:\/\/www.biokari.sk\/hu\/termek\/wtn-multivitamin-30-adag-2\/#organizationLogo"}},{"@type":"WebSite","@id":"https:\/\/www.biokari.sk\/hu\/#website","url":"https:\/\/www.biokari.sk\/hu\/","name":"BioKari.sk","description":"K\u00fatik zdravia","inLanguage":"hu-HU","publisher":{"@id":"https:\/\/www.biokari.sk\/hu\/#organization"}}]},"og:locale":"hu_HU","og:site_name":"BioKari.sk - K\u00fatik zdravia","og:type":"article","og:title":"WTN Multivitam\u00edn 30 d\u00e1vok - BioKari.sk","og:description":"WTN Multivitam\u00ednov\u00fd komplex je komplexn\u00fd syst\u00e9m vitam\u00ednov... Viac","og:url":"https:\/\/www.biokari.sk\/hu\/termek\/wtn-multivitamin-30-adag-2\/","og:image":"https:\/\/www.biokari.sk\/wp-content\/uploads\/2025\/02\/logo.svg","og:image:secure_url":"https:\/\/www.biokari.sk\/wp-content\/uploads\/2025\/02\/logo.svg","article:published_time":"2026-07-17T14:59:44+00:00","article:modified_time":"2026-08-24T12:14:45+00:00","twitter:card":"summary_large_image","twitter:title":"WTN Multivitam\u00edn 30 d\u00e1vok - BioKari.sk","twitter:description":"WTN Multivitam\u00ednov\u00fd komplex je komplexn\u00fd syst\u00e9m vitam\u00ednov... Viac","twitter:image":"https:\/\/www.biokari.sk\/wp-content\/uploads\/2025\/02\/logo.svg"},"aioseo_meta_data":{"post_id":"13191","title":null,"description":null,"keywords":null,"keyphrases":{"focus":{"keyphrase":"","score":0,"analysis":{"keyphraseInTitle":{"score":0,"maxScore":9,"error":1}}},"additional":[]},"primary_term":null,"canonical_url":null,"og_title":null,"og_description":null,"og_object_type":"default","og_image_type":"default","og_image_url":null,"og_image_width":null,"og_image_height":null,"og_image_custom_url":null,"og_image_custom_fields":null,"og_video":"","og_custom_url":null,"og_article_section":null,"og_article_tags":null,"twitter_use_og":false,"twitter_card":"default","twitter_image_type":"default","twitter_image_url":null,"twitter_image_custom_url":null,"twitter_image_custom_fields":null,"twitter_title":null,"twitter_description":null,"schema":{"blockGraphs":[],"customGraphs":[],"default":{"data":{"Article":[],"Course":[],"Dataset":[],"FAQPage":[],"Movie":[],"Person":[],"Product":[],"ProductReview":[],"Car":[],"Recipe":[],"Service":[],"SoftwareApplication":[],"WebPage":[]},"graphName":"ItemPage","isEnabled":true},"graphs":[]},"schema_type":"default","schema_type_options":null,"pillar_content":false,"robots_default":true,"robots_noindex":false,"robots_noarchive":false,"robots_nosnippet":false,"robots_nofollow":false,"robots_noimageindex":false,"robots_noodp":false,"robots_notranslate":false,"robots_max_snippet":"-1","robots_max_videopreview":"-1","robots_max_imagepreview":"large","priority":null,"frequency":"default","local_seo":null,"breadcrumb_settings":null,"limit_modified_date":false,"ai":{"faqs":[],"keyPoints":[],"schemas":[],"titles":[],"descriptions":[],"socialPosts":{"email":[],"linkedin":[],"twitter":[],"facebook":[],"instagram":[]}},"created":"2026-07-17 15:25:22","updated":"2026-08-24 19:34:39","seo_analyzer_scan_date":null,"focus_keyword":null,"additional_keywords":null,"truseo_locale":null},"aioseo_breadcrumb":"<div class=\"aioseo-breadcrumbs\"><span class=\"aioseo-breadcrumb\">\n\t\t\t<a href=\"https:\/\/www.biokari.sk\/hu\" title=\"Home\">Home<\/a>\n\t\t<\/span><span class=\"aioseo-breadcrumb-separator\">&raquo;<\/span><span class=\"aioseo-breadcrumb\">\n\t\t\t<a href=\"https:\/\/www.biokari.sk\/hu\/obchod\/\" title=\"Obchod\">Obchod<\/a>\n\t\t<\/span><span class=\"aioseo-breadcrumb-separator\">&raquo;<\/span><span class=\"aioseo-breadcrumb\">\n\t\t\t<a href=\"https:\/\/www.biokari.sk\/hu\/marka\/mi-van\/\" title=\"WTN\">WTN<\/a>\n\t\t<\/span><span class=\"aioseo-breadcrumb-separator\">&raquo;<\/span><span class=\"aioseo-breadcrumb\">\n\t\t\tWTN Multivitam\u00edn 30 d\u00e1vok\n\t\t<\/span><\/div>","aioseo_breadcrumb_json":[{"label":"Home","link":"https:\/\/www.biokari.sk\/hu"},{"label":"Obchod","link":"https:\/\/www.biokari.sk\/hu\/obchod\/"},{"label":"WTN","link":"https:\/\/www.biokari.sk\/hu\/marka\/mi-van\/"},{"label":"WTN Multivitam\u00edn 30 d\u00e1vok","link":"https:\/\/www.biokari.sk\/hu\/termek\/wtn-multivitamin-30-adag-2\/"}],"_links":{"self":[{"href":"https:\/\/www.biokari.sk\/hu\/wp-json\/wp\/v2\/product\/13191","targetHints":{"allow":["GET"]}}],"collection":[{"href":"https:\/\/www.biokari.sk\/hu\/wp-json\/wp\/v2\/product"}],"about":[{"href":"https:\/\/www.biokari.sk\/hu\/wp-json\/wp\/v2\/types\/product"}],"replies":[{"embeddable":true,"href":"https:\/\/www.biokari.sk\/hu\/wp-json\/wp\/v2\/comments?post=13191"}],"wp:featuredmedia":[{"embeddable":true,"href":"https:\/\/www.biokari.sk\/hu\/wp-json\/wp\/v2\/media\/13193"}],"wp:attachment":[{"href":"https:\/\/www.biokari.sk\/hu\/wp-json\/wp\/v2\/media?parent=13191"}],"wp:term":[{"taxonomy":"product_brand","embeddable":true,"href":"https:\/\/www.biokari.sk\/hu\/wp-json\/wp\/v2\/product_brand?post=13191"},{"taxonomy":"product_cat","embeddable":true,"href":"https:\/\/www.biokari.sk\/hu\/wp-json\/wp\/v2\/product_cat?post=13191"},{"taxonomy":"product_tag","embeddable":true,"href":"https:\/\/www.biokari.sk\/hu\/wp-json\/wp\/v2\/product_tag?post=13191"}],"curies":[{"name":"wp","href":"https:\/\/api.w.org\/{rel}","templated":true}]}}