{"id":9519,"date":"2025-07-20T19:55:49","date_gmt":"2025-07-20T17:55:49","guid":{"rendered":"https:\/\/www.biokari.sk\/produkt\/herbiovit-krem-na-paty-250ml\/"},"modified":"2026-04-29T19:03:15","modified_gmt":"2026-04-29T17:03:15","slug":"herbiovit-krem-na-paty-250ml","status":"publish","type":"product","link":"https:\/\/www.biokari.sk\/hu\/termek\/herbiovit-sarokkrem-250ml\/","title":{"rendered":"Herbiovit sarokkr\u00e9m 250ml"},"content":{"rendered":"<h4 class=\"wp-block-heading\"><strong>Alkalmaz\u00e1s:<\/strong> Naponta vigye fel a k\u00edv\u00e1nt ter\u00fcletre, \u00e9s gyeng\u00e9den massz\u00edrozza be a b\u0151rbe. Minden b\u0151rt\u00edpusra alkalmas!<\/h4>\n\n\n\n<p>Kiz\u00e1r\u00f3lag k\u00fclt\u00e9ri haszn\u00e1latra! A k\u00e9sz\u00edtm\u00e9ny tiszta \u00e9s term\u00e9szetes min\u0151s\u00e9g\u00e9nek meg\u0151rz\u00e9se \u00e9rdek\u00e9ben \u00fcgyeljen arra, hogy tiszta k\u00e9zzel ny\u00faljon a t\u00e9gelybe. Ker\u00fclje a szemmel, ny\u00e1lkah\u00e1rty\u00e1val \u00e9s ny\u00edlt sebbel val\u00f3 \u00e9rintkez\u00e9st! Gyermekek el\u0151l elz\u00e1rva tartand\u00f3! A t\u00e9gelyen felt\u00fcntet\u00e9sre ker\u00fclt a t\u00e9telsz\u00e1m.<\/p>\n\n\n\n<h3 class=\"wp-block-heading\"><strong>Mi\u00e9rt teafaolaj?<\/strong><\/h3>\n\n\n\n<p>Ahhoz, hogy meg\u00e9rts\u00fck, mire j\u00f3 a teafaolaj, \u00e9s milyen j\u00f3t\u00e9kony hat\u00e1ssal lehet a b\u0151r\u00fcnkre, fontos tudni, hogy mi is ez val\u00f3j\u00e1ban. A teafaolaj (m\u00e1s n\u00e9ven manukaolaj) az ausztr\u00e1l teafa (lat. <em>Melaleuca alternifolia<\/em>), amelynek j\u00f3t\u00e9kony hat\u00e1sait m\u00e1r \u00e9vezredek \u00f3ta ismerik. Az ausztr\u00e1l aboriginek hagyom\u00e1nyos gy\u00f3gy\u00e1szat\u00e1nak szerves r\u00e9sz\u00e9t k\u00e9pezte.<\/p>\n\n\n\n<p>Mivel ez egy intenz\u00edv illat\u00fa, magas koncentr\u00e1ci\u00f3j\u00fa olaj, kiz\u00e1r\u00f3lag k\u00fcls\u0151 haszn\u00e1latra haszn\u00e1lj\u00e1k, \u00e9s gyakran kr\u00e9mek, ken\u0151cs\u00f6k, samponok \u00e9s test\u00e1pol\u00f3k \u00f6sszetev\u0151jek\u00e9nt. A teafaolaj, ha rendszeresen \u00e9s hossz\u00fa ideig haszn\u00e1lj\u00e1k, jelent\u0151sen jav\u00edthatja a b\u0151r megjelen\u00e9s\u00e9t \u00e9s \u00e1ltal\u00e1nos \u00e1llapot\u00e1t. Nyugtatja a sz\u00e1raz b\u0151rt, cs\u00f6kkenti a viszket\u00e9st \u00e9s az irrit\u00e1ci\u00f3t. Antiszeptikus tulajdons\u00e1gainak k\u00f6sz\u00f6nhet\u0151en seg\u00edt a zs\u00edros b\u0151r, a zs\u00edros haj \u00e9s a korp\u00e1sod\u00e1s probl\u00e9m\u00e1in.<\/p>\n\n\n\n<h4 class=\"wp-block-heading\"><strong>Haszn\u00e1lja a mindennapi b\u0151r\u00e1pol\u00e1sban:<\/strong> Az alkalmaz\u00e1s nagyon egyszer\u0171 - a kr\u00e9m k\u00f6nnyen be\u00e9p\u00edthet\u0151 a napi b\u0151r\u00e1pol\u00e1si rutinba. Vigyen fel egy kis mennyis\u00e9get az \u00e9rintett ter\u00fcletre, \u00e9s alaposan massz\u00edrozza be, am\u00edg teljesen fel nem sz\u00edv\u00f3dik. M\u00e1s kr\u00e9mjeinkhez hasonl\u00f3an a massz\u00e1zs is seg\u00edti a hat\u00f3anyagok felsz\u00edv\u00f3d\u00e1s\u00e1t.<\/h4>\n\n\n\n<h4 class=\"wp-block-heading\"><strong>\u00d6sszetev\u0151k (INCI):<\/strong>  <em>Aqua, Urea, Glyceryl Stearate SE, Cetearyl Alcohol, Cocos Nucifera Oil, Helianthus Annuus Seed Oil, Melaleuca Alternifolia Leaf Oil, Allantoin, Aloe Barbadensis Leaf Juice, Lavandula Angustifolia Oil, Ascorbyl Palmitate, Panthenol, Rosmarinus Officinalis lev\u00e9l, b\u00e9ta-karotin, Hamamelis Virginiana kivonat, Salvia Officinalis kivonat, Ceteareth-25, glicerin, izopropil-palmit\u00e1t, propil\u00e9n-glikol, fenoxietanol, etilhexil-glicerin, limon\u00e9n, linalool.<\/em><\/h4>\n\n\n\n<p>Az \u00f6sszetev\u0151k legfrissebb list\u00e1j\u00e1t l\u00e1sd a term\u00e9k c\u00edmk\u00e9j\u00e9n. Veg\u00e1n term\u00e9k - nem tartalmaz \u00e1llati eredet\u0171 \u00f6sszetev\u0151ket. Nem tartalmaz szintetikus sz\u00ednez\u00e9ket vagy illatanyagokat. B\u0151rgy\u00f3gy\u00e1szatilag tesztelt - \u00e9rz\u00e9keny b\u0151rre is alkalmas. Kellemes illat.<\/p>\n\n\n\n<p><strong>K\u00f6tet<\/strong>: 250ml<\/p>","protected":false},"excerpt":{"rendered":"<p>&#8230; <a class=\"more-link\" href=\"#tab-description\">B\u0151vebben<\/a><\/p>","protected":false},"featured_media":9521,"comment_status":"open","ping_status":"closed","template":"","meta":{"inline_featured_image":false},"product_brand":[],"product_cat":[19],"product_tag":[313],"class_list":{"0":"post-9519","1":"product","2":"type-product","3":"status-publish","4":"has-post-thumbnail","6":"product_cat-ostatne","7":"product_tag-top-ostatne","9":"first","10":"instock","11":"taxable","12":"shipping-taxable","13":"purchasable","14":"product-type-simple"},"aioseo_notices":[],"_links":{"self":[{"href":"https:\/\/www.biokari.sk\/hu\/wp-json\/wp\/v2\/product\/9519","targetHints":{"allow":["GET"]}}],"collection":[{"href":"https:\/\/www.biokari.sk\/hu\/wp-json\/wp\/v2\/product"}],"about":[{"href":"https:\/\/www.biokari.sk\/hu\/wp-json\/wp\/v2\/types\/product"}],"replies":[{"embeddable":true,"href":"https:\/\/www.biokari.sk\/hu\/wp-json\/wp\/v2\/comments?post=9519"}],"wp:featuredmedia":[{"embeddable":true,"href":"https:\/\/www.biokari.sk\/hu\/wp-json\/wp\/v2\/media\/9521"}],"wp:attachment":[{"href":"https:\/\/www.biokari.sk\/hu\/wp-json\/wp\/v2\/media?parent=9519"}],"wp:term":[{"taxonomy":"product_brand","embeddable":true,"href":"https:\/\/www.biokari.sk\/hu\/wp-json\/wp\/v2\/product_brand?post=9519"},{"taxonomy":"product_cat","embeddable":true,"href":"https:\/\/www.biokari.sk\/hu\/wp-json\/wp\/v2\/product_cat?post=9519"},{"taxonomy":"product_tag","embeddable":true,"href":"https:\/\/www.biokari.sk\/hu\/wp-json\/wp\/v2\/product_tag?post=9519"}],"curies":[{"name":"wp","href":"https:\/\/api.w.org\/{rel}","templated":true}]}}