{"id":9652,"date":"2025-07-30T17:32:29","date_gmt":"2025-07-30T15:32:29","guid":{"rendered":"https:\/\/www.biokari.sk\/produkt\/herbiovit-nechtikovy-krem-75ml\/"},"modified":"2026-04-28T19:01:58","modified_gmt":"2026-04-28T17:01:58","slug":"herbiovit-nechtikovy-krem-75ml","status":"publish","type":"product","link":"https:\/\/www.biokari.sk\/ro\/produs\/herbiovit-nechtikovy-krem-75ml\/","title":{"rendered":"Herbiovit Crem\u0103 Calendula 75ml"},"content":{"rendered":"<p><strong>Hypoalerg\u00e9nny necht\u00edkov\u00fd kr\u00e9m<\/strong> s pridan\u00fdmi pr\u00edrodn\u00fdmi rastlinn\u00fdmi extraktmi a olejmi, ako aj s upokojuj\u00facimi \u00fa\u010dinn\u00fdmi l\u00e1tkami <strong>allanto\u00ednom<\/strong> a <strong>panthenolom<\/strong>. <strong>Formul\u0103 vegan\u0103.<\/strong><br>Jedine\u010dn\u00fd kr\u00e9mov\u00fd z\u00e1klad je tvoren\u00fd kombin\u00e1ciou <strong>suc de aloe vera<\/strong> a <strong>extract de Virginia hamamelis<\/strong>.<\/p>\n\n\n\n<p><strong>Klinicky potvrden\u00fd hypoalerg\u00e9nny \u00fa\u010dinok.<\/strong><\/p>\n\n\n\n<p>Nez\u00e1visle, v medzin\u00e1rodnom laborat\u00f3riu dermatologicky testovan\u00fd hypoalerg\u00e9nny kr\u00e9m na extra citliv\u00fa poko\u017eku. Hypoalerg\u00e9nne naz\u00fdvame tie produkty, ktor\u00fdch zlo\u017eenie je vyberan\u00e9 tak, aby sa minimalizovala pravdepodobnos\u0165 vzniku alergickej reakcie. Citliv\u00e1 poko\u017eka reaguje ove\u013ea r\u00fdchlej\u0161ie na vonkaj\u0161ie podnety ako norm\u00e1lna ple\u0165 \u2013 r\u00fdchlo sa za\u010derven\u00e1, m\u00f4\u017ee svrbie\u0165, vysu\u0161\u00ed sa alebo poprask\u00e1. Pr\u00e1ve preto je starostlivos\u0165 o citliv\u00fa poko\u017eku n\u00e1ro\u010dn\u00e1.<\/p>\n\n\n\n<p><strong>Pre\u010do je d\u00f4le\u017eit\u00e9 pou\u017e\u00edva\u0165 hypoalerg\u00e9nny kr\u00e9m, ak m\u00e1\u0161 extr\u00e9mne citliv\u00fa poko\u017eku?<\/strong><\/p>\n\n\n\n<p>Preto\u017ee <strong>Herbiovit Necht\u00edkov\u00fd LIGHT hypoalerg\u00e9nny kr\u00e9m<\/strong> bol vyvinut\u00fd tak, aby minimalizoval riziko alergick\u00fdch reakci\u00ed, z\u00e1rove\u0148 <strong>nepo\u0161kodzuje ochrann\u00fa bari\u00e9ru a prirodzen\u00fd kysl\u00fd pl\u00e1\u0161\u0165 zap\u00e1lenej poko\u017eky<\/strong>, \u010d\u00edm podporuje starostlivos\u0165 o ple\u0165 napr\u00edklad pri ekz\u00e9moch. Treba zd\u00f4razni\u0165, \u017ee iba ve\u013emi m\u00e1lo kr\u00e9mov disponuje podobn\u00fdmi vlastnos\u0165ami a dermatologicky potvrden\u00fdm \u00fa\u010dinkom.<\/p>\n\n\n\n<p>Najd\u00f4le\u017eitej\u0161ie je, \u017ee tento n\u00e1\u0161 <strong>pr\u00edrodn\u00fd kozmetick\u00fd produkt<\/strong> je v\u010faka svojej \u010distote vhodn\u00fd na starostlivos\u0165 o <strong>senzit\u00edvnu poko\u017eku<\/strong>, ako aj na ka\u017edodenn\u00e9 o\u0161etrovanie poko\u017eky so sklonom k <strong>svrbivosti \u010di za\u010dervenaniu<\/strong>. Navy\u0161e, jeho kr\u00e9mov\u00e1 text\u00fara a jemn\u00e1 v\u00f4\u0148a prispievaj\u00fa aj k <strong>pocitu pohody a relax\u00e1cie<\/strong>.<\/p>\n\n\n\n<p>Con\u021bine <strong>hypoalerg\u00e9nne zlo\u017eky a parfumy<\/strong>, ktor\u00e9 ani v koncentrovanej forme neobsahuj\u00fa alerg\u00e9nne l\u00e1tky v dr\u00e1\u017edivom mno\u017estve. Na\u0161e <strong>veg\u00e1nske, bylinn\u00e9 pr\u00edrodn\u00e9 kozmetick\u00e9 produkty<\/strong> poskytuj\u00fa v\u00e4\u010d\u0161\u00ed pocit bezpe\u010dia pre ka\u017ed\u00e9ho, kto nem\u00e1 alergiu na \u017eiadnu zlo\u017eku. Pre \u013eud\u00ed, ktor\u00ed poznaj\u00fa svoju precitlivenos\u0165, je v\u0161ak pr\u00e1ve tento kr\u00e9m ide\u00e1lnou vo\u013ebou.<\/p>\n\n\n\n<p><strong>Odv\u00e1\u017ene ho vysk\u00fa\u0161aj.<\/strong><\/p>\n\n\n\n<p>Bari\u00e9rov\u00fd a o\u0161etruj\u00faci pr\u00edpravok s <strong>komplexn\u00fdmi \u00fa\u010dinn\u00fdmi l\u00e1tkami<\/strong>, ktor\u00e9 priaznivo p\u00f4sobia na <strong>zmiernenie pr\u00edznakov men\u0161\u00edch ko\u017en\u00fdch z\u00e1palov<\/strong> a podporuj\u00fa <strong>hojenie drobn\u00fdch poranen\u00ed<\/strong>.<\/p>\n\n\n\n<p>Pou\u017eite\u013en\u00fd aj pri <strong>z\u00e1paloch poko\u017eky sp\u00f4soben\u00fdch u\u0161tipnut\u00edm hmyzom<\/strong>. Jeho komplexn\u00e9 zlo\u017eky intenz\u00edvne vy\u017eivuj\u00fa ple\u0165, chr\u00e1nia ju pred vysychan\u00edm a za\u010dervenan\u00edm. Upokojuje <strong>alergick\u00e9 podr\u00e1\u017edenia<\/strong> (napr. po opa\u013eovan\u00ed, po u\u0161tipnut\u00ed hmyzom), ale aj <strong>nam\u00e1han\u00fa poko\u017eku<\/strong> (napr. po epil\u00e1cii) a podr\u00e1\u017edenia sp\u00f4soben\u00e9 <strong>vonkaj\u0161\u00edmi vplyvmi<\/strong> (vietor, chlad).<\/p>\n\n\n\n<p>Obsiahnut\u00e9 <strong>olejov\u00e9 extrakty z necht\u00edkov\u00fdch kvetov<\/strong> a \u010fal\u0161ie \u00fa\u010dinn\u00e9 l\u00e1tky v kr\u00e9me maj\u00fa <strong>antimikrobi\u00e1lne, protiz\u00e1palov\u00e9, antioxida\u010dn\u00e9, epiteliza\u010dn\u00e9, hojiv\u00e9 a imunostimula\u010dn\u00e9 \u00fa\u010dinky.<\/strong><br>Pr\u00edtomn\u00fd <strong>extrakt z harman\u010deka<\/strong> p\u00f4sob\u00ed <strong>upokojuj\u00faco, protiz\u00e1palovo a regenera\u010dne<\/strong>.<br><strong>Jojobov\u00fd olej<\/strong> je pr\u00edrodn\u00fd rastlinn\u00fd olej, ktor\u00fd je v\u00fdbornou zlo\u017ekou pre ple\u0165 so sklonom k akn\u00e9, preto\u017ee dok\u00e1\u017ee zni\u017eova\u0165 produkciu mazu v pleti vysu\u0161enej lie\u010dbou akn\u00e9. Je skvel\u00fdm <strong>emolientom a hydrata\u010dnou zlo\u017ekou<\/strong> pre mastn\u00fa aj such\u00fa ple\u0165.<\/p>\n\n\n\n<p>\u2705 <strong>Klinicky potvrden\u00fd hypoalerg\u00e9nny \u00fa\u010dinok. Nulov\u00e1 alergia.<\/strong><br>\u2705 <strong>Dermatologicky testovan\u00fd \u2013 jemn\u00fd k poko\u017eke.<\/strong><br>\u274c <strong>Neobsahuje syntetick\u00e9 parfumy a farbiv\u00e1, \u017eivo\u010d\u00ed\u0161ne ani miner\u00e1lne olejov\u00e9 zlo\u017eky.<\/strong><br>\ud83c\udf31 <strong>Veg\u00e1nsky. Bez \u017eivo\u010d\u00ed\u0161nych zlo\u017eiek.<\/strong><\/p>\n\n\n\n<p><strong>Volum:<\/strong> 75ml<\/p>\n\n\n\n<p><\/p>","protected":false},"excerpt":{"rendered":"<p>&#8230; <a class=\"more-link\" href=\"#tab-description\">Cite\u0219te mai mult<\/a><\/p>","protected":false},"featured_media":9653,"comment_status":"open","ping_status":"closed","template":"","meta":{"inline_featured_image":false},"product_brand":[],"product_cat":[19],"product_tag":[],"class_list":{"0":"post-9652","1":"product","2":"type-product","3":"status-publish","4":"has-post-thumbnail","6":"product_cat-ostatne","8":"first","9":"instock","10":"taxable","11":"shipping-taxable","12":"purchasable","13":"product-type-simple"},"aioseo_notices":[],"_links":{"self":[{"href":"https:\/\/www.biokari.sk\/ro\/wp-json\/wp\/v2\/product\/9652","targetHints":{"allow":["GET"]}}],"collection":[{"href":"https:\/\/www.biokari.sk\/ro\/wp-json\/wp\/v2\/product"}],"about":[{"href":"https:\/\/www.biokari.sk\/ro\/wp-json\/wp\/v2\/types\/product"}],"replies":[{"embeddable":true,"href":"https:\/\/www.biokari.sk\/ro\/wp-json\/wp\/v2\/comments?post=9652"}],"wp:featuredmedia":[{"embeddable":true,"href":"https:\/\/www.biokari.sk\/ro\/wp-json\/wp\/v2\/media\/9653"}],"wp:attachment":[{"href":"https:\/\/www.biokari.sk\/ro\/wp-json\/wp\/v2\/media?parent=9652"}],"wp:term":[{"taxonomy":"product_brand","embeddable":true,"href":"https:\/\/www.biokari.sk\/ro\/wp-json\/wp\/v2\/product_brand?post=9652"},{"taxonomy":"product_cat","embeddable":true,"href":"https:\/\/www.biokari.sk\/ro\/wp-json\/wp\/v2\/product_cat?post=9652"},{"taxonomy":"product_tag","embeddable":true,"href":"https:\/\/www.biokari.sk\/ro\/wp-json\/wp\/v2\/product_tag?post=9652"}],"curies":[{"name":"wp","href":"https:\/\/api.w.org\/{rel}","templated":true}]}}